{"id":5779,"date":"1996-07-01T10:42:01","date_gmt":"1996-07-01T07:42:01","guid":{"rendered":"http:\/\/frrp.wpengine.com\/?post_type=radio-resource-packs&#038;p=5779"},"modified":"2012-11-29T10:46:01","modified_gmt":"2012-11-29T15:46:01","slug":"cultiver-des-fruits-en-ville","status":"publish","type":"radio-script","link":"https:\/\/scripts.farmradio.fm\/fr\/texte-radiophonique\/cultiver-des-fruits-en-ville\/","title":{"rendered":"Cultiver des fruits en ville"},"content":{"rendered":"<p>M\u00eame si M. Darbis Leyva habite en ville, on peut encore l&rsquo;appeler un agriculteur. En fait, M. Leyva produit le plus gros de la viande, les l\u00e9gumes et presque tous les fruits pour sa famille de 5 personnes.<\/p>\n<p>M. Leyva habite La Havane, la capitale de Cuba. Lui et sa famille connaissent le plaisir de manger des fruits frais toute l&rsquo;ann\u00e9e. Malheureusement, bien des gens qui vivent dans les grandes villes ont oubli\u00e9 la douce saveur d&rsquo;un fruit fra\u00eechement cueilli au pied de l&rsquo;arbre.<\/p>\n<p>M. Leyva fait pousser la plupart de ses fruits dans la cour arri\u00e8re de sa maison. La cour fait 14 m\u00e8tres de long et 12 m\u00e8tres de large. Dans cet espace il a un citronnier, deux orangers, un bananier, et un manguier. Il a aussi un poulailler avec 20 poulets environ.<\/p>\n<p>De sa cour arri\u00e8re, en une ann\u00e9e, il r\u00e9colte beaucoup de nourriture 600 mangues, 400 oranges, 200 goyaves, 200 citrons verts, 100 kilos de bananes et 80 kilos de viande de poulet!<\/p>\n<p>Et ce n&rsquo;est pas tout. Sur le c\u00f4t\u00e9 et devant sa maison, il cultive un grand nombre de vignes et un cocotier. Il r\u00e9colte 275 kilos de raisins et environ 60 noix de coco par an.<\/p>\n<p>Il n&rsquo;y a pas d&rsquo;espace inutilis\u00e9. M. Leyva cultive m\u00eame des l\u00e9gumes sur son toit. Il a des l\u00e9gumes frais toute l&rsquo;ann\u00e9e, y compris de l&rsquo;ail, des oignons et des poivrons. Il r\u00e9colte \u00e0 peu pr\u00e8s 100 kilos de l\u00e9gumes chaque ann\u00e9e. Et pourrait en obtenir plus s&rsquo;il utilisait toute la surface du toit.<\/p>\n<p>M. Leyva a particuli\u00e8rement bien r\u00e9ussi \u00e0 cultiver des arbres fruitiers. Ses arbres produisent beaucoup de fruits dans un espace r\u00e9duit. C&rsquo;est en partie parce que il donne \u00e0 chaque arbre fruitier l&rsquo;espace dont il a besoin pour bien pousser. Si les arbres fruitiers n&rsquo;ont pas assez d&rsquo;espace et sont serr\u00e9s les uns contre les autres ils n&rsquo;auront pas assez de lumi\u00e8re et d&rsquo;eau. Par exemple, un manguier a besoin de beaucoup d&rsquo;espace, 64 m\u00e8tres carr\u00e9s. Un goyavier a besoin de 16 m\u00e8tres carr\u00e9s et un bananier a besoin 8 m\u00e8tres carr\u00e9s de terre.<\/p>\n<p>Il fait aussi du compost pour fertiliser les arbres fruitiers en utilisant des mati\u00e8res qu&rsquo;il a dans sa cour. Il se sert de feuilles d&rsquo;arbres et de fumier de poules. D&rsquo;abord, il met une couche de feuilles par terre. Dessus, il r\u00e9pand une couche de fumier de poules. Puis une autre couche de feuilles et ainsi de suite. C&rsquo;est son tas de compost. Avec le temps, les mati\u00e8res se d\u00e9composent et donnent un excellent engrais. Son conseil pour les gens qui veulent commencer \u00e0 cultiver des arbres fruitiers c&rsquo;est de choisir soigneusement les vari\u00e9t\u00e9s les meilleures et les plus productives. Il recommande les vari\u00e9t\u00e9s greff\u00e9es parce que souvent elles produisent plus rapidement et poussent mieux dans moins d&rsquo;espace. D&rsquo;apr\u00e8s lui, c&rsquo;est tout aussi important d&rsquo;avoir l&rsquo;avis d&rsquo;un sp\u00e9cialiste, quelqu&rsquo;un qui en sait beaucoup sur la culture des arbres fruitiers, pour vous donner un coup de main. Les sp\u00e9cialistes savent de quel espace les arbres ont besoin, quelle doit \u00eatre la profondeur du sol, et comment fertiliser la plante.<\/p>\n<p>C&rsquo;est aussi une bonne id\u00e9e de choisir des arbres qui portent des fruits \u00e0 des \u00e9poques diff\u00e9rentes de l&rsquo;ann\u00e9e pour qu&rsquo;il y ait toujours quelque chose de saison.<\/p>\n<p>A part le fait d&rsquo;\u00eatre une bonne source de nourriture, les arbres fruitiers maintiennent l&rsquo;air de la ville frais et propre. Et un arbre fruitier en ville fait plaisir \u00e0 voir.<\/p>\n<p>M. Leyva note que beaucoup de gens ne veulent pas planter des arbres fruitiers parce qu&rsquo;ils mettent du temps \u00e0 produire. Mais il r\u00e9pond: &laquo; Le plus important c&rsquo;est que plus tard dans le futur quelqu&rsquo;un d&rsquo;autre va manger les fruits.<\/p>\n<p>C&rsquo;est cela qui est important. N&rsquo;oubliez pas que vous ne plantez pas uniquement un arbre fruitier pour vous, vous le plantez aussi pour ceux qui viendront apr\u00e8s vous. &raquo;<\/p>\n","protected":false},"excerpt":{"rendered":"<p>M\u00eame si M. Darbis Leyva habite en ville, on peut encore l&rsquo;appeler un agriculteur. En fait, M. Leyva produit le plus gros de la viande, les l\u00e9gumes et presque tous les fruits pour sa famille de 5 personnes. M. Leyva habite La Havane, la capitale de Cuba. Lui et sa famille connaissent le plaisir de&hellip;<\/p>\n","protected":false},"author":37,"featured_media":0,"parent":0,"menu_order":11,"template":"","meta":{"footnotes":"","beyondwords_generate_audio":"","beyondwords_integration_method":"","beyondwords_project_id":"","beyondwords_content_id":"","beyondwords_preview_token":"","beyondwords_player_content":"","beyondwords_player_style":"","beyondwords_language_code":"","beyondwords_language_id":"","beyondwords_title_voice_id":"","beyondwords_body_voice_id":"","beyondwords_summary_voice_id":"","beyondwords_error_message":"","beyondwords_disabled":"","beyondwords_delete_content":"","beyondwords_podcast_id":"","beyondwords_hash":"","publish_post_to_speechkit":"","speechkit_hash":"","speechkit_generate_audio":"","speechkit_project_id":"","speechkit_podcast_id":"","speechkit_error_message":"","speechkit_disabled":"","speechkit_access_key":"","speechkit_error":"","speechkit_info":"","speechkit_response":"","speechkit_retries":"","speechkit_status":"","speechkit_updated_at":"","_speechkit_link":"","_speechkit_text":""},"script-format":[493],"package":[715],"script-category":[438],"class_list":["post-5779","radio-script","type-radio-script","status-publish","hentry","script-format-recit","package-715","script-category-agriculture"],"acf":[],"yoast_head":"<!-- This site is optimized with the Yoast SEO plugin v27.5 - https:\/\/yoast.com\/product\/yoast-seo-wordpress\/ -->\n<title>Cultiver des fruits en ville - Farm Radio Scripts<\/title>\n<meta name=\"robots\" content=\"index, follow, max-snippet:-1, max-image-preview:large, max-video-preview:-1\" \/>\n<link rel=\"canonical\" href=\"https:\/\/scripts.farmradio.fm\/fr\/texte-radiophonique\/cultiver-des-fruits-en-ville\/\" \/>\n<meta property=\"og:locale\" content=\"fr_CA\" \/>\n<meta property=\"og:type\" content=\"article\" \/>\n<meta property=\"og:title\" content=\"Cultiver des fruits en ville - Farm Radio Scripts\" \/>\n<meta property=\"og:description\" content=\"M\u00eame si M. Darbis Leyva habite en ville, on peut encore l&rsquo;appeler un agriculteur. En fait, M. Leyva produit le plus gros de la viande, les l\u00e9gumes et presque tous les fruits pour sa famille de 5 personnes. M. Leyva habite La Havane, la capitale de Cuba. Lui et sa famille connaissent le plaisir de&hellip;\" \/>\n<meta property=\"og:url\" content=\"https:\/\/scripts.farmradio.fm\/fr\/texte-radiophonique\/cultiver-des-fruits-en-ville\/\" \/>\n<meta property=\"og:site_name\" content=\"Farm Radio Scripts\" \/>\n<meta property=\"article:publisher\" content=\"https:\/\/www.facebook.com\/farmradio\/\" \/>\n<meta property=\"article:modified_time\" content=\"2012-11-29T15:46:01+00:00\" \/>\n<meta name=\"twitter:card\" content=\"summary_large_image\" \/>\n<meta name=\"twitter:site\" content=\"@farmradio\" \/>\n<meta name=\"twitter:label1\" content=\"Estimation du temps de lecture\" \/>\n\t<meta name=\"twitter:data1\" content=\"3 minutes\" \/>\n<script type=\"application\/ld+json\" class=\"yoast-schema-graph\">{\"@context\":\"https:\\\/\\\/schema.org\",\"@graph\":[{\"@type\":\"Article\",\"@id\":\"https:\\\/\\\/scripts.farmradio.fm\\\/fr\\\/texte-radiophonique\\\/cultiver-des-fruits-en-ville\\\/#article\",\"isPartOf\":{\"@id\":\"https:\\\/\\\/scripts.farmradio.fm\\\/fr\\\/texte-radiophonique\\\/cultiver-des-fruits-en-ville\\\/\"},\"author\":{\"name\":\"jennifer.pittet\",\"@id\":\"http:\\\/\\\/scripts.farmradio.fm\\\/fr\\\/#\\\/schema\\\/person\\\/a34aded57cab1e47dfac08a6541658fb\"},\"headline\":\"Cultiver des fruits en ville\",\"datePublished\":\"1996-07-01T07:42:01+00:00\",\"dateModified\":\"2012-11-29T15:46:01+00:00\",\"mainEntityOfPage\":{\"@id\":\"https:\\\/\\\/scripts.farmradio.fm\\\/fr\\\/texte-radiophonique\\\/cultiver-des-fruits-en-ville\\\/\"},\"wordCount\":716,\"publisher\":{\"@id\":\"http:\\\/\\\/scripts.farmradio.fm\\\/fr\\\/#organization\"},\"inLanguage\":\"fr-CA\"},{\"@type\":\"WebPage\",\"@id\":\"https:\\\/\\\/scripts.farmradio.fm\\\/fr\\\/texte-radiophonique\\\/cultiver-des-fruits-en-ville\\\/\",\"url\":\"https:\\\/\\\/scripts.farmradio.fm\\\/fr\\\/texte-radiophonique\\\/cultiver-des-fruits-en-ville\\\/\",\"name\":\"Cultiver des fruits en ville - Farm Radio Scripts\",\"isPartOf\":{\"@id\":\"http:\\\/\\\/scripts.farmradio.fm\\\/fr\\\/#website\"},\"datePublished\":\"1996-07-01T07:42:01+00:00\",\"dateModified\":\"2012-11-29T15:46:01+00:00\",\"breadcrumb\":{\"@id\":\"https:\\\/\\\/scripts.farmradio.fm\\\/fr\\\/texte-radiophonique\\\/cultiver-des-fruits-en-ville\\\/#breadcrumb\"},\"inLanguage\":\"fr-CA\",\"potentialAction\":[{\"@type\":\"ReadAction\",\"target\":[\"https:\\\/\\\/scripts.farmradio.fm\\\/fr\\\/texte-radiophonique\\\/cultiver-des-fruits-en-ville\\\/\"]}]},{\"@type\":\"BreadcrumbList\",\"@id\":\"https:\\\/\\\/scripts.farmradio.fm\\\/fr\\\/texte-radiophonique\\\/cultiver-des-fruits-en-ville\\\/#breadcrumb\",\"itemListElement\":[{\"@type\":\"ListItem\",\"position\":1,\"name\":\"Accueil\",\"item\":\"https:\\\/\\\/scripts.farmradio.fm\\\/fr\\\/\"},{\"@type\":\"ListItem\",\"position\":2,\"name\":\"R\u00e9cit\",\"item\":\"https:\\\/\\\/scripts.farmradio.fm\\\/fr\\\/format\\\/recit\\\/\"},{\"@type\":\"ListItem\",\"position\":3,\"name\":\"Cultiver des fruits en ville\"}]},{\"@type\":\"WebSite\",\"@id\":\"http:\\\/\\\/scripts.farmradio.fm\\\/fr\\\/#website\",\"url\":\"http:\\\/\\\/scripts.farmradio.fm\\\/fr\\\/\",\"name\":\"Farm Radio Scripts\",\"description\":\"\",\"publisher\":{\"@id\":\"http:\\\/\\\/scripts.farmradio.fm\\\/fr\\\/#organization\"},\"potentialAction\":[{\"@type\":\"SearchAction\",\"target\":{\"@type\":\"EntryPoint\",\"urlTemplate\":\"http:\\\/\\\/scripts.farmradio.fm\\\/fr\\\/?s={search_term_string}\"},\"query-input\":{\"@type\":\"PropertyValueSpecification\",\"valueRequired\":true,\"valueName\":\"search_term_string\"}}],\"inLanguage\":\"fr-CA\"},{\"@type\":\"Organization\",\"@id\":\"http:\\\/\\\/scripts.farmradio.fm\\\/fr\\\/#organization\",\"name\":\"Farm Radio International\",\"url\":\"http:\\\/\\\/scripts.farmradio.fm\\\/fr\\\/\",\"logo\":{\"@type\":\"ImageObject\",\"inLanguage\":\"fr-CA\",\"@id\":\"http:\\\/\\\/scripts.farmradio.fm\\\/fr\\\/#\\\/schema\\\/logo\\\/image\\\/\",\"url\":\"https:\\\/\\\/scripts.farmradio.fm\\\/wp-content\\\/uploads\\\/farmRadioLogo.jpg\",\"contentUrl\":\"https:\\\/\\\/scripts.farmradio.fm\\\/wp-content\\\/uploads\\\/farmRadioLogo.jpg\",\"width\":200,\"height\":75,\"caption\":\"Farm Radio International\"},\"image\":{\"@id\":\"http:\\\/\\\/scripts.farmradio.fm\\\/fr\\\/#\\\/schema\\\/logo\\\/image\\\/\"},\"sameAs\":[\"https:\\\/\\\/www.facebook.com\\\/farmradio\\\/\",\"https:\\\/\\\/x.com\\\/farmradio\",\"https:\\\/\\\/www.instagram.com\\\/farmradio\\\/\",\"https:\\\/\\\/www.youtube.com\\\/user\\\/FarmRadioInt\"]},{\"@type\":\"Person\",\"@id\":\"http:\\\/\\\/scripts.farmradio.fm\\\/fr\\\/#\\\/schema\\\/person\\\/a34aded57cab1e47dfac08a6541658fb\",\"name\":\"jennifer.pittet\",\"image\":{\"@type\":\"ImageObject\",\"inLanguage\":\"fr-CA\",\"@id\":\"https:\\\/\\\/secure.gravatar.com\\\/avatar\\\/683388f2be1ed352849e6cf4c1f47c53e7baf28355f2a8518c1e38e77c53d06b?s=96&d=mm&r=g\",\"url\":\"https:\\\/\\\/secure.gravatar.com\\\/avatar\\\/683388f2be1ed352849e6cf4c1f47c53e7baf28355f2a8518c1e38e77c53d06b?s=96&d=mm&r=g\",\"contentUrl\":\"https:\\\/\\\/secure.gravatar.com\\\/avatar\\\/683388f2be1ed352849e6cf4c1f47c53e7baf28355f2a8518c1e38e77c53d06b?s=96&d=mm&r=g\",\"caption\":\"jennifer.pittet\"}}]}<\/script>\n<!-- \/ Yoast SEO plugin. -->","yoast_head_json":{"title":"Cultiver des fruits en ville - Farm Radio Scripts","robots":{"index":"index","follow":"follow","max-snippet":"max-snippet:-1","max-image-preview":"max-image-preview:large","max-video-preview":"max-video-preview:-1"},"canonical":"https:\/\/scripts.farmradio.fm\/fr\/texte-radiophonique\/cultiver-des-fruits-en-ville\/","og_locale":"fr_CA","og_type":"article","og_title":"Cultiver des fruits en ville - Farm Radio Scripts","og_description":"M\u00eame si M. Darbis Leyva habite en ville, on peut encore l&rsquo;appeler un agriculteur. En fait, M. Leyva produit le plus gros de la viande, les l\u00e9gumes et presque tous les fruits pour sa famille de 5 personnes. M. Leyva habite La Havane, la capitale de Cuba. Lui et sa famille connaissent le plaisir de&hellip;","og_url":"https:\/\/scripts.farmradio.fm\/fr\/texte-radiophonique\/cultiver-des-fruits-en-ville\/","og_site_name":"Farm Radio Scripts","article_publisher":"https:\/\/www.facebook.com\/farmradio\/","article_modified_time":"2012-11-29T15:46:01+00:00","twitter_card":"summary_large_image","twitter_site":"@farmradio","twitter_misc":{"Estimation du temps de lecture":"3 minutes"},"schema":{"@context":"https:\/\/schema.org","@graph":[{"@type":"Article","@id":"https:\/\/scripts.farmradio.fm\/fr\/texte-radiophonique\/cultiver-des-fruits-en-ville\/#article","isPartOf":{"@id":"https:\/\/scripts.farmradio.fm\/fr\/texte-radiophonique\/cultiver-des-fruits-en-ville\/"},"author":{"name":"jennifer.pittet","@id":"http:\/\/scripts.farmradio.fm\/fr\/#\/schema\/person\/a34aded57cab1e47dfac08a6541658fb"},"headline":"Cultiver des fruits en ville","datePublished":"1996-07-01T07:42:01+00:00","dateModified":"2012-11-29T15:46:01+00:00","mainEntityOfPage":{"@id":"https:\/\/scripts.farmradio.fm\/fr\/texte-radiophonique\/cultiver-des-fruits-en-ville\/"},"wordCount":716,"publisher":{"@id":"http:\/\/scripts.farmradio.fm\/fr\/#organization"},"inLanguage":"fr-CA"},{"@type":"WebPage","@id":"https:\/\/scripts.farmradio.fm\/fr\/texte-radiophonique\/cultiver-des-fruits-en-ville\/","url":"https:\/\/scripts.farmradio.fm\/fr\/texte-radiophonique\/cultiver-des-fruits-en-ville\/","name":"Cultiver des fruits en ville - Farm Radio Scripts","isPartOf":{"@id":"http:\/\/scripts.farmradio.fm\/fr\/#website"},"datePublished":"1996-07-01T07:42:01+00:00","dateModified":"2012-11-29T15:46:01+00:00","breadcrumb":{"@id":"https:\/\/scripts.farmradio.fm\/fr\/texte-radiophonique\/cultiver-des-fruits-en-ville\/#breadcrumb"},"inLanguage":"fr-CA","potentialAction":[{"@type":"ReadAction","target":["https:\/\/scripts.farmradio.fm\/fr\/texte-radiophonique\/cultiver-des-fruits-en-ville\/"]}]},{"@type":"BreadcrumbList","@id":"https:\/\/scripts.farmradio.fm\/fr\/texte-radiophonique\/cultiver-des-fruits-en-ville\/#breadcrumb","itemListElement":[{"@type":"ListItem","position":1,"name":"Accueil","item":"https:\/\/scripts.farmradio.fm\/fr\/"},{"@type":"ListItem","position":2,"name":"R\u00e9cit","item":"https:\/\/scripts.farmradio.fm\/fr\/format\/recit\/"},{"@type":"ListItem","position":3,"name":"Cultiver des fruits en ville"}]},{"@type":"WebSite","@id":"http:\/\/scripts.farmradio.fm\/fr\/#website","url":"http:\/\/scripts.farmradio.fm\/fr\/","name":"Farm Radio Scripts","description":"","publisher":{"@id":"http:\/\/scripts.farmradio.fm\/fr\/#organization"},"potentialAction":[{"@type":"SearchAction","target":{"@type":"EntryPoint","urlTemplate":"http:\/\/scripts.farmradio.fm\/fr\/?s={search_term_string}"},"query-input":{"@type":"PropertyValueSpecification","valueRequired":true,"valueName":"search_term_string"}}],"inLanguage":"fr-CA"},{"@type":"Organization","@id":"http:\/\/scripts.farmradio.fm\/fr\/#organization","name":"Farm Radio International","url":"http:\/\/scripts.farmradio.fm\/fr\/","logo":{"@type":"ImageObject","inLanguage":"fr-CA","@id":"http:\/\/scripts.farmradio.fm\/fr\/#\/schema\/logo\/image\/","url":"https:\/\/scripts.farmradio.fm\/wp-content\/uploads\/farmRadioLogo.jpg","contentUrl":"https:\/\/scripts.farmradio.fm\/wp-content\/uploads\/farmRadioLogo.jpg","width":200,"height":75,"caption":"Farm Radio International"},"image":{"@id":"http:\/\/scripts.farmradio.fm\/fr\/#\/schema\/logo\/image\/"},"sameAs":["https:\/\/www.facebook.com\/farmradio\/","https:\/\/x.com\/farmradio","https:\/\/www.instagram.com\/farmradio\/","https:\/\/www.youtube.com\/user\/FarmRadioInt"]},{"@type":"Person","@id":"http:\/\/scripts.farmradio.fm\/fr\/#\/schema\/person\/a34aded57cab1e47dfac08a6541658fb","name":"jennifer.pittet","image":{"@type":"ImageObject","inLanguage":"fr-CA","@id":"https:\/\/secure.gravatar.com\/avatar\/683388f2be1ed352849e6cf4c1f47c53e7baf28355f2a8518c1e38e77c53d06b?s=96&d=mm&r=g","url":"https:\/\/secure.gravatar.com\/avatar\/683388f2be1ed352849e6cf4c1f47c53e7baf28355f2a8518c1e38e77c53d06b?s=96&d=mm&r=g","contentUrl":"https:\/\/secure.gravatar.com\/avatar\/683388f2be1ed352849e6cf4c1f47c53e7baf28355f2a8518c1e38e77c53d06b?s=96&d=mm&r=g","caption":"jennifer.pittet"}}]}},"_links":{"self":[{"href":"https:\/\/scripts.farmradio.fm\/fr\/wp-json\/wp\/v2\/radio-script\/5779","targetHints":{"allow":["GET"]}}],"collection":[{"href":"https:\/\/scripts.farmradio.fm\/fr\/wp-json\/wp\/v2\/radio-script"}],"about":[{"href":"https:\/\/scripts.farmradio.fm\/fr\/wp-json\/wp\/v2\/types\/radio-script"}],"author":[{"embeddable":true,"href":"https:\/\/scripts.farmradio.fm\/fr\/wp-json\/wp\/v2\/users\/37"}],"version-history":[{"count":0,"href":"https:\/\/scripts.farmradio.fm\/fr\/wp-json\/wp\/v2\/radio-script\/5779\/revisions"}],"wp:attachment":[{"href":"https:\/\/scripts.farmradio.fm\/fr\/wp-json\/wp\/v2\/media?parent=5779"}],"wp:term":[{"taxonomy":"script-format","embeddable":true,"href":"https:\/\/scripts.farmradio.fm\/fr\/wp-json\/wp\/v2\/script-format?post=5779"},{"taxonomy":"package","embeddable":true,"href":"https:\/\/scripts.farmradio.fm\/fr\/wp-json\/wp\/v2\/package?post=5779"},{"taxonomy":"script-category","embeddable":true,"href":"https:\/\/scripts.farmradio.fm\/fr\/wp-json\/wp\/v2\/script-category?post=5779"}],"curies":[{"name":"wp","href":"https:\/\/api.w.org\/{rel}","templated":true}]}}