{"id":5749,"date":"1996-07-01T09:49:30","date_gmt":"1996-07-01T06:49:30","guid":{"rendered":"http:\/\/frrp.wpengine.com\/?post_type=radio-resource-packs&#038;p=5749"},"modified":"2023-09-06T18:25:22","modified_gmt":"2023-09-06T15:25:22","slug":"rendre-les-sols-arides-productifs-grace-aux-trous-de-culture","status":"publish","type":"radio-script","link":"https:\/\/scripts.farmradio.fm\/fr\/texte-radiophonique\/rendre-les-sols-arides-productifs-grace-aux-trous-de-culture\/","title":{"rendered":"Rendre les sols arides productifs gr\u00e2ce aux trous de culture"},"content":{"rendered":"<p>Comme agriculteur vous vivez peut-\u00e9tre dans un endroit o\u00f9 la terre est s\u00e8che et craquel\u00e9e. Il n\u2019y a ni arbres ni plantes et aucune autre culture ne pousse. Les b\u00eates peuvent \u00e0 peine y survivre. Tout a peut-\u00eatre commenc\u00e9 par la s\u00e9cheresse, ou bien la s\u00e9cheresse a aggrav\u00e9 les choses, et cela vous pr\u00e9occupe de devoir bouger sans cesse ppour trouver une meilleure terre pour l\u2019agriculture.<\/p>\n<p>Vous n\u2019\u00eates pas seul. Ce genre de terre st\u00e9rile se r\u00e9pand comme une maladie \u00e0 travers de nombreux pays. Nous appelons ce probl\u00e8me la d\u00e9sertification. La terre perd sa couverture v\u00e9g\u00e9tale, la terre arable s\u2019en va emport\u00e9e par le vent et il ne subsiste que le sol dur et craquel\u00e9. Mais le probl\u00e8me peut avoir une solution. De nombreux pays ont d\u00e9j\u00e0 pris des mesures pour combattre la d\u00e9sertification et, avec votre contribution, ses effets d\u00e9vastateurs peuvent \u00eatre enray\u00e9s. Pour offrir des suggestions et voir le genre d\u2019action qui se fait dans votre r\u00e9gion, consultez un repr\u00e9sentant local du gouvernement ou un organisme communautaire proche de chez vous. Et \u00e9coutez l\u2019id\u00e9e suivante, une technique qui peut vous aider ainsi que vos voisins \u00e0 r\u00e9g\u00e9n\u00e9rer le sol, faire pousser des cultures et faire de nouveau des profits.<\/p>\n<p>M\u00eame si vous avez des sols secs, d\u00e9sertiques avec une cro\u00fbte dure, vous pouvez am\u00e9liorer votre sol et faire pousser \u00e0 nouveau des cultures. Dans des r\u00e9gions de l&rsquo;Afrique de l&rsquo;Ouest, les agriculteurs ont rendu des sols durs et craquel\u00e9s de nouveau productifs en plantant leurs graines dans de petits trous. Ils cultivent ainsi le mil et le sorgho.<\/p>\n<p>Voici comment pr\u00e9parer ces trous de culture.<\/p>\n<p>Cassez la cro\u00fbte du sol. Creusez dans le sol un trou d&rsquo;environ 15 \u00e0 20 cm de profondeur et 25 cm de diam\u00e8tre. Faites ce genre de trous tous les 80 cm \u00e0 peu pr\u00e8s \u00e0 travers votre champ. Mettez du fumier, du compost ou des r\u00e9sidus d&rsquo;autres cultures dans chaque trou.<\/p>\n<p>La plupart des agriculteurs creusent leurs trous et les remplissent durant la saison s\u00e8che. Cela donne au fumier ou aux r\u00e9sidus de cultures dans le trou le temps de se d\u00e9composer avant la saison des pluies. D&rsquo;autres agriculteurs creusent leurs trous \u00e0 la fin de la saison des pluies lorsque la cro\u00fbte du sol est plus facile \u00e0 casser.<\/p>\n<p>Quand vient la pluie, c&rsquo;est le moment de mettre les graines en terre. Mettez de 4 \u00e0 6 graines dans chaque trou. Vous verrez que les graines germent rapidement et que les plantes poussent mieux dans ces trous. C&rsquo;est parce que l&rsquo;eau s&rsquo;infiltre facilement dans le trou et s&rsquo;accumule l\u00e0 o\u00f9 les plantes en ont besoin. Mais aussi le compost ou le fumier dans le trou fertilise les plantes et attire les termites. Les termites sont importantes parce qu&rsquo;elles am\u00e9liorent le sol.<\/p>\n<p>Elles ameublissent le sol en creusant des tunnels et elles font remonter du fond du trou des \u00e9l\u00e9ments nutritifs utiles aux plantes. Elles peuvent faire remonter ces \u00e9l\u00e9ments nutritifs \u00e0 partir de niveaux inaccessibles aux racines des plantes.<\/p>\n<p>Des agriculteurs ont prouv\u00e9 que cette m\u00e9thode peut vraiment rendre de nouveau productifs des sols pauvres. Parfois des agriculteurs obtiennent des rendements spectaculaires. Dans certains cas, des agriculteurs qui ne pouvaient pas faire pousser la moindre graine \u00e9taient capables de produire 400 kilos \u00e0 l&rsquo;hectare gr\u00e2ce \u00e0 cette m\u00e9thode pendant une ann\u00e9e o\u00f9 il n&rsquo;avait pas beaucoup plu. Certains agriculteurs ont r\u00e9colt\u00e9 jusqu&rsquo;\u00e0 1000 1500 kilos \u00e0 l&rsquo;hectare apr\u00e8s une ann\u00e9e de pluies abondantes.<\/p>\n<p>Mais il y a autre chose qu&rsquo;il faut savoir \u00e0 propos de ces trous de culture. Vous pouvez aussi planter des arbres, \u00e0 partir de graines ou de jeunes plants, dans les trous. Si vous mettez de jeunes plants dans les trous, vous verrez qu&rsquo;il est facile de s&rsquo;en occuper et de les arroser.<\/p>\n<hr \/>\n<p><strong>Remarque:<\/strong><\/p>\n<p>Ces trous de culture sont connus sous le nom de zay ou de trous tassa dans certaines langues locales d&rsquo;Afrique de l&rsquo;Ouest.<\/p>\n<p><strong>Qu&rsquo;est ce que la Convention des Nations Unies sur la lutte contre la D\u00e9sertification?<\/strong><\/p>\n<p>C&rsquo;est un accord sign\u00e9 par les pays qui partagent la responsabilit\u00e9 de lutter contre les effets de la d\u00e9sertification.Son but est d&rsquo;aider \u00e0 r\u00e9g\u00e9n\u00e9rer le sol dans les r\u00e9gions arides et semi arides. La Convention est issue des r\u00e9clamations qui ont eu lieu lors du sommet de Rio de Janeiro au Br\u00e9sil en 1992, o\u00f9 plusieurs pays en voie de d\u00e9veloppement ont demand\u00e9 l&rsquo;aide globale pour la lutte contre la d\u00e9sertification aussi vite que possible.<\/p>\n<p>A Paris en octobre 1994, 87 pays ont sign\u00e9 la Convention des Nations Unies sur la lutte contre la D\u00e9sertification. Aujourd&rsquo;hui plus de 115 pays l&rsquo;ont sign\u00e9. Cette derni\u00e8re prendra effet lorsque les gouvernements de 50 pays l&rsquo;auront ratifi\u00e9e. Un plan d&rsquo;urgence a \u00e9t\u00e9 adopt\u00e9 pour encourager des efforts imm\u00e9diats en Afrique qui est un des continents qui souffrent le plus des effets de la d\u00e9sertification.<\/p>\n<p><strong>Qu&rsquo;est ce qui cause la d\u00e9sertification?<\/strong><\/p>\n<p>La d\u00e9sertification est caus\u00e9e par les changements du climat et par les activit\u00e9s humaines. La s\u00e9cheresse rend, parfois, le sol encore plus sec et craquel\u00e9, et elle endommage la terre en accentuant les probl\u00e8mes qui existent. Mais il y a quatre principales raisons pour la formation ou la cr\u00e9ation de zones d\u00e9sertiques: en travaillant trop la terre, en permettant aux animaux de manger toute la v\u00e9g\u00e9tation qui recouvre et prot\u00e8ge le sol de l&rsquo;\u00e9rosion, en coupant et en br\u00fblant les arbres et en utilisant des m\u00e9thodes impropres d&rsquo;irrigation qui rendent les cultures sal\u00e9es.<\/p>\n<p><strong>Quelle genre d&rsquo;actions la Convention va t elle mener?<\/strong><\/p>\n<p>Un des \u00e9l\u00e9ments cl\u00e9s de la Convention est ce qu&rsquo;on appelle &laquo; une approche \u00e0 la base &raquo;. Cela veut dire que les populations des petites communaut\u00e9s et leurs leaders seront consult\u00e9s avant qu&rsquo;aucune d\u00e9cision ou action ne soient prises. Les populations de ces petites communaut\u00e9s seront impliqu\u00e9s dans les projets pour arr\u00eater la d\u00e9sertification dans leur r\u00e9gion.<\/p>\n<p>La convention souligne le fait que les populations affect\u00e9es par la d\u00e9sertification, organisations non gouvernementales, experts, et gouvernements doivent travailler ensemble pour combattre ce ph\u00e9nom\u00e8ne efficacement et trouver des solutions \u00e0 long terme. Des id\u00e9es sur les techniques les plus appropri\u00e9es pourront \u00eatre soumises, pr\u00e9sent\u00e9es et discut\u00e9es entre les agriculteurs et scientifiques. Elles pourront alors \u00eatre propos\u00e9es \u00e0 diff\u00e9rents niveaux du gouvernement et des organisations non gouvernementales qui pourront probablement allouer ou trouver des fonds pour les mener \u00e0 terme.<\/p>\n<p>Pour obtenir plus d&rsquo;informations sur &laquo; La convention sur la lutte contre la d\u00e9sertification &raquo; s&rsquo;adresser au:<\/p>\n<p>Directeur, Bureau de la Convention sur la d\u00e9sertification, Direction g\u00e9n\u00e9rale de l&rsquo;Afrique et du Moyen Orient, Agence canadienne de d\u00e9veloppement international (ACDI), 200, Promenade du Portage, Hull, Qu\u00e9bec, K1A 0G4<\/p>\n","protected":false},"excerpt":{"rendered":"<p>Comme agriculteur vous vivez peut-\u00e9tre dans un endroit o\u00f9 la terre est s\u00e8che et craquel\u00e9e. Il n\u2019y a ni arbres ni plantes et aucune autre culture ne pousse. Les b\u00eates peuvent \u00e0 peine y survivre. Tout a peut-\u00eatre commenc\u00e9 par la s\u00e9cheresse, ou bien la s\u00e9cheresse a aggrav\u00e9 les choses, et cela vous pr\u00e9occupe de&hellip;<\/p>\n","protected":false},"author":37,"featured_media":0,"parent":0,"menu_order":1,"template":"","meta":{"footnotes":"","beyondwords_generate_audio":"","beyondwords_integration_method":"","beyondwords_project_id":"","beyondwords_content_id":"","beyondwords_preview_token":"","beyondwords_player_content":"","beyondwords_player_style":"","beyondwords_language_code":"","beyondwords_language_id":"","beyondwords_title_voice_id":"","beyondwords_body_voice_id":"","beyondwords_summary_voice_id":"","beyondwords_error_message":"","beyondwords_disabled":"","beyondwords_delete_content":"","beyondwords_podcast_id":"","beyondwords_hash":"","publish_post_to_speechkit":"","speechkit_hash":"","speechkit_generate_audio":"","speechkit_project_id":"","speechkit_podcast_id":"","speechkit_error_message":"","speechkit_disabled":"","speechkit_access_key":"","speechkit_error":"","speechkit_info":"","speechkit_response":"","speechkit_retries":"","speechkit_status":"","speechkit_updated_at":"","_speechkit_link":"","_speechkit_text":""},"script-format":[487],"package":[715],"script-category":[440,836],"class_list":["post-5749","radio-script","type-radio-script","status-publish","hentry","script-format-fiche-documentaire","package-715","script-category-environnement","script-category-sante-des-sols"],"acf":[],"yoast_head":"<!-- This site is optimized with the Yoast SEO plugin v27.5 - https:\/\/yoast.com\/product\/yoast-seo-wordpress\/ -->\n<title>Rendre les sols arides productifs gr\u00e2ce aux trous de culture - Farm Radio Scripts<\/title>\n<meta name=\"robots\" content=\"index, follow, max-snippet:-1, max-image-preview:large, max-video-preview:-1\" \/>\n<link rel=\"canonical\" href=\"https:\/\/scripts.farmradio.fm\/fr\/texte-radiophonique\/rendre-les-sols-arides-productifs-grace-aux-trous-de-culture\/\" \/>\n<meta property=\"og:locale\" content=\"fr_CA\" \/>\n<meta property=\"og:type\" content=\"article\" \/>\n<meta property=\"og:title\" content=\"Rendre les sols arides productifs gr\u00e2ce aux trous de culture - Farm Radio Scripts\" \/>\n<meta property=\"og:description\" content=\"Comme agriculteur vous vivez peut-\u00e9tre dans un endroit o\u00f9 la terre est s\u00e8che et craquel\u00e9e. Il n\u2019y a ni arbres ni plantes et aucune autre culture ne pousse. Les b\u00eates peuvent \u00e0 peine y survivre. Tout a peut-\u00eatre commenc\u00e9 par la s\u00e9cheresse, ou bien la s\u00e9cheresse a aggrav\u00e9 les choses, et cela vous pr\u00e9occupe de&hellip;\" \/>\n<meta property=\"og:url\" content=\"https:\/\/scripts.farmradio.fm\/fr\/texte-radiophonique\/rendre-les-sols-arides-productifs-grace-aux-trous-de-culture\/\" \/>\n<meta property=\"og:site_name\" content=\"Farm Radio Scripts\" \/>\n<meta property=\"article:publisher\" content=\"https:\/\/www.facebook.com\/farmradio\/\" \/>\n<meta property=\"article:modified_time\" content=\"2023-09-06T15:25:22+00:00\" \/>\n<meta name=\"twitter:card\" content=\"summary_large_image\" \/>\n<meta name=\"twitter:site\" content=\"@farmradio\" \/>\n<meta name=\"twitter:label1\" content=\"Estimation du temps de lecture\" \/>\n\t<meta name=\"twitter:data1\" content=\"6 minutes\" \/>\n<script type=\"application\/ld+json\" class=\"yoast-schema-graph\">{\"@context\":\"https:\\\/\\\/schema.org\",\"@graph\":[{\"@type\":\"Article\",\"@id\":\"https:\\\/\\\/scripts.farmradio.fm\\\/fr\\\/texte-radiophonique\\\/rendre-les-sols-arides-productifs-grace-aux-trous-de-culture\\\/#article\",\"isPartOf\":{\"@id\":\"https:\\\/\\\/scripts.farmradio.fm\\\/fr\\\/texte-radiophonique\\\/rendre-les-sols-arides-productifs-grace-aux-trous-de-culture\\\/\"},\"author\":{\"name\":\"jennifer.pittet\",\"@id\":\"http:\\\/\\\/scripts.farmradio.fm\\\/fr\\\/#\\\/schema\\\/person\\\/a34aded57cab1e47dfac08a6541658fb\"},\"headline\":\"Rendre les sols arides productifs gr\u00e2ce aux trous de culture\",\"datePublished\":\"1996-07-01T06:49:30+00:00\",\"dateModified\":\"2023-09-06T15:25:22+00:00\",\"mainEntityOfPage\":{\"@id\":\"https:\\\/\\\/scripts.farmradio.fm\\\/fr\\\/texte-radiophonique\\\/rendre-les-sols-arides-productifs-grace-aux-trous-de-culture\\\/\"},\"wordCount\":1220,\"publisher\":{\"@id\":\"http:\\\/\\\/scripts.farmradio.fm\\\/fr\\\/#organization\"},\"inLanguage\":\"fr-CA\"},{\"@type\":\"WebPage\",\"@id\":\"https:\\\/\\\/scripts.farmradio.fm\\\/fr\\\/texte-radiophonique\\\/rendre-les-sols-arides-productifs-grace-aux-trous-de-culture\\\/\",\"url\":\"https:\\\/\\\/scripts.farmradio.fm\\\/fr\\\/texte-radiophonique\\\/rendre-les-sols-arides-productifs-grace-aux-trous-de-culture\\\/\",\"name\":\"Rendre les sols arides productifs gr\u00e2ce aux trous de culture - Farm Radio Scripts\",\"isPartOf\":{\"@id\":\"http:\\\/\\\/scripts.farmradio.fm\\\/fr\\\/#website\"},\"datePublished\":\"1996-07-01T06:49:30+00:00\",\"dateModified\":\"2023-09-06T15:25:22+00:00\",\"breadcrumb\":{\"@id\":\"https:\\\/\\\/scripts.farmradio.fm\\\/fr\\\/texte-radiophonique\\\/rendre-les-sols-arides-productifs-grace-aux-trous-de-culture\\\/#breadcrumb\"},\"inLanguage\":\"fr-CA\",\"potentialAction\":[{\"@type\":\"ReadAction\",\"target\":[\"https:\\\/\\\/scripts.farmradio.fm\\\/fr\\\/texte-radiophonique\\\/rendre-les-sols-arides-productifs-grace-aux-trous-de-culture\\\/\"]}]},{\"@type\":\"BreadcrumbList\",\"@id\":\"https:\\\/\\\/scripts.farmradio.fm\\\/fr\\\/texte-radiophonique\\\/rendre-les-sols-arides-productifs-grace-aux-trous-de-culture\\\/#breadcrumb\",\"itemListElement\":[{\"@type\":\"ListItem\",\"position\":1,\"name\":\"Accueil\",\"item\":\"https:\\\/\\\/scripts.farmradio.fm\\\/fr\\\/\"},{\"@type\":\"ListItem\",\"position\":2,\"name\":\"Fiche documentaire\",\"item\":\"https:\\\/\\\/scripts.farmradio.fm\\\/fr\\\/format\\\/fiche-documentaire\\\/\"},{\"@type\":\"ListItem\",\"position\":3,\"name\":\"Rendre les sols arides productifs gr\u00e2ce aux trous de culture\"}]},{\"@type\":\"WebSite\",\"@id\":\"http:\\\/\\\/scripts.farmradio.fm\\\/fr\\\/#website\",\"url\":\"http:\\\/\\\/scripts.farmradio.fm\\\/fr\\\/\",\"name\":\"Farm Radio Scripts\",\"description\":\"\",\"publisher\":{\"@id\":\"http:\\\/\\\/scripts.farmradio.fm\\\/fr\\\/#organization\"},\"potentialAction\":[{\"@type\":\"SearchAction\",\"target\":{\"@type\":\"EntryPoint\",\"urlTemplate\":\"http:\\\/\\\/scripts.farmradio.fm\\\/fr\\\/?s={search_term_string}\"},\"query-input\":{\"@type\":\"PropertyValueSpecification\",\"valueRequired\":true,\"valueName\":\"search_term_string\"}}],\"inLanguage\":\"fr-CA\"},{\"@type\":\"Organization\",\"@id\":\"http:\\\/\\\/scripts.farmradio.fm\\\/fr\\\/#organization\",\"name\":\"Farm Radio International\",\"url\":\"http:\\\/\\\/scripts.farmradio.fm\\\/fr\\\/\",\"logo\":{\"@type\":\"ImageObject\",\"inLanguage\":\"fr-CA\",\"@id\":\"http:\\\/\\\/scripts.farmradio.fm\\\/fr\\\/#\\\/schema\\\/logo\\\/image\\\/\",\"url\":\"https:\\\/\\\/scripts.farmradio.fm\\\/wp-content\\\/uploads\\\/farmRadioLogo.jpg\",\"contentUrl\":\"https:\\\/\\\/scripts.farmradio.fm\\\/wp-content\\\/uploads\\\/farmRadioLogo.jpg\",\"width\":200,\"height\":75,\"caption\":\"Farm Radio International\"},\"image\":{\"@id\":\"http:\\\/\\\/scripts.farmradio.fm\\\/fr\\\/#\\\/schema\\\/logo\\\/image\\\/\"},\"sameAs\":[\"https:\\\/\\\/www.facebook.com\\\/farmradio\\\/\",\"https:\\\/\\\/x.com\\\/farmradio\",\"https:\\\/\\\/www.instagram.com\\\/farmradio\\\/\",\"https:\\\/\\\/www.youtube.com\\\/user\\\/FarmRadioInt\"]},{\"@type\":\"Person\",\"@id\":\"http:\\\/\\\/scripts.farmradio.fm\\\/fr\\\/#\\\/schema\\\/person\\\/a34aded57cab1e47dfac08a6541658fb\",\"name\":\"jennifer.pittet\",\"image\":{\"@type\":\"ImageObject\",\"inLanguage\":\"fr-CA\",\"@id\":\"https:\\\/\\\/secure.gravatar.com\\\/avatar\\\/683388f2be1ed352849e6cf4c1f47c53e7baf28355f2a8518c1e38e77c53d06b?s=96&d=mm&r=g\",\"url\":\"https:\\\/\\\/secure.gravatar.com\\\/avatar\\\/683388f2be1ed352849e6cf4c1f47c53e7baf28355f2a8518c1e38e77c53d06b?s=96&d=mm&r=g\",\"contentUrl\":\"https:\\\/\\\/secure.gravatar.com\\\/avatar\\\/683388f2be1ed352849e6cf4c1f47c53e7baf28355f2a8518c1e38e77c53d06b?s=96&d=mm&r=g\",\"caption\":\"jennifer.pittet\"}}]}<\/script>\n<!-- \/ Yoast SEO plugin. -->","yoast_head_json":{"title":"Rendre les sols arides productifs gr\u00e2ce aux trous de culture - Farm Radio Scripts","robots":{"index":"index","follow":"follow","max-snippet":"max-snippet:-1","max-image-preview":"max-image-preview:large","max-video-preview":"max-video-preview:-1"},"canonical":"https:\/\/scripts.farmradio.fm\/fr\/texte-radiophonique\/rendre-les-sols-arides-productifs-grace-aux-trous-de-culture\/","og_locale":"fr_CA","og_type":"article","og_title":"Rendre les sols arides productifs gr\u00e2ce aux trous de culture - Farm Radio Scripts","og_description":"Comme agriculteur vous vivez peut-\u00e9tre dans un endroit o\u00f9 la terre est s\u00e8che et craquel\u00e9e. Il n\u2019y a ni arbres ni plantes et aucune autre culture ne pousse. Les b\u00eates peuvent \u00e0 peine y survivre. Tout a peut-\u00eatre commenc\u00e9 par la s\u00e9cheresse, ou bien la s\u00e9cheresse a aggrav\u00e9 les choses, et cela vous pr\u00e9occupe de&hellip;","og_url":"https:\/\/scripts.farmradio.fm\/fr\/texte-radiophonique\/rendre-les-sols-arides-productifs-grace-aux-trous-de-culture\/","og_site_name":"Farm Radio Scripts","article_publisher":"https:\/\/www.facebook.com\/farmradio\/","article_modified_time":"2023-09-06T15:25:22+00:00","twitter_card":"summary_large_image","twitter_site":"@farmradio","twitter_misc":{"Estimation du temps de lecture":"6 minutes"},"schema":{"@context":"https:\/\/schema.org","@graph":[{"@type":"Article","@id":"https:\/\/scripts.farmradio.fm\/fr\/texte-radiophonique\/rendre-les-sols-arides-productifs-grace-aux-trous-de-culture\/#article","isPartOf":{"@id":"https:\/\/scripts.farmradio.fm\/fr\/texte-radiophonique\/rendre-les-sols-arides-productifs-grace-aux-trous-de-culture\/"},"author":{"name":"jennifer.pittet","@id":"http:\/\/scripts.farmradio.fm\/fr\/#\/schema\/person\/a34aded57cab1e47dfac08a6541658fb"},"headline":"Rendre les sols arides productifs gr\u00e2ce aux trous de culture","datePublished":"1996-07-01T06:49:30+00:00","dateModified":"2023-09-06T15:25:22+00:00","mainEntityOfPage":{"@id":"https:\/\/scripts.farmradio.fm\/fr\/texte-radiophonique\/rendre-les-sols-arides-productifs-grace-aux-trous-de-culture\/"},"wordCount":1220,"publisher":{"@id":"http:\/\/scripts.farmradio.fm\/fr\/#organization"},"inLanguage":"fr-CA"},{"@type":"WebPage","@id":"https:\/\/scripts.farmradio.fm\/fr\/texte-radiophonique\/rendre-les-sols-arides-productifs-grace-aux-trous-de-culture\/","url":"https:\/\/scripts.farmradio.fm\/fr\/texte-radiophonique\/rendre-les-sols-arides-productifs-grace-aux-trous-de-culture\/","name":"Rendre les sols arides productifs gr\u00e2ce aux trous de culture - Farm Radio Scripts","isPartOf":{"@id":"http:\/\/scripts.farmradio.fm\/fr\/#website"},"datePublished":"1996-07-01T06:49:30+00:00","dateModified":"2023-09-06T15:25:22+00:00","breadcrumb":{"@id":"https:\/\/scripts.farmradio.fm\/fr\/texte-radiophonique\/rendre-les-sols-arides-productifs-grace-aux-trous-de-culture\/#breadcrumb"},"inLanguage":"fr-CA","potentialAction":[{"@type":"ReadAction","target":["https:\/\/scripts.farmradio.fm\/fr\/texte-radiophonique\/rendre-les-sols-arides-productifs-grace-aux-trous-de-culture\/"]}]},{"@type":"BreadcrumbList","@id":"https:\/\/scripts.farmradio.fm\/fr\/texte-radiophonique\/rendre-les-sols-arides-productifs-grace-aux-trous-de-culture\/#breadcrumb","itemListElement":[{"@type":"ListItem","position":1,"name":"Accueil","item":"https:\/\/scripts.farmradio.fm\/fr\/"},{"@type":"ListItem","position":2,"name":"Fiche documentaire","item":"https:\/\/scripts.farmradio.fm\/fr\/format\/fiche-documentaire\/"},{"@type":"ListItem","position":3,"name":"Rendre les sols arides productifs gr\u00e2ce aux trous de culture"}]},{"@type":"WebSite","@id":"http:\/\/scripts.farmradio.fm\/fr\/#website","url":"http:\/\/scripts.farmradio.fm\/fr\/","name":"Farm Radio Scripts","description":"","publisher":{"@id":"http:\/\/scripts.farmradio.fm\/fr\/#organization"},"potentialAction":[{"@type":"SearchAction","target":{"@type":"EntryPoint","urlTemplate":"http:\/\/scripts.farmradio.fm\/fr\/?s={search_term_string}"},"query-input":{"@type":"PropertyValueSpecification","valueRequired":true,"valueName":"search_term_string"}}],"inLanguage":"fr-CA"},{"@type":"Organization","@id":"http:\/\/scripts.farmradio.fm\/fr\/#organization","name":"Farm Radio International","url":"http:\/\/scripts.farmradio.fm\/fr\/","logo":{"@type":"ImageObject","inLanguage":"fr-CA","@id":"http:\/\/scripts.farmradio.fm\/fr\/#\/schema\/logo\/image\/","url":"https:\/\/scripts.farmradio.fm\/wp-content\/uploads\/farmRadioLogo.jpg","contentUrl":"https:\/\/scripts.farmradio.fm\/wp-content\/uploads\/farmRadioLogo.jpg","width":200,"height":75,"caption":"Farm Radio International"},"image":{"@id":"http:\/\/scripts.farmradio.fm\/fr\/#\/schema\/logo\/image\/"},"sameAs":["https:\/\/www.facebook.com\/farmradio\/","https:\/\/x.com\/farmradio","https:\/\/www.instagram.com\/farmradio\/","https:\/\/www.youtube.com\/user\/FarmRadioInt"]},{"@type":"Person","@id":"http:\/\/scripts.farmradio.fm\/fr\/#\/schema\/person\/a34aded57cab1e47dfac08a6541658fb","name":"jennifer.pittet","image":{"@type":"ImageObject","inLanguage":"fr-CA","@id":"https:\/\/secure.gravatar.com\/avatar\/683388f2be1ed352849e6cf4c1f47c53e7baf28355f2a8518c1e38e77c53d06b?s=96&d=mm&r=g","url":"https:\/\/secure.gravatar.com\/avatar\/683388f2be1ed352849e6cf4c1f47c53e7baf28355f2a8518c1e38e77c53d06b?s=96&d=mm&r=g","contentUrl":"https:\/\/secure.gravatar.com\/avatar\/683388f2be1ed352849e6cf4c1f47c53e7baf28355f2a8518c1e38e77c53d06b?s=96&d=mm&r=g","caption":"jennifer.pittet"}}]}},"_links":{"self":[{"href":"https:\/\/scripts.farmradio.fm\/fr\/wp-json\/wp\/v2\/radio-script\/5749","targetHints":{"allow":["GET"]}}],"collection":[{"href":"https:\/\/scripts.farmradio.fm\/fr\/wp-json\/wp\/v2\/radio-script"}],"about":[{"href":"https:\/\/scripts.farmradio.fm\/fr\/wp-json\/wp\/v2\/types\/radio-script"}],"author":[{"embeddable":true,"href":"https:\/\/scripts.farmradio.fm\/fr\/wp-json\/wp\/v2\/users\/37"}],"version-history":[{"count":0,"href":"https:\/\/scripts.farmradio.fm\/fr\/wp-json\/wp\/v2\/radio-script\/5749\/revisions"}],"wp:attachment":[{"href":"https:\/\/scripts.farmradio.fm\/fr\/wp-json\/wp\/v2\/media?parent=5749"}],"wp:term":[{"taxonomy":"script-format","embeddable":true,"href":"https:\/\/scripts.farmradio.fm\/fr\/wp-json\/wp\/v2\/script-format?post=5749"},{"taxonomy":"package","embeddable":true,"href":"https:\/\/scripts.farmradio.fm\/fr\/wp-json\/wp\/v2\/package?post=5749"},{"taxonomy":"script-category","embeddable":true,"href":"https:\/\/scripts.farmradio.fm\/fr\/wp-json\/wp\/v2\/script-category?post=5749"}],"curies":[{"name":"wp","href":"https:\/\/api.w.org\/{rel}","templated":true}]}}