{"id":5375,"date":"1999-09-01T15:23:58","date_gmt":"1999-09-01T12:23:58","guid":{"rendered":"http:\/\/frrp.wpengine.com\/?post_type=radio-resource-packs&#038;p=5375"},"modified":"2012-11-13T15:26:37","modified_gmt":"2012-11-13T20:26:37","slug":"un-jardin-sur-le-toit-terrasse-de-m-santana","status":"publish","type":"radio-script","link":"https:\/\/scripts.farmradio.fm\/fr\/texte-radiophonique\/un-jardin-sur-le-toit-terrasse-de-m-santana\/","title":{"rendered":"Un jardin sur le toit-terrasse de M. Santana"},"content":{"rendered":"<p>Francisco Santana vit dans le centre ville de La Havane, la capitale de Cuba. Son appartement est au deuxi\u00e8me \u00e9tage d une maison qui s ouvre sur une terrasse donnant sur le toit de la maison voisine.<\/p>\n<p>Un \u00e9t\u00e9, ses enfants ne parvenant pas \u00e0 trouver le sommeil \u00e0 cause de la chaleur. C \u00e9tait un de ces \u00e9t\u00e9s longs et chauds, et sur le toit-terrasse, la chaleur \u00e9tait intense. M. Santana eut l id\u00e9e de prot\u00e9ger sa maison par de la v\u00e9g\u00e9tation. Il lui fallait quelque chose de feuillue. Il opta pour la vigne.<\/p>\n<p>Sa d\u00e9cision prie, M. Santana planta de la vigne dans le sol pr\u00e8s de sa maison et pour ce faire, d\u00fbt briser le ciment par terre pr\u00e8s du mur.<\/p>\n<p>La vigne poussa progressivement sur le c\u00f4t\u00e9 de la maison et atteign\u00eet bient\u00f4t le toit. Une fois l\u00e0, M. Santana installa un treillage qu apr\u00e8s quelques ann\u00e9es, la vigne recouvr\u00eet compl\u00e8tement. Le plan de M. Santana marchait: la vigne prot\u00e9geait sa maison de son ombre et sa famille pouvait d\u00e9sormais dormir tranquillement durant l \u00e9t\u00e9.<\/p>\n<p>Mais la vigne de M. Santana apporta \u00e0 sa famille bien plus que de l ombre et du r\u00e9pos. Elle est aujourd hui vieille de treize ans et produit chaque ann\u00e9e une tonne de raisins. Une tonne! \u00c7a fait beaucoup de raisins permettant \u00e0 M. Santana d en r\u00e9colter 350 kgs qu&rsquo;il offre en vente et il fabrique 600 litres de vin rouge et 100 litres de vinaigre. Comme vous pouvez le constater, M. Santana gagne aujourd hui beaucoup d argent, tout \u00e7a \u00e0 partir d une seule vigne!<\/p>\n<p>Mais ce n est pas tout: M. Santana taille les branches et les feuilles de sa vigne qu il transforme en terreau sur son toit. Il va r\u00e9guli\u00e8rement au march\u00e9 et ramasse la terre autour des \u00e9tals de l\u00e9gumes qu il ram\u00e8ne ensuite chez lui dans des contenants. Quand il a amass\u00e9 assez de terre et de terreau, M. Santana les m\u00e9lange.<\/p>\n<p>M. Santana garde aussi des vers dans une bo\u00eete et poss\u00e8de un pigeonnier sur son toit. Il m\u00e9lange les feuilles de vigne, les vers et la fiente de pigeons, puis remplit des pots et de vieux pneus dans lesquels il plante ensuite des tomates et d autres l\u00e9gumes. Aujourd hui, M.<\/p>\n<p>Santana a sur son toit un beau jardin o\u00f9 poussent des l\u00e9gumes vari\u00e9s.<\/p>\n<p>Il faut ajouter une derni\u00e8re chose: une fois que M. Santana s \u00e9tait mis \u00e0 cultiver de la vigne, il se faisait sans cesse voler ses raisins m\u00fbrs par ses voisins. Quelle fut sa r\u00e9action, pensez-vous? Il leur donna une branche de vigne et les encouragea \u00e0 la planter. Maintenant, ils poss\u00e8dent leur propre vignoble et le probl\u00e8me est r\u00e9solu.<\/p>\n","protected":false},"excerpt":{"rendered":"<p>Francisco Santana vit dans le centre ville de La Havane, la capitale de Cuba. Son appartement est au deuxi\u00e8me \u00e9tage d une maison qui s ouvre sur une terrasse donnant sur le toit de la maison voisine. Un \u00e9t\u00e9, ses enfants ne parvenant pas \u00e0 trouver le sommeil \u00e0 cause de la chaleur. C \u00e9tait&hellip;<\/p>\n","protected":false},"author":142,"featured_media":0,"parent":0,"menu_order":1,"template":"","meta":{"footnotes":"","beyondwords_generate_audio":"","beyondwords_integration_method":"","beyondwords_project_id":"","beyondwords_content_id":"","beyondwords_preview_token":"","beyondwords_player_content":"","beyondwords_player_style":"","beyondwords_language_code":"","beyondwords_language_id":"","beyondwords_title_voice_id":"","beyondwords_body_voice_id":"","beyondwords_summary_voice_id":"","beyondwords_error_message":"","beyondwords_disabled":"","beyondwords_delete_content":"","beyondwords_podcast_id":"","beyondwords_hash":"","publish_post_to_speechkit":"","speechkit_hash":"","speechkit_generate_audio":"","speechkit_project_id":"","speechkit_podcast_id":"","speechkit_error_message":"","speechkit_disabled":"","speechkit_access_key":"","speechkit_error":"","speechkit_info":"","speechkit_response":"","speechkit_retries":"","speechkit_status":"","speechkit_updated_at":"","_speechkit_link":"","_speechkit_text":""},"script-format":[493],"package":[703],"script-category":[438],"class_list":["post-5375","radio-script","type-radio-script","status-publish","hentry","script-format-recit","package-703","script-category-agriculture"],"acf":[],"yoast_head":"<!-- This site is optimized with the Yoast SEO plugin v27.4 - https:\/\/yoast.com\/product\/yoast-seo-wordpress\/ -->\n<title>Un jardin sur le toit-terrasse de M. Santana - Farm Radio Scripts<\/title>\n<meta name=\"robots\" content=\"index, follow, max-snippet:-1, max-image-preview:large, max-video-preview:-1\" \/>\n<link rel=\"canonical\" href=\"https:\/\/scripts.farmradio.fm\/fr\/texte-radiophonique\/un-jardin-sur-le-toit-terrasse-de-m-santana\/\" \/>\n<meta property=\"og:locale\" content=\"fr_CA\" \/>\n<meta property=\"og:type\" content=\"article\" \/>\n<meta property=\"og:title\" content=\"Un jardin sur le toit-terrasse de M. Santana - Farm Radio Scripts\" \/>\n<meta property=\"og:description\" content=\"Francisco Santana vit dans le centre ville de La Havane, la capitale de Cuba. Son appartement est au deuxi\u00e8me \u00e9tage d une maison qui s ouvre sur une terrasse donnant sur le toit de la maison voisine. Un \u00e9t\u00e9, ses enfants ne parvenant pas \u00e0 trouver le sommeil \u00e0 cause de la chaleur. C \u00e9tait&hellip;\" \/>\n<meta property=\"og:url\" content=\"https:\/\/scripts.farmradio.fm\/fr\/texte-radiophonique\/un-jardin-sur-le-toit-terrasse-de-m-santana\/\" \/>\n<meta property=\"og:site_name\" content=\"Farm Radio Scripts\" \/>\n<meta property=\"article:publisher\" content=\"https:\/\/www.facebook.com\/farmradio\/\" \/>\n<meta property=\"article:modified_time\" content=\"2012-11-13T20:26:37+00:00\" \/>\n<meta name=\"twitter:card\" content=\"summary_large_image\" \/>\n<meta name=\"twitter:site\" content=\"@farmradio\" \/>\n<meta name=\"twitter:label1\" content=\"Estimation du temps de lecture\" \/>\n\t<meta name=\"twitter:data1\" content=\"2 minutes\" \/>\n<script type=\"application\/ld+json\" class=\"yoast-schema-graph\">{\"@context\":\"https:\\\/\\\/schema.org\",\"@graph\":[{\"@type\":\"Article\",\"@id\":\"https:\\\/\\\/scripts.farmradio.fm\\\/fr\\\/texte-radiophonique\\\/un-jardin-sur-le-toit-terrasse-de-m-santana\\\/#article\",\"isPartOf\":{\"@id\":\"https:\\\/\\\/scripts.farmradio.fm\\\/fr\\\/texte-radiophonique\\\/un-jardin-sur-le-toit-terrasse-de-m-santana\\\/\"},\"author\":{\"name\":\"Farm Radio International\",\"@id\":\"http:\\\/\\\/scripts.farmradio.fm\\\/fr\\\/#\\\/schema\\\/person\\\/69403b70932fd4f67bafd0d0da259786\"},\"headline\":\"Un jardin sur le toit-terrasse de M. Santana\",\"datePublished\":\"1999-09-01T12:23:58+00:00\",\"dateModified\":\"2012-11-13T20:26:37+00:00\",\"mainEntityOfPage\":{\"@id\":\"https:\\\/\\\/scripts.farmradio.fm\\\/fr\\\/texte-radiophonique\\\/un-jardin-sur-le-toit-terrasse-de-m-santana\\\/\"},\"wordCount\":492,\"publisher\":{\"@id\":\"http:\\\/\\\/scripts.farmradio.fm\\\/fr\\\/#organization\"},\"inLanguage\":\"fr-CA\"},{\"@type\":\"WebPage\",\"@id\":\"https:\\\/\\\/scripts.farmradio.fm\\\/fr\\\/texte-radiophonique\\\/un-jardin-sur-le-toit-terrasse-de-m-santana\\\/\",\"url\":\"https:\\\/\\\/scripts.farmradio.fm\\\/fr\\\/texte-radiophonique\\\/un-jardin-sur-le-toit-terrasse-de-m-santana\\\/\",\"name\":\"Un jardin sur le toit-terrasse de M. Santana - Farm Radio Scripts\",\"isPartOf\":{\"@id\":\"http:\\\/\\\/scripts.farmradio.fm\\\/fr\\\/#website\"},\"datePublished\":\"1999-09-01T12:23:58+00:00\",\"dateModified\":\"2012-11-13T20:26:37+00:00\",\"breadcrumb\":{\"@id\":\"https:\\\/\\\/scripts.farmradio.fm\\\/fr\\\/texte-radiophonique\\\/un-jardin-sur-le-toit-terrasse-de-m-santana\\\/#breadcrumb\"},\"inLanguage\":\"fr-CA\",\"potentialAction\":[{\"@type\":\"ReadAction\",\"target\":[\"https:\\\/\\\/scripts.farmradio.fm\\\/fr\\\/texte-radiophonique\\\/un-jardin-sur-le-toit-terrasse-de-m-santana\\\/\"]}]},{\"@type\":\"BreadcrumbList\",\"@id\":\"https:\\\/\\\/scripts.farmradio.fm\\\/fr\\\/texte-radiophonique\\\/un-jardin-sur-le-toit-terrasse-de-m-santana\\\/#breadcrumb\",\"itemListElement\":[{\"@type\":\"ListItem\",\"position\":1,\"name\":\"Accueil\",\"item\":\"https:\\\/\\\/scripts.farmradio.fm\\\/fr\\\/\"},{\"@type\":\"ListItem\",\"position\":2,\"name\":\"R\u00e9cit\",\"item\":\"https:\\\/\\\/scripts.farmradio.fm\\\/fr\\\/format\\\/recit\\\/\"},{\"@type\":\"ListItem\",\"position\":3,\"name\":\"Un jardin sur le toit-terrasse de M. Santana\"}]},{\"@type\":\"WebSite\",\"@id\":\"http:\\\/\\\/scripts.farmradio.fm\\\/fr\\\/#website\",\"url\":\"http:\\\/\\\/scripts.farmradio.fm\\\/fr\\\/\",\"name\":\"Farm Radio Scripts\",\"description\":\"\",\"publisher\":{\"@id\":\"http:\\\/\\\/scripts.farmradio.fm\\\/fr\\\/#organization\"},\"potentialAction\":[{\"@type\":\"SearchAction\",\"target\":{\"@type\":\"EntryPoint\",\"urlTemplate\":\"http:\\\/\\\/scripts.farmradio.fm\\\/fr\\\/?s={search_term_string}\"},\"query-input\":{\"@type\":\"PropertyValueSpecification\",\"valueRequired\":true,\"valueName\":\"search_term_string\"}}],\"inLanguage\":\"fr-CA\"},{\"@type\":\"Organization\",\"@id\":\"http:\\\/\\\/scripts.farmradio.fm\\\/fr\\\/#organization\",\"name\":\"Farm Radio International\",\"url\":\"http:\\\/\\\/scripts.farmradio.fm\\\/fr\\\/\",\"logo\":{\"@type\":\"ImageObject\",\"inLanguage\":\"fr-CA\",\"@id\":\"http:\\\/\\\/scripts.farmradio.fm\\\/fr\\\/#\\\/schema\\\/logo\\\/image\\\/\",\"url\":\"https:\\\/\\\/scripts.farmradio.fm\\\/wp-content\\\/uploads\\\/farmRadioLogo.jpg\",\"contentUrl\":\"https:\\\/\\\/scripts.farmradio.fm\\\/wp-content\\\/uploads\\\/farmRadioLogo.jpg\",\"width\":200,\"height\":75,\"caption\":\"Farm Radio International\"},\"image\":{\"@id\":\"http:\\\/\\\/scripts.farmradio.fm\\\/fr\\\/#\\\/schema\\\/logo\\\/image\\\/\"},\"sameAs\":[\"https:\\\/\\\/www.facebook.com\\\/farmradio\\\/\",\"https:\\\/\\\/x.com\\\/farmradio\",\"https:\\\/\\\/www.instagram.com\\\/farmradio\\\/\",\"https:\\\/\\\/www.youtube.com\\\/user\\\/FarmRadioInt\"]},{\"@type\":\"Person\",\"@id\":\"http:\\\/\\\/scripts.farmradio.fm\\\/fr\\\/#\\\/schema\\\/person\\\/69403b70932fd4f67bafd0d0da259786\",\"name\":\"Farm Radio International\",\"image\":{\"@type\":\"ImageObject\",\"inLanguage\":\"fr-CA\",\"@id\":\"https:\\\/\\\/secure.gravatar.com\\\/avatar\\\/493231adf65be6b99ae1dc0dfb13ccca3d412c29f85aa9727be6190faa6293cd?s=96&d=mm&r=g\",\"url\":\"https:\\\/\\\/secure.gravatar.com\\\/avatar\\\/493231adf65be6b99ae1dc0dfb13ccca3d412c29f85aa9727be6190faa6293cd?s=96&d=mm&r=g\",\"contentUrl\":\"https:\\\/\\\/secure.gravatar.com\\\/avatar\\\/493231adf65be6b99ae1dc0dfb13ccca3d412c29f85aa9727be6190faa6293cd?s=96&d=mm&r=g\",\"caption\":\"Farm Radio International\"},\"sameAs\":[\"http:\\\/\\\/frrp.wpengine.com\"]}]}<\/script>\n<!-- \/ Yoast SEO plugin. -->","yoast_head_json":{"title":"Un jardin sur le toit-terrasse de M. Santana - Farm Radio Scripts","robots":{"index":"index","follow":"follow","max-snippet":"max-snippet:-1","max-image-preview":"max-image-preview:large","max-video-preview":"max-video-preview:-1"},"canonical":"https:\/\/scripts.farmradio.fm\/fr\/texte-radiophonique\/un-jardin-sur-le-toit-terrasse-de-m-santana\/","og_locale":"fr_CA","og_type":"article","og_title":"Un jardin sur le toit-terrasse de M. Santana - Farm Radio Scripts","og_description":"Francisco Santana vit dans le centre ville de La Havane, la capitale de Cuba. Son appartement est au deuxi\u00e8me \u00e9tage d une maison qui s ouvre sur une terrasse donnant sur le toit de la maison voisine. Un \u00e9t\u00e9, ses enfants ne parvenant pas \u00e0 trouver le sommeil \u00e0 cause de la chaleur. C \u00e9tait&hellip;","og_url":"https:\/\/scripts.farmradio.fm\/fr\/texte-radiophonique\/un-jardin-sur-le-toit-terrasse-de-m-santana\/","og_site_name":"Farm Radio Scripts","article_publisher":"https:\/\/www.facebook.com\/farmradio\/","article_modified_time":"2012-11-13T20:26:37+00:00","twitter_card":"summary_large_image","twitter_site":"@farmradio","twitter_misc":{"Estimation du temps de lecture":"2 minutes"},"schema":{"@context":"https:\/\/schema.org","@graph":[{"@type":"Article","@id":"https:\/\/scripts.farmradio.fm\/fr\/texte-radiophonique\/un-jardin-sur-le-toit-terrasse-de-m-santana\/#article","isPartOf":{"@id":"https:\/\/scripts.farmradio.fm\/fr\/texte-radiophonique\/un-jardin-sur-le-toit-terrasse-de-m-santana\/"},"author":{"name":"Farm Radio International","@id":"http:\/\/scripts.farmradio.fm\/fr\/#\/schema\/person\/69403b70932fd4f67bafd0d0da259786"},"headline":"Un jardin sur le toit-terrasse de M. Santana","datePublished":"1999-09-01T12:23:58+00:00","dateModified":"2012-11-13T20:26:37+00:00","mainEntityOfPage":{"@id":"https:\/\/scripts.farmradio.fm\/fr\/texte-radiophonique\/un-jardin-sur-le-toit-terrasse-de-m-santana\/"},"wordCount":492,"publisher":{"@id":"http:\/\/scripts.farmradio.fm\/fr\/#organization"},"inLanguage":"fr-CA"},{"@type":"WebPage","@id":"https:\/\/scripts.farmradio.fm\/fr\/texte-radiophonique\/un-jardin-sur-le-toit-terrasse-de-m-santana\/","url":"https:\/\/scripts.farmradio.fm\/fr\/texte-radiophonique\/un-jardin-sur-le-toit-terrasse-de-m-santana\/","name":"Un jardin sur le toit-terrasse de M. Santana - Farm Radio Scripts","isPartOf":{"@id":"http:\/\/scripts.farmradio.fm\/fr\/#website"},"datePublished":"1999-09-01T12:23:58+00:00","dateModified":"2012-11-13T20:26:37+00:00","breadcrumb":{"@id":"https:\/\/scripts.farmradio.fm\/fr\/texte-radiophonique\/un-jardin-sur-le-toit-terrasse-de-m-santana\/#breadcrumb"},"inLanguage":"fr-CA","potentialAction":[{"@type":"ReadAction","target":["https:\/\/scripts.farmradio.fm\/fr\/texte-radiophonique\/un-jardin-sur-le-toit-terrasse-de-m-santana\/"]}]},{"@type":"BreadcrumbList","@id":"https:\/\/scripts.farmradio.fm\/fr\/texte-radiophonique\/un-jardin-sur-le-toit-terrasse-de-m-santana\/#breadcrumb","itemListElement":[{"@type":"ListItem","position":1,"name":"Accueil","item":"https:\/\/scripts.farmradio.fm\/fr\/"},{"@type":"ListItem","position":2,"name":"R\u00e9cit","item":"https:\/\/scripts.farmradio.fm\/fr\/format\/recit\/"},{"@type":"ListItem","position":3,"name":"Un jardin sur le toit-terrasse de M. Santana"}]},{"@type":"WebSite","@id":"http:\/\/scripts.farmradio.fm\/fr\/#website","url":"http:\/\/scripts.farmradio.fm\/fr\/","name":"Farm Radio Scripts","description":"","publisher":{"@id":"http:\/\/scripts.farmradio.fm\/fr\/#organization"},"potentialAction":[{"@type":"SearchAction","target":{"@type":"EntryPoint","urlTemplate":"http:\/\/scripts.farmradio.fm\/fr\/?s={search_term_string}"},"query-input":{"@type":"PropertyValueSpecification","valueRequired":true,"valueName":"search_term_string"}}],"inLanguage":"fr-CA"},{"@type":"Organization","@id":"http:\/\/scripts.farmradio.fm\/fr\/#organization","name":"Farm Radio International","url":"http:\/\/scripts.farmradio.fm\/fr\/","logo":{"@type":"ImageObject","inLanguage":"fr-CA","@id":"http:\/\/scripts.farmradio.fm\/fr\/#\/schema\/logo\/image\/","url":"https:\/\/scripts.farmradio.fm\/wp-content\/uploads\/farmRadioLogo.jpg","contentUrl":"https:\/\/scripts.farmradio.fm\/wp-content\/uploads\/farmRadioLogo.jpg","width":200,"height":75,"caption":"Farm Radio International"},"image":{"@id":"http:\/\/scripts.farmradio.fm\/fr\/#\/schema\/logo\/image\/"},"sameAs":["https:\/\/www.facebook.com\/farmradio\/","https:\/\/x.com\/farmradio","https:\/\/www.instagram.com\/farmradio\/","https:\/\/www.youtube.com\/user\/FarmRadioInt"]},{"@type":"Person","@id":"http:\/\/scripts.farmradio.fm\/fr\/#\/schema\/person\/69403b70932fd4f67bafd0d0da259786","name":"Farm Radio International","image":{"@type":"ImageObject","inLanguage":"fr-CA","@id":"https:\/\/secure.gravatar.com\/avatar\/493231adf65be6b99ae1dc0dfb13ccca3d412c29f85aa9727be6190faa6293cd?s=96&d=mm&r=g","url":"https:\/\/secure.gravatar.com\/avatar\/493231adf65be6b99ae1dc0dfb13ccca3d412c29f85aa9727be6190faa6293cd?s=96&d=mm&r=g","contentUrl":"https:\/\/secure.gravatar.com\/avatar\/493231adf65be6b99ae1dc0dfb13ccca3d412c29f85aa9727be6190faa6293cd?s=96&d=mm&r=g","caption":"Farm Radio International"},"sameAs":["http:\/\/frrp.wpengine.com"]}]}},"_links":{"self":[{"href":"https:\/\/scripts.farmradio.fm\/fr\/wp-json\/wp\/v2\/radio-script\/5375","targetHints":{"allow":["GET"]}}],"collection":[{"href":"https:\/\/scripts.farmradio.fm\/fr\/wp-json\/wp\/v2\/radio-script"}],"about":[{"href":"https:\/\/scripts.farmradio.fm\/fr\/wp-json\/wp\/v2\/types\/radio-script"}],"author":[{"embeddable":true,"href":"https:\/\/scripts.farmradio.fm\/fr\/wp-json\/wp\/v2\/users\/142"}],"version-history":[{"count":0,"href":"https:\/\/scripts.farmradio.fm\/fr\/wp-json\/wp\/v2\/radio-script\/5375\/revisions"}],"wp:attachment":[{"href":"https:\/\/scripts.farmradio.fm\/fr\/wp-json\/wp\/v2\/media?parent=5375"}],"wp:term":[{"taxonomy":"script-format","embeddable":true,"href":"https:\/\/scripts.farmradio.fm\/fr\/wp-json\/wp\/v2\/script-format?post=5375"},{"taxonomy":"package","embeddable":true,"href":"https:\/\/scripts.farmradio.fm\/fr\/wp-json\/wp\/v2\/package?post=5375"},{"taxonomy":"script-category","embeddable":true,"href":"https:\/\/scripts.farmradio.fm\/fr\/wp-json\/wp\/v2\/script-category?post=5375"}],"curies":[{"name":"wp","href":"https:\/\/api.w.org\/{rel}","templated":true}]}}