{"id":5346,"date":"2000-04-01T14:37:56","date_gmt":"2000-04-01T11:37:56","guid":{"rendered":"http:\/\/frrp.wpengine.com\/?post_type=radio-resource-packs&#038;p=5346"},"modified":"2012-11-13T14:45:48","modified_gmt":"2012-11-13T19:45:48","slug":"5346-2","status":"publish","type":"radio-script","link":"https:\/\/scripts.farmradio.fm\/fr\/texte-radiophonique\/5346-2\/","title":{"rendered":"Le jardin forestier: un jardin avec des \u00e9tag\u00e8res"},"content":{"rendered":"<p><strong>L\u2019ANIMATEUR:<\/strong><br \/>\nQu\u2019est ce qu\u2019un jardin forestier et un supermarch\u00e9 ont en commun?<\/p>\n<p>Ils produisent tous deux beaucoup de nourriture et ont tous deux des \u201c\u00e9tag\u00e8res.\u201d<\/p>\n<p>Quand je parle d\u2019\u00e9tag\u00e8res, je d\u00e9signe les nombreux niveaux d\u2019arbres, d\u2019arbrisseaux, de plantes grimpantes et autres plantes qui poussent dans le jardin forestier.<br \/>\nQuels sont les avantages du jardin forestier?<\/p>\n<p>La nourriture du jardin forestier est fra\u00eeche et nutritive mais il y a un autre avantage plus important encore.<\/p>\n<p>Vous est-il arriv\u00e9 de n\u2019avoir ni argent ni nourriture?<\/p>\n<p>Le jardin forestier vous fournit de la nourriture dans les moments d\u2019urgence sans \u00eatre oblig\u00e9 d\u2019aller au march\u00e9.<br \/>\nSi vous voulez cultiver un jardin forestier, essayez de reconstituer une vraie for\u00eat.<\/p>\n<p>Cultivez \u00e0 diff\u00e9rents niveaux et plantez des arbres qui donnent des fruits \u00e0 diff\u00e9rents moments de l\u2019ann\u00e9e.<\/p>\n<p>Cela prendra quelque temps et efforts pour mettre en place un jardin forestier et vous n\u2019en verrez les r\u00e9sultats que plusieurs ann\u00e9es plus tard.<br \/>\nTout comme une for\u00eat naturelle, le jardin forestier a diff\u00e9rents niveaux d\u2019arbres.<\/p>\n<p>Le niveau le plus haut est le feuillage des grands arbres qui prot\u00e8ge le sol du soleil trop chaud.<\/p>\n<p>Les racines de l\u2019arbre puisent des \u00e9l\u00e9ments nutritifs dans le sol et les am\u00e8ne \u00e0 la surface o\u00f9 ils peuvent \u00eatre utilis\u00e9s par les autres plantes.<\/p>\n<p>Les feuilles tomb\u00e9es ajoutent des \u00e9l\u00e9ments nutritifs au sol.<br \/>\nEn dessous des arbres, dans un jardin domestique, il y a un autre niveau d\u2019arbres plus petits sous lesquels poussent arbrisseaux et plantes grimpantes.<\/p>\n<p>Par exemple, le cacaoyer et le caf\u00e9ier poussent bien \u00e0 l\u2019ombre des cocotiers et des manguiers.<\/p>\n<p>La vanille a besoin d\u2019ombre pour bien pousser.<\/p>\n<p>En dessous et \u00e0 c\u00f4t\u00e9 des arbrisseaux et des plantes grimpantes, sur le niveau inf\u00e9rieur du jardin, on y retrouve des plantes telles que le taro, l\u2019ananas, le manioc et la canne \u00e0 sucre.<br \/>\nChaque niveau du jardin est comme une \u00e9tag\u00e8re et vous pouvez y trouver de la nourriture fra\u00eeche et nutritive quand vous en avez besoin.<\/p>\n<p>Quand vous cultivez beaucoup de plantes en m\u00eame temps, votre situation est plus rassurante.<\/p>\n<p>Gr\u00e2ce au m\u00e9lange des esp\u00e8ces et aux diff\u00e9rentes p\u00e9riodes de maturit\u00e9 des fruits dans un jardin forestier, il y a toujours quelque chose \u00e0 r\u00e9colter.<\/p>\n<p>Les \u00e9tag\u00e8res du jardin forestier fournissent de la nourriture et un revenu tout au long de l\u2019ann\u00e9e.<\/p>\n","protected":false},"excerpt":{"rendered":"<p>L\u2019ANIMATEUR: Qu\u2019est ce qu\u2019un jardin forestier et un supermarch\u00e9 ont en commun? Ils produisent tous deux beaucoup de nourriture et ont tous deux des \u201c\u00e9tag\u00e8res.\u201d Quand je parle d\u2019\u00e9tag\u00e8res, je d\u00e9signe les nombreux niveaux d\u2019arbres, d\u2019arbrisseaux, de plantes grimpantes et autres plantes qui poussent dans le jardin forestier. Quels sont les avantages du jardin forestier?&hellip;<\/p>\n","protected":false},"author":142,"featured_media":0,"parent":0,"menu_order":5,"template":"","meta":{"footnotes":"","beyondwords_generate_audio":"","beyondwords_project_id":"","beyondwords_content_id":"","beyondwords_integration_method":"","beyondwords_language_code":"","beyondwords_language_id":"","beyondwords_body_voice_id":"","beyondwords_delete_content":"","beyondwords_source":"","beyondwords_output":"","beyondwords_script_template_id":"","beyondwords_video_template_id":"","beyondwords_video_size":"","beyondwords_embed":"","beyondwords_podcast_id":"","speechkit_generate_audio":"","speechkit_project_id":"","speechkit_podcast_id":""},"script-format":[493],"package":[701],"script-category":[840,831,440],"class_list":["post-5346","radio-script","type-radio-script","status-publish","hentry","script-format-recit","package-701","script-category-arbres-agroforesterie","script-category-cultures-agricoles","script-category-environnement"],"acf":[],"yoast_head":"<!-- This site is optimized with the Yoast SEO plugin v28.4 - https:\/\/yoast.com\/product\/yoast-seo-wordpress\/ -->\n<title>Le jardin forestier: un jardin avec des \u00e9tag\u00e8res - Farm Radio Scripts<\/title>\n<meta name=\"robots\" content=\"index, follow, max-snippet:-1, max-image-preview:large, max-video-preview:-1\" \/>\n<link rel=\"canonical\" href=\"https:\/\/scripts.farmradio.fm\/fr\/texte-radiophonique\/5346-2\/\" \/>\n<meta property=\"og:locale\" content=\"fr_CA\" \/>\n<meta property=\"og:type\" content=\"article\" \/>\n<meta property=\"og:title\" content=\"Le jardin forestier: un jardin avec des \u00e9tag\u00e8res - Farm Radio Scripts\" \/>\n<meta property=\"og:description\" content=\"L\u2019ANIMATEUR: Qu\u2019est ce qu\u2019un jardin forestier et un supermarch\u00e9 ont en commun? Ils produisent tous deux beaucoup de nourriture et ont tous deux des \u201c\u00e9tag\u00e8res.\u201d Quand je parle d\u2019\u00e9tag\u00e8res, je d\u00e9signe les nombreux niveaux d\u2019arbres, d\u2019arbrisseaux, de plantes grimpantes et autres plantes qui poussent dans le jardin forestier. Quels sont les avantages du jardin forestier?&hellip;\" \/>\n<meta property=\"og:url\" content=\"https:\/\/scripts.farmradio.fm\/fr\/texte-radiophonique\/5346-2\/\" \/>\n<meta property=\"og:site_name\" content=\"Farm Radio Scripts\" \/>\n<meta property=\"article:publisher\" content=\"https:\/\/www.facebook.com\/farmradio\/\" \/>\n<meta property=\"article:modified_time\" content=\"2012-11-13T19:45:48+00:00\" \/>\n<meta name=\"twitter:card\" content=\"summary_large_image\" \/>\n<meta name=\"twitter:site\" content=\"@farmradio\" \/>\n<meta name=\"twitter:label1\" content=\"Estimation du temps de lecture\" \/>\n\t<meta name=\"twitter:data1\" content=\"2 minutes\" \/>\n<script type=\"application\/ld+json\" class=\"yoast-schema-graph\">{\"@context\":\"https:\\\/\\\/schema.org\",\"@graph\":[{\"@type\":\"Article\",\"@id\":\"https:\\\/\\\/scripts.farmradio.fm\\\/fr\\\/texte-radiophonique\\\/5346-2\\\/#article\",\"isPartOf\":{\"@id\":\"https:\\\/\\\/scripts.farmradio.fm\\\/fr\\\/texte-radiophonique\\\/5346-2\\\/\"},\"author\":{\"name\":\"Farm Radio International\",\"@id\":\"http:\\\/\\\/scripts.farmradio.fm\\\/fr\\\/#\\\/schema\\\/person\\\/abc034e69b53cb6ac441ffa927f22648\"},\"headline\":\"Le jardin forestier: un jardin avec des \u00e9tag\u00e8res\",\"datePublished\":\"2000-04-01T11:37:56+00:00\",\"dateModified\":\"2012-11-13T19:45:48+00:00\",\"mainEntityOfPage\":{\"@id\":\"https:\\\/\\\/scripts.farmradio.fm\\\/fr\\\/texte-radiophonique\\\/5346-2\\\/\"},\"wordCount\":435,\"publisher\":{\"@id\":\"http:\\\/\\\/scripts.farmradio.fm\\\/fr\\\/#organization\"},\"inLanguage\":\"fr-CA\"},{\"@type\":\"WebPage\",\"@id\":\"https:\\\/\\\/scripts.farmradio.fm\\\/fr\\\/texte-radiophonique\\\/5346-2\\\/\",\"url\":\"https:\\\/\\\/scripts.farmradio.fm\\\/fr\\\/texte-radiophonique\\\/5346-2\\\/\",\"name\":\"Le jardin forestier: un jardin avec des \u00e9tag\u00e8res - Farm Radio Scripts\",\"isPartOf\":{\"@id\":\"http:\\\/\\\/scripts.farmradio.fm\\\/fr\\\/#website\"},\"datePublished\":\"2000-04-01T11:37:56+00:00\",\"dateModified\":\"2012-11-13T19:45:48+00:00\",\"breadcrumb\":{\"@id\":\"https:\\\/\\\/scripts.farmradio.fm\\\/fr\\\/texte-radiophonique\\\/5346-2\\\/#breadcrumb\"},\"inLanguage\":\"fr-CA\",\"potentialAction\":[{\"@type\":\"ReadAction\",\"target\":[\"https:\\\/\\\/scripts.farmradio.fm\\\/fr\\\/texte-radiophonique\\\/5346-2\\\/\"]}]},{\"@type\":\"BreadcrumbList\",\"@id\":\"https:\\\/\\\/scripts.farmradio.fm\\\/fr\\\/texte-radiophonique\\\/5346-2\\\/#breadcrumb\",\"itemListElement\":[{\"@type\":\"ListItem\",\"position\":1,\"name\":\"Accueil\",\"item\":\"https:\\\/\\\/scripts.farmradio.fm\\\/fr\\\/\"},{\"@type\":\"ListItem\",\"position\":2,\"name\":\"R\u00e9cit\",\"item\":\"https:\\\/\\\/scripts.farmradio.fm\\\/fr\\\/format\\\/recit\\\/\"},{\"@type\":\"ListItem\",\"position\":3,\"name\":\"Le jardin forestier: un jardin avec des \u00e9tag\u00e8res\"}]},{\"@type\":\"WebSite\",\"@id\":\"http:\\\/\\\/scripts.farmradio.fm\\\/fr\\\/#website\",\"url\":\"http:\\\/\\\/scripts.farmradio.fm\\\/fr\\\/\",\"name\":\"Farm Radio Scripts\",\"description\":\"\",\"publisher\":{\"@id\":\"http:\\\/\\\/scripts.farmradio.fm\\\/fr\\\/#organization\"},\"potentialAction\":[{\"@type\":\"SearchAction\",\"target\":{\"@type\":\"EntryPoint\",\"urlTemplate\":\"http:\\\/\\\/scripts.farmradio.fm\\\/fr\\\/?s={search_term_string}\"},\"query-input\":{\"@type\":\"PropertyValueSpecification\",\"valueRequired\":true,\"valueName\":\"search_term_string\"}}],\"inLanguage\":\"fr-CA\"},{\"@type\":\"Organization\",\"@id\":\"http:\\\/\\\/scripts.farmradio.fm\\\/fr\\\/#organization\",\"name\":\"Farm Radio International\",\"url\":\"http:\\\/\\\/scripts.farmradio.fm\\\/fr\\\/\",\"logo\":{\"@type\":\"ImageObject\",\"inLanguage\":\"fr-CA\",\"@id\":\"http:\\\/\\\/scripts.farmradio.fm\\\/fr\\\/#\\\/schema\\\/logo\\\/image\\\/\",\"url\":\"https:\\\/\\\/scripts.farmradio.fm\\\/wp-content\\\/uploads\\\/farmRadioLogo.jpg\",\"contentUrl\":\"https:\\\/\\\/scripts.farmradio.fm\\\/wp-content\\\/uploads\\\/farmRadioLogo.jpg\",\"width\":200,\"height\":75,\"caption\":\"Farm Radio International\"},\"image\":{\"@id\":\"http:\\\/\\\/scripts.farmradio.fm\\\/fr\\\/#\\\/schema\\\/logo\\\/image\\\/\"},\"sameAs\":[\"https:\\\/\\\/www.facebook.com\\\/farmradio\\\/\",\"https:\\\/\\\/x.com\\\/farmradio\",\"https:\\\/\\\/www.instagram.com\\\/farmradio\\\/\",\"https:\\\/\\\/www.youtube.com\\\/user\\\/FarmRadioInt\"]},{\"@type\":\"Person\",\"@id\":\"http:\\\/\\\/scripts.farmradio.fm\\\/fr\\\/#\\\/schema\\\/person\\\/abc034e69b53cb6ac441ffa927f22648\",\"name\":\"Farm Radio International\",\"image\":{\"@type\":\"ImageObject\",\"inLanguage\":\"fr-CA\",\"@id\":\"https:\\\/\\\/secure.gravatar.com\\\/avatar\\\/493231adf65be6b99ae1dc0dfb13ccca3d412c29f85aa9727be6190faa6293cd?s=96&d=mm&r=g\",\"url\":\"https:\\\/\\\/secure.gravatar.com\\\/avatar\\\/493231adf65be6b99ae1dc0dfb13ccca3d412c29f85aa9727be6190faa6293cd?s=96&d=mm&r=g\",\"contentUrl\":\"https:\\\/\\\/secure.gravatar.com\\\/avatar\\\/493231adf65be6b99ae1dc0dfb13ccca3d412c29f85aa9727be6190faa6293cd?s=96&d=mm&r=g\",\"caption\":\"Farm Radio International\"},\"sameAs\":[\"http:\\\/\\\/frrp.wpengine.com\"]}]}<\/script>\n<!-- \/ Yoast SEO plugin. -->","yoast_head_json":{"title":"Le jardin forestier: un jardin avec des \u00e9tag\u00e8res - Farm Radio Scripts","robots":{"index":"index","follow":"follow","max-snippet":"max-snippet:-1","max-image-preview":"max-image-preview:large","max-video-preview":"max-video-preview:-1"},"canonical":"https:\/\/scripts.farmradio.fm\/fr\/texte-radiophonique\/5346-2\/","og_locale":"fr_CA","og_type":"article","og_title":"Le jardin forestier: un jardin avec des \u00e9tag\u00e8res - Farm Radio Scripts","og_description":"L\u2019ANIMATEUR: Qu\u2019est ce qu\u2019un jardin forestier et un supermarch\u00e9 ont en commun? Ils produisent tous deux beaucoup de nourriture et ont tous deux des \u201c\u00e9tag\u00e8res.\u201d Quand je parle d\u2019\u00e9tag\u00e8res, je d\u00e9signe les nombreux niveaux d\u2019arbres, d\u2019arbrisseaux, de plantes grimpantes et autres plantes qui poussent dans le jardin forestier. Quels sont les avantages du jardin forestier?&hellip;","og_url":"https:\/\/scripts.farmradio.fm\/fr\/texte-radiophonique\/5346-2\/","og_site_name":"Farm Radio Scripts","article_publisher":"https:\/\/www.facebook.com\/farmradio\/","article_modified_time":"2012-11-13T19:45:48+00:00","twitter_card":"summary_large_image","twitter_site":"@farmradio","twitter_misc":{"Estimation du temps de lecture":"2 minutes"},"schema":{"@context":"https:\/\/schema.org","@graph":[{"@type":"Article","@id":"https:\/\/scripts.farmradio.fm\/fr\/texte-radiophonique\/5346-2\/#article","isPartOf":{"@id":"https:\/\/scripts.farmradio.fm\/fr\/texte-radiophonique\/5346-2\/"},"author":{"name":"Farm Radio International","@id":"http:\/\/scripts.farmradio.fm\/fr\/#\/schema\/person\/abc034e69b53cb6ac441ffa927f22648"},"headline":"Le jardin forestier: un jardin avec des \u00e9tag\u00e8res","datePublished":"2000-04-01T11:37:56+00:00","dateModified":"2012-11-13T19:45:48+00:00","mainEntityOfPage":{"@id":"https:\/\/scripts.farmradio.fm\/fr\/texte-radiophonique\/5346-2\/"},"wordCount":435,"publisher":{"@id":"http:\/\/scripts.farmradio.fm\/fr\/#organization"},"inLanguage":"fr-CA"},{"@type":"WebPage","@id":"https:\/\/scripts.farmradio.fm\/fr\/texte-radiophonique\/5346-2\/","url":"https:\/\/scripts.farmradio.fm\/fr\/texte-radiophonique\/5346-2\/","name":"Le jardin forestier: un jardin avec des \u00e9tag\u00e8res - Farm Radio Scripts","isPartOf":{"@id":"http:\/\/scripts.farmradio.fm\/fr\/#website"},"datePublished":"2000-04-01T11:37:56+00:00","dateModified":"2012-11-13T19:45:48+00:00","breadcrumb":{"@id":"https:\/\/scripts.farmradio.fm\/fr\/texte-radiophonique\/5346-2\/#breadcrumb"},"inLanguage":"fr-CA","potentialAction":[{"@type":"ReadAction","target":["https:\/\/scripts.farmradio.fm\/fr\/texte-radiophonique\/5346-2\/"]}]},{"@type":"BreadcrumbList","@id":"https:\/\/scripts.farmradio.fm\/fr\/texte-radiophonique\/5346-2\/#breadcrumb","itemListElement":[{"@type":"ListItem","position":1,"name":"Accueil","item":"https:\/\/scripts.farmradio.fm\/fr\/"},{"@type":"ListItem","position":2,"name":"R\u00e9cit","item":"https:\/\/scripts.farmradio.fm\/fr\/format\/recit\/"},{"@type":"ListItem","position":3,"name":"Le jardin forestier: un jardin avec des \u00e9tag\u00e8res"}]},{"@type":"WebSite","@id":"http:\/\/scripts.farmradio.fm\/fr\/#website","url":"http:\/\/scripts.farmradio.fm\/fr\/","name":"Farm Radio Scripts","description":"","publisher":{"@id":"http:\/\/scripts.farmradio.fm\/fr\/#organization"},"potentialAction":[{"@type":"SearchAction","target":{"@type":"EntryPoint","urlTemplate":"http:\/\/scripts.farmradio.fm\/fr\/?s={search_term_string}"},"query-input":{"@type":"PropertyValueSpecification","valueRequired":true,"valueName":"search_term_string"}}],"inLanguage":"fr-CA"},{"@type":"Organization","@id":"http:\/\/scripts.farmradio.fm\/fr\/#organization","name":"Farm Radio International","url":"http:\/\/scripts.farmradio.fm\/fr\/","logo":{"@type":"ImageObject","inLanguage":"fr-CA","@id":"http:\/\/scripts.farmradio.fm\/fr\/#\/schema\/logo\/image\/","url":"https:\/\/scripts.farmradio.fm\/wp-content\/uploads\/farmRadioLogo.jpg","contentUrl":"https:\/\/scripts.farmradio.fm\/wp-content\/uploads\/farmRadioLogo.jpg","width":200,"height":75,"caption":"Farm Radio International"},"image":{"@id":"http:\/\/scripts.farmradio.fm\/fr\/#\/schema\/logo\/image\/"},"sameAs":["https:\/\/www.facebook.com\/farmradio\/","https:\/\/x.com\/farmradio","https:\/\/www.instagram.com\/farmradio\/","https:\/\/www.youtube.com\/user\/FarmRadioInt"]},{"@type":"Person","@id":"http:\/\/scripts.farmradio.fm\/fr\/#\/schema\/person\/abc034e69b53cb6ac441ffa927f22648","name":"Farm Radio International","image":{"@type":"ImageObject","inLanguage":"fr-CA","@id":"https:\/\/secure.gravatar.com\/avatar\/493231adf65be6b99ae1dc0dfb13ccca3d412c29f85aa9727be6190faa6293cd?s=96&d=mm&r=g","url":"https:\/\/secure.gravatar.com\/avatar\/493231adf65be6b99ae1dc0dfb13ccca3d412c29f85aa9727be6190faa6293cd?s=96&d=mm&r=g","contentUrl":"https:\/\/secure.gravatar.com\/avatar\/493231adf65be6b99ae1dc0dfb13ccca3d412c29f85aa9727be6190faa6293cd?s=96&d=mm&r=g","caption":"Farm Radio International"},"sameAs":["http:\/\/frrp.wpengine.com"]}]}},"_links":{"self":[{"href":"https:\/\/scripts.farmradio.fm\/fr\/wp-json\/wp\/v2\/radio-script\/5346","targetHints":{"allow":["GET"]}}],"collection":[{"href":"https:\/\/scripts.farmradio.fm\/fr\/wp-json\/wp\/v2\/radio-script"}],"about":[{"href":"https:\/\/scripts.farmradio.fm\/fr\/wp-json\/wp\/v2\/types\/radio-script"}],"author":[{"embeddable":true,"href":"https:\/\/scripts.farmradio.fm\/fr\/wp-json\/wp\/v2\/users\/142"}],"version-history":[{"count":0,"href":"https:\/\/scripts.farmradio.fm\/fr\/wp-json\/wp\/v2\/radio-script\/5346\/revisions"}],"wp:attachment":[{"href":"https:\/\/scripts.farmradio.fm\/fr\/wp-json\/wp\/v2\/media?parent=5346"}],"wp:term":[{"taxonomy":"script-format","embeddable":true,"href":"https:\/\/scripts.farmradio.fm\/fr\/wp-json\/wp\/v2\/script-format?post=5346"},{"taxonomy":"package","embeddable":true,"href":"https:\/\/scripts.farmradio.fm\/fr\/wp-json\/wp\/v2\/package?post=5346"},{"taxonomy":"script-category","embeddable":true,"href":"https:\/\/scripts.farmradio.fm\/fr\/wp-json\/wp\/v2\/script-category?post=5346"}],"curies":[{"name":"wp","href":"https:\/\/api.w.org\/{rel}","templated":true}]}}