{"id":5265,"date":"2001-04-01T11:51:39","date_gmt":"2001-04-01T08:51:39","guid":{"rendered":"http:\/\/frrp.wpengine.com\/?post_type=radio-resource-packs&#038;p=5265"},"modified":"2018-02-06T18:47:23","modified_gmt":"2018-02-06T15:47:23","slug":"risques-lies-au-travail-sur-la-ferme-chez-les-jeunes","status":"publish","type":"radio-script","link":"https:\/\/scripts.farmradio.fm\/fr\/texte-radiophonique\/risques-lies-au-travail-sur-la-ferme-chez-les-jeunes\/","title":{"rendered":"Risques Li\u00e9s au Travail sur la Ferme Chez les Jeunes"},"content":{"rendered":"<p><strong>Les personnages:<\/strong><br \/>\n<strong>L\u2019animateur.<\/strong><br \/>\n<strong>Priti:<\/strong> Une jeune femme d\u2019environ 18 ans.<br \/>\n<strong>Rithu:<\/strong> La tante de Priti.<br \/>\n<strong>Raju:<\/strong> Un gar\u00e7on de 15 ans (le fils de la voisine de Rithu).<\/p>\n<p>DES BRUITS PROVENANT D\u2019UN MARCH\u00c9 PUBLIC.<\/p>\n<p>L\u2019EFFET SONORE EST MAINTENUE PENDANT LA PRESENTATION.<\/p>\n<p><strong>L\u2019animateur:<\/strong> Le jour se l\u00e8ve en cette saison s\u00e8che sur le village commer\u00e7ant de Dhaniapur, en Inde. Un autocar s\u2019avance dans la rue principale, s\u2019immobilise dans un nuage de poussi\u00e8re et laisse descendre une vingtaine de femmes, portant cruches, l\u00e9gumes et autres objets artisanaux \u00e0 vendre au march\u00e9. Parmi elles se trouve Rithu, une femme de 40 ans qui marche en boitant. Elle se dirige vers le dispensaire situ\u00e9 en bordure de la place du march\u00e9. \u00c0 l\u2019entr\u00e9e du dispensaire, elle croise Priti, la fille de sa s\u0153ur, \u00e2g\u00e9e d\u2019environ 18 ans. \u00c9coutons leur entretien.<\/p>\n<p><strong>Priti<\/strong>:\u00a0\u00a0 Bonjour, Tante Rithu! Je suis tellement heureuse que vous soyez l\u00e0. D&rsquo;ailleurs, j\u2019esp\u00e9rais vous trouver ici.<\/p>\n<p><strong>Rithu<\/strong>:\u00a0\u00a0 Bonjour, Priti! Tu vas bien? (D\u2019un ton inquiet) Ta grossesse ne se d\u00e9roule toujours pas normalement?<\/p>\n<p><strong>Priti<\/strong>:\u00a0\u00a0 Oh, Tante Rithu! J\u2019ai encore fait une fausse couche. Mon mari et sa famille sont en col\u00e8re contre moi.<\/p>\n<p><strong>Rithu<\/strong>:\u00a0\u00a0 Toi, \u00e7a va? As-tu vu le m\u00e9decin de la clinique?<\/p>\n<p><strong>Priti<\/strong>:\u00a0\u00a0 Oui! Sauf que\u2026 (en pleurs) Je ne peux pas faire ce qu\u2019elle me demande.<\/p>\n<p><strong>Rithu<\/strong>:\u00a0\u00a0 Allons, du calme, ma ch\u00e9rie. De quoi parles-tu?<\/p>\n<p>Priti:\u00a0\u00a0 Eh bien, vous savez que j\u2019ai des maux de dos depuis des ann\u00e9es d\u00e9j\u00e0 et que j\u2019ai du mal \u00e0 dormir \u00e0 cause de cela. Le m\u00e9decin affirme que je dois cesser de transporter des chargements d\u2019eau. Elle dit que le transport d\u2019objets lourds me blesse le dos et que cela pourrait expliquer mes fausses couches. Mais je ne peux pas m\u2019arr\u00eater comme \u00e7a! Personne d\u2019autre que moi ne peut aller puiser l\u2019eau. Que vais-je faire?<\/p>\n<p><strong>Rithu<\/strong>:\u00a0\u00a0 Priti! Beaucoup de femmes se trouvent dans la m\u00eame situation. Je sais bien que tu ne peux pas t\u2019arr\u00eater comme \u00e7a. Mais je crois pouvoir te donner quelques conseils utiles.<\/p>\n<p><strong>Priti<\/strong>:\u00a0\u00a0 De gr\u00e2ce, Tante Rithu! J\u2019ai tellement peur d\u2019\u00eatre battue ou mise \u00e0 la porte par la famille de mon mari si je n\u2019ai pas un enfant bient\u00f4t ou si j\u2019arr\u00eate de travailler.<\/p>\n<p><strong>Rithu<\/strong>:\u00a0\u00a0 \u00c9coute, voici quelques conseils. Mais d\u2019abord, j\u2019ai besoin de te poser quelques questions. Comment transportes-tu ton eau?<\/p>\n<p><strong>Priti<\/strong>:\u00a0\u00a0 Comme nous tous. Dans une grande cruche d\u2019argile et je marche de notre village jusqu\u2019\u00e0 Dhaniapur pour la remplir.<\/p>\n<p><strong>Rithu<\/strong>:\u00a0\u00a0 Oui mais, comment la transportes-tu? Sur ta hanche? Sur ta t\u00eate? As-tu une palanche et deux contenants pour la transporter sur tes deux \u00e9paules?<\/p>\n<p><strong>Priti<\/strong>:\u00a0\u00a0 Bien, d\u2019habitude, je l\u2019appuie contre ma hanche. Du c\u00f4t\u00e9 droit, parce que j\u2019ai plus de force de mon c\u00f4t\u00e9 droit.<\/p>\n<p><strong>Rithu<\/strong>:\u00a0\u00a0 Priti, il va falloir que tu changes tes habitudes. Le m\u00e9decin t\u2019a-t-elle dit que ta colonne se d\u00e9litait?<\/p>\n<p><strong>Priti<\/strong>:\u00a0\u00a0 Oui, elle me l\u2019a fait observer.<\/p>\n<p><strong>Rithu<\/strong>:\u00a0\u00a0 Alors, il est vital que tu changes ta fa\u00e7on de transporter l\u2019eau. Essaie de te servir d\u2019une palanche ou de porter la cruche sur ta t\u00eate. Ce n\u2019est pas ce qu\u2019il y a de mieux pour le cou, mais c\u2019est bien moins dommageable que de se servir de la hanche. Par contre, si tu n\u2019as pas d\u2019autre choix, t\u00e2che de changer de c\u00f4t\u00e9 assez souvent. Quelle distance dois-tu parcourir?<\/p>\n<p><strong>Priti<\/strong>:\u00a0\u00a0 Pendant la saison s\u00e8che, je dois marcher une heure pour me rendre et une autre heure pour revenir, deux fois par jour.<\/p>\n<p><strong>Rithu<\/strong>:\u00a0\u00a0 Priti, c\u2019est beaucoup trop. Il faudrait songer \u00e0 creuser un puits pr\u00e8s de votre maison ou de vos champs. Vous avez une pi\u00e8ce d\u2019\u00e9quipement sur roues ou un animal qui pourrait supporter ces charges?<\/p>\n<p><strong>Priti<\/strong>:\u00a0\u00a0 Non, je n\u2019ai pas d\u2019instrument et mon mari a besoin du buffle dans les champs. Mais je vais suivre votre conseil pour ce qui est de porter l\u2019eau sur ma t\u00eate ou de changer de hanche de temps \u00e0 autre. \u00c0 pr\u00e9sent, je dois vous quitter, mes beaux-parents m\u2019attendent pour rentrer.<\/p>\n<p><strong>Rithu<\/strong>:\u00a0\u00a0 Au revoir, Priti, et bonne chance!<\/p>\n<p><strong>PAUSE MUSICALE.<\/strong><\/p>\n<p>L\u2019animateur: Le transport des charges lourdes demande un tr\u00e8s grand effort physique. Les jeunes femmes et fillettes qui transportent souvent de lourds chargements d\u2019eau ou de bois de combustion peuvent encourir de nombreux probl\u00e8mes de sant\u00e9. Priti et sa tante nous ont permis de constater qu\u2019il y a des fa\u00e7ons moins dommageables que d\u2019autres pour transporter l\u2019eau. Le recours aux palanches ou le port des cruches sur la t\u00eate sont des m\u00e9thodes pr\u00e9f\u00e9rables \u00e0 celle du transport contre la hanche. Dans tous les cas, si vous devez vous servir de vos hanches, changez de c\u00f4t\u00e9 souvent.<\/p>\n<p>RUMEURS DE MARCH\u00c9 PUBLIC ET L\u2019EFFET SONORE S\u2019ESTOMPE GRADUELLEMENT.<\/p>\n<p>L\u2019animateur: Notre histoire se poursuit avec Rithu qui se dirige vers le march\u00e9. Tout \u00e0 coup, elle voit Raju, le fils de 15 ans de sa voisine quittant le dispensaire. Elle est \u00e9tonn\u00e9e. Ce jeune homme a toujours \u00e9t\u00e9 fort et en bonne sant\u00e9; Rithu se demande donc ce qui l\u2019am\u00e8ne \u00e0 consulter le m\u00e9decin.<\/p>\n<p><strong>Rithu<\/strong>:\u00a0\u00a0 Raju, tu es malade? Pourquoi es-tu all\u00e9 au dispensaire?<\/p>\n<p><strong>Raju<\/strong>:\u00a0\u00a0 Bonjour, Rithu! Cela fait quelques semaines que je ne me sens pas bien. Je travaillais aux champs lorsqu\u2019un jour, j\u2019ai perdu connaissance. Je suis tomb\u00e9, comme \u00e7a. Depuis, j\u2019ai la diarrh\u00e9e, je me sens \u00e9tourdi et somnolant. Je suis rest\u00e9 au lit pendant quelques jours en me disant que j\u2019avais d\u00fb manger quelque chose d\u2019indigeste. Mais comme les sympt\u00f4mes ne sont pas disparus, je suis venu ici.<\/p>\n<p><strong>Rithu<\/strong>:\u00a0\u00a0 Qu\u2019a dit le m\u00e9decin?<\/p>\n<p><strong>Raju<\/strong>:\u00a0\u00a0 Il m\u2019a examin\u00e9 puis m\u2019a demand\u00e9 si j\u2019\u00e9tais entr\u00e9 en contact avec des produits chimiques. Je lui ai expliqu\u00e9 qu\u2019on avait trait\u00e9 les champs de coton au d\u00e9but de cette journ\u00e9e o\u00f9 je suis \u00e9vanoui. Il m\u2019a dit que le pesticide \u00e9tait la cause de mes malaises.<\/p>\n<p><strong>Rithu<\/strong>:\u00a0\u00a0 C\u2019est tr\u00e8s grave, Raju. Le docteur t\u2019a-t-il dit que tu irais mieux bient\u00f4t?<\/p>\n<p><strong>Raju<\/strong>:\u00a0\u00a0 Il a dit que je me sentirais mieux dans quelques semaines. Il voulait savoir si j\u2019avais lu l\u2019\u00e9tiquette coll\u00e9e sur le bidon de pesticide. Bien s\u00fbr, j\u2019ai r\u00e9pondu non. J\u2019ai \u00e9t\u00e9 tellement intrigu\u00e9 qu\u2019en arrivant chez moi, j\u2019ai lu l\u2019\u00e9tiquette. Vous savez ce qu\u2019on pouvait y lire? Il ne fallait pas aller dans les champs pendant au moins les trois premiers jours suivant l\u2019\u00e9pandage. C\u2019est une chance que personne d\u2019autre ne soit tomb\u00e9 malade.<\/p>\n<p><strong>Rithu<\/strong>:\u00a0\u00a0 C\u2019est une chance que toi tu t\u2019en tires, Raju.<\/p>\n<p><strong>Raju<\/strong>:\u00a0\u00a0 Qu\u2019entendez-vous par cela?<\/p>\n<p><strong>Rithu<\/strong>:\u00a0\u00a0 Je veux dire que tu aurais pu en mourir ou devenir invalide. Avant de me marier, un gar\u00e7on du village est tomb\u00e9 gravement malade. Comme toi, il est retourn\u00e9 travailler au champ quelques heures \u00e0 peine apr\u00e8s l\u2019\u00e9pandage de pesticides. Sauf que lui, il ne s\u2019en est jamais relev\u00e9. Suite \u00e0 son empoisonnement, il n\u2019a jamais pu se concentrer suffisamment pour travailler. Quelques ann\u00e9es plus tard. il perdait l\u2019usage de ses bras et ses jambes. Les m\u00e9decins ont avis\u00e9 les parents que leur fils allait n\u00e9cessiter des soins toute sa vie.<\/p>\n<p>Les pesticides sont des poisons. On les utilise pour tuer et ils peuvent tuer n\u2019importe quoi, \u00e7a ne les d\u00e9range pas. Il faut \u00eatre tr\u00e8s vigilant face \u00e0 l\u2019emploi des pesticides. La prochaine fois, lis d\u2019abord l\u2019\u00e9tiquette, Raju!<\/p>\n<p><strong>Raju<\/strong>:\u00a0\u00a0 Ne vous en faites pas, c\u2019est acquis!<\/p>\n<p><strong>Rithu<\/strong>:\u00a0\u00a0 Au revoir, Raju!<\/p>\n<p><strong>Raju<\/strong>:\u00a0\u00a0 Au revoir, Rithu, et merci de vos conseils!<\/p>\n<p><strong>PAUSE MUSICALE.<\/strong><\/p>\n<p><strong>L\u2019animateur:<\/strong> Les jeunes s\u2019exposent \u00e0 de multiples risques sur la ferme. Il importe de conna\u00eetre quels sont ces risques pour mieux y parer et pour se livrer \u00e0 une agriculture sans danger. Si vous devez transporter des fagots de bois et des chargements d\u2019eau sur de longues distances, recourez \u00e0 des m\u00e9thodes qui m\u00e9nagent votre corps. Explorez \u00e9galement la possibilit\u00e9 de creuser un puits pr\u00e8s de votre maison. Si vous utilisez des pesticides, renseignez-vous sur la fa\u00e7on s\u00e9curitaire de les employer. Lisez toujours les instructions avant l\u2019\u00e9pandage.<\/p>\n<p>N\u2019oubliez pas: votre sant\u00e9 est votre bien le plus pr\u00e9cieux. Conservez-la toute votre vie!<\/p>\n<p align=\"center\">&#8211; FIN &#8211;<\/p>\n","protected":false},"excerpt":{"rendered":"<p>Les personnages: L\u2019animateur. Priti: Une jeune femme d\u2019environ 18 ans. Rithu: La tante de Priti. Raju: Un gar\u00e7on de 15 ans (le fils de la voisine de Rithu). DES BRUITS PROVENANT D\u2019UN MARCH\u00c9 PUBLIC. L\u2019EFFET SONORE EST MAINTENUE PENDANT LA PRESENTATION. L\u2019animateur: Le jour se l\u00e8ve en cette saison s\u00e8che sur le village commer\u00e7ant de&hellip;<\/p>\n","protected":false},"author":142,"featured_media":0,"parent":0,"menu_order":7,"template":"","meta":{"footnotes":"","beyondwords_generate_audio":"","beyondwords_integration_method":"","beyondwords_project_id":"","beyondwords_content_id":"","beyondwords_preview_token":"","beyondwords_player_content":"","beyondwords_player_style":"","beyondwords_language_code":"","beyondwords_language_id":"","beyondwords_title_voice_id":"","beyondwords_body_voice_id":"","beyondwords_summary_voice_id":"","beyondwords_error_message":"","beyondwords_disabled":"","beyondwords_delete_content":"","beyondwords_podcast_id":"","beyondwords_hash":"","publish_post_to_speechkit":"","speechkit_hash":"","speechkit_generate_audio":"","speechkit_project_id":"","speechkit_podcast_id":"","speechkit_error_message":"","speechkit_disabled":"","speechkit_access_key":"","speechkit_error":"","speechkit_info":"","speechkit_response":"","speechkit_retries":"","speechkit_status":"","speechkit_updated_at":"","_speechkit_link":"","_speechkit_text":""},"script-format":[489],"package":[697],"script-category":[484,443],"class_list":["post-5265","radio-script","type-radio-script","status-publish","hentry","script-format-textes-radiophoniques","package-697","script-category-enfants-jeunes","script-category-sante"],"acf":[],"yoast_head":"<!-- This site is optimized with the Yoast SEO plugin v27.5 - https:\/\/yoast.com\/product\/yoast-seo-wordpress\/ -->\n<title>Risques Li\u00e9s au Travail sur la Ferme Chez les Jeunes - Farm Radio Scripts<\/title>\n<meta name=\"robots\" content=\"index, follow, max-snippet:-1, max-image-preview:large, max-video-preview:-1\" \/>\n<link rel=\"canonical\" href=\"https:\/\/scripts.farmradio.fm\/fr\/texte-radiophonique\/risques-lies-au-travail-sur-la-ferme-chez-les-jeunes\/\" \/>\n<meta property=\"og:locale\" content=\"fr_CA\" \/>\n<meta property=\"og:type\" content=\"article\" \/>\n<meta property=\"og:title\" content=\"Risques Li\u00e9s au Travail sur la Ferme Chez les Jeunes - Farm Radio Scripts\" \/>\n<meta property=\"og:description\" content=\"Les personnages: L\u2019animateur. Priti: Une jeune femme d\u2019environ 18 ans. Rithu: La tante de Priti. Raju: Un gar\u00e7on de 15 ans (le fils de la voisine de Rithu). DES BRUITS PROVENANT D\u2019UN MARCH\u00c9 PUBLIC. L\u2019EFFET SONORE EST MAINTENUE PENDANT LA PRESENTATION. L\u2019animateur: Le jour se l\u00e8ve en cette saison s\u00e8che sur le village commer\u00e7ant de&hellip;\" \/>\n<meta property=\"og:url\" content=\"https:\/\/scripts.farmradio.fm\/fr\/texte-radiophonique\/risques-lies-au-travail-sur-la-ferme-chez-les-jeunes\/\" \/>\n<meta property=\"og:site_name\" content=\"Farm Radio Scripts\" \/>\n<meta property=\"article:publisher\" content=\"https:\/\/www.facebook.com\/farmradio\/\" \/>\n<meta property=\"article:modified_time\" content=\"2018-02-06T15:47:23+00:00\" \/>\n<meta name=\"twitter:card\" content=\"summary_large_image\" \/>\n<meta name=\"twitter:site\" content=\"@farmradio\" \/>\n<meta name=\"twitter:label1\" content=\"Estimation du temps de lecture\" \/>\n\t<meta name=\"twitter:data1\" content=\"7 minutes\" \/>\n<script type=\"application\/ld+json\" class=\"yoast-schema-graph\">{\"@context\":\"https:\\\/\\\/schema.org\",\"@graph\":[{\"@type\":\"Article\",\"@id\":\"https:\\\/\\\/scripts.farmradio.fm\\\/fr\\\/texte-radiophonique\\\/risques-lies-au-travail-sur-la-ferme-chez-les-jeunes\\\/#article\",\"isPartOf\":{\"@id\":\"https:\\\/\\\/scripts.farmradio.fm\\\/fr\\\/texte-radiophonique\\\/risques-lies-au-travail-sur-la-ferme-chez-les-jeunes\\\/\"},\"author\":{\"name\":\"Farm Radio International\",\"@id\":\"http:\\\/\\\/scripts.farmradio.fm\\\/fr\\\/#\\\/schema\\\/person\\\/69403b70932fd4f67bafd0d0da259786\"},\"headline\":\"Risques Li\u00e9s au Travail sur la Ferme Chez les Jeunes\",\"datePublished\":\"2001-04-01T08:51:39+00:00\",\"dateModified\":\"2018-02-06T15:47:23+00:00\",\"mainEntityOfPage\":{\"@id\":\"https:\\\/\\\/scripts.farmradio.fm\\\/fr\\\/texte-radiophonique\\\/risques-lies-au-travail-sur-la-ferme-chez-les-jeunes\\\/\"},\"wordCount\":1473,\"publisher\":{\"@id\":\"http:\\\/\\\/scripts.farmradio.fm\\\/fr\\\/#organization\"},\"inLanguage\":\"fr-CA\"},{\"@type\":\"WebPage\",\"@id\":\"https:\\\/\\\/scripts.farmradio.fm\\\/fr\\\/texte-radiophonique\\\/risques-lies-au-travail-sur-la-ferme-chez-les-jeunes\\\/\",\"url\":\"https:\\\/\\\/scripts.farmradio.fm\\\/fr\\\/texte-radiophonique\\\/risques-lies-au-travail-sur-la-ferme-chez-les-jeunes\\\/\",\"name\":\"Risques Li\u00e9s au Travail sur la Ferme Chez les Jeunes - Farm Radio Scripts\",\"isPartOf\":{\"@id\":\"http:\\\/\\\/scripts.farmradio.fm\\\/fr\\\/#website\"},\"datePublished\":\"2001-04-01T08:51:39+00:00\",\"dateModified\":\"2018-02-06T15:47:23+00:00\",\"breadcrumb\":{\"@id\":\"https:\\\/\\\/scripts.farmradio.fm\\\/fr\\\/texte-radiophonique\\\/risques-lies-au-travail-sur-la-ferme-chez-les-jeunes\\\/#breadcrumb\"},\"inLanguage\":\"fr-CA\",\"potentialAction\":[{\"@type\":\"ReadAction\",\"target\":[\"https:\\\/\\\/scripts.farmradio.fm\\\/fr\\\/texte-radiophonique\\\/risques-lies-au-travail-sur-la-ferme-chez-les-jeunes\\\/\"]}]},{\"@type\":\"BreadcrumbList\",\"@id\":\"https:\\\/\\\/scripts.farmradio.fm\\\/fr\\\/texte-radiophonique\\\/risques-lies-au-travail-sur-la-ferme-chez-les-jeunes\\\/#breadcrumb\",\"itemListElement\":[{\"@type\":\"ListItem\",\"position\":1,\"name\":\"Accueil\",\"item\":\"https:\\\/\\\/scripts.farmradio.fm\\\/fr\\\/\"},{\"@type\":\"ListItem\",\"position\":2,\"name\":\"Textes radiophoniques\",\"item\":\"https:\\\/\\\/scripts.farmradio.fm\\\/fr\\\/format\\\/textes-radiophoniques\\\/\"},{\"@type\":\"ListItem\",\"position\":3,\"name\":\"Risques Li\u00e9s au Travail sur la Ferme Chez les Jeunes\"}]},{\"@type\":\"WebSite\",\"@id\":\"http:\\\/\\\/scripts.farmradio.fm\\\/fr\\\/#website\",\"url\":\"http:\\\/\\\/scripts.farmradio.fm\\\/fr\\\/\",\"name\":\"Farm Radio Scripts\",\"description\":\"\",\"publisher\":{\"@id\":\"http:\\\/\\\/scripts.farmradio.fm\\\/fr\\\/#organization\"},\"potentialAction\":[{\"@type\":\"SearchAction\",\"target\":{\"@type\":\"EntryPoint\",\"urlTemplate\":\"http:\\\/\\\/scripts.farmradio.fm\\\/fr\\\/?s={search_term_string}\"},\"query-input\":{\"@type\":\"PropertyValueSpecification\",\"valueRequired\":true,\"valueName\":\"search_term_string\"}}],\"inLanguage\":\"fr-CA\"},{\"@type\":\"Organization\",\"@id\":\"http:\\\/\\\/scripts.farmradio.fm\\\/fr\\\/#organization\",\"name\":\"Farm Radio International\",\"url\":\"http:\\\/\\\/scripts.farmradio.fm\\\/fr\\\/\",\"logo\":{\"@type\":\"ImageObject\",\"inLanguage\":\"fr-CA\",\"@id\":\"http:\\\/\\\/scripts.farmradio.fm\\\/fr\\\/#\\\/schema\\\/logo\\\/image\\\/\",\"url\":\"https:\\\/\\\/scripts.farmradio.fm\\\/wp-content\\\/uploads\\\/farmRadioLogo.jpg\",\"contentUrl\":\"https:\\\/\\\/scripts.farmradio.fm\\\/wp-content\\\/uploads\\\/farmRadioLogo.jpg\",\"width\":200,\"height\":75,\"caption\":\"Farm Radio International\"},\"image\":{\"@id\":\"http:\\\/\\\/scripts.farmradio.fm\\\/fr\\\/#\\\/schema\\\/logo\\\/image\\\/\"},\"sameAs\":[\"https:\\\/\\\/www.facebook.com\\\/farmradio\\\/\",\"https:\\\/\\\/x.com\\\/farmradio\",\"https:\\\/\\\/www.instagram.com\\\/farmradio\\\/\",\"https:\\\/\\\/www.youtube.com\\\/user\\\/FarmRadioInt\"]},{\"@type\":\"Person\",\"@id\":\"http:\\\/\\\/scripts.farmradio.fm\\\/fr\\\/#\\\/schema\\\/person\\\/69403b70932fd4f67bafd0d0da259786\",\"name\":\"Farm Radio International\",\"image\":{\"@type\":\"ImageObject\",\"inLanguage\":\"fr-CA\",\"@id\":\"https:\\\/\\\/secure.gravatar.com\\\/avatar\\\/493231adf65be6b99ae1dc0dfb13ccca3d412c29f85aa9727be6190faa6293cd?s=96&d=mm&r=g\",\"url\":\"https:\\\/\\\/secure.gravatar.com\\\/avatar\\\/493231adf65be6b99ae1dc0dfb13ccca3d412c29f85aa9727be6190faa6293cd?s=96&d=mm&r=g\",\"contentUrl\":\"https:\\\/\\\/secure.gravatar.com\\\/avatar\\\/493231adf65be6b99ae1dc0dfb13ccca3d412c29f85aa9727be6190faa6293cd?s=96&d=mm&r=g\",\"caption\":\"Farm Radio International\"},\"sameAs\":[\"http:\\\/\\\/frrp.wpengine.com\"]}]}<\/script>\n<!-- \/ Yoast SEO plugin. -->","yoast_head_json":{"title":"Risques Li\u00e9s au Travail sur la Ferme Chez les Jeunes - Farm Radio Scripts","robots":{"index":"index","follow":"follow","max-snippet":"max-snippet:-1","max-image-preview":"max-image-preview:large","max-video-preview":"max-video-preview:-1"},"canonical":"https:\/\/scripts.farmradio.fm\/fr\/texte-radiophonique\/risques-lies-au-travail-sur-la-ferme-chez-les-jeunes\/","og_locale":"fr_CA","og_type":"article","og_title":"Risques Li\u00e9s au Travail sur la Ferme Chez les Jeunes - Farm Radio Scripts","og_description":"Les personnages: L\u2019animateur. Priti: Une jeune femme d\u2019environ 18 ans. Rithu: La tante de Priti. Raju: Un gar\u00e7on de 15 ans (le fils de la voisine de Rithu). DES BRUITS PROVENANT D\u2019UN MARCH\u00c9 PUBLIC. L\u2019EFFET SONORE EST MAINTENUE PENDANT LA PRESENTATION. L\u2019animateur: Le jour se l\u00e8ve en cette saison s\u00e8che sur le village commer\u00e7ant de&hellip;","og_url":"https:\/\/scripts.farmradio.fm\/fr\/texte-radiophonique\/risques-lies-au-travail-sur-la-ferme-chez-les-jeunes\/","og_site_name":"Farm Radio Scripts","article_publisher":"https:\/\/www.facebook.com\/farmradio\/","article_modified_time":"2018-02-06T15:47:23+00:00","twitter_card":"summary_large_image","twitter_site":"@farmradio","twitter_misc":{"Estimation du temps de lecture":"7 minutes"},"schema":{"@context":"https:\/\/schema.org","@graph":[{"@type":"Article","@id":"https:\/\/scripts.farmradio.fm\/fr\/texte-radiophonique\/risques-lies-au-travail-sur-la-ferme-chez-les-jeunes\/#article","isPartOf":{"@id":"https:\/\/scripts.farmradio.fm\/fr\/texte-radiophonique\/risques-lies-au-travail-sur-la-ferme-chez-les-jeunes\/"},"author":{"name":"Farm Radio International","@id":"http:\/\/scripts.farmradio.fm\/fr\/#\/schema\/person\/69403b70932fd4f67bafd0d0da259786"},"headline":"Risques Li\u00e9s au Travail sur la Ferme Chez les Jeunes","datePublished":"2001-04-01T08:51:39+00:00","dateModified":"2018-02-06T15:47:23+00:00","mainEntityOfPage":{"@id":"https:\/\/scripts.farmradio.fm\/fr\/texte-radiophonique\/risques-lies-au-travail-sur-la-ferme-chez-les-jeunes\/"},"wordCount":1473,"publisher":{"@id":"http:\/\/scripts.farmradio.fm\/fr\/#organization"},"inLanguage":"fr-CA"},{"@type":"WebPage","@id":"https:\/\/scripts.farmradio.fm\/fr\/texte-radiophonique\/risques-lies-au-travail-sur-la-ferme-chez-les-jeunes\/","url":"https:\/\/scripts.farmradio.fm\/fr\/texte-radiophonique\/risques-lies-au-travail-sur-la-ferme-chez-les-jeunes\/","name":"Risques Li\u00e9s au Travail sur la Ferme Chez les Jeunes - Farm Radio Scripts","isPartOf":{"@id":"http:\/\/scripts.farmradio.fm\/fr\/#website"},"datePublished":"2001-04-01T08:51:39+00:00","dateModified":"2018-02-06T15:47:23+00:00","breadcrumb":{"@id":"https:\/\/scripts.farmradio.fm\/fr\/texte-radiophonique\/risques-lies-au-travail-sur-la-ferme-chez-les-jeunes\/#breadcrumb"},"inLanguage":"fr-CA","potentialAction":[{"@type":"ReadAction","target":["https:\/\/scripts.farmradio.fm\/fr\/texte-radiophonique\/risques-lies-au-travail-sur-la-ferme-chez-les-jeunes\/"]}]},{"@type":"BreadcrumbList","@id":"https:\/\/scripts.farmradio.fm\/fr\/texte-radiophonique\/risques-lies-au-travail-sur-la-ferme-chez-les-jeunes\/#breadcrumb","itemListElement":[{"@type":"ListItem","position":1,"name":"Accueil","item":"https:\/\/scripts.farmradio.fm\/fr\/"},{"@type":"ListItem","position":2,"name":"Textes radiophoniques","item":"https:\/\/scripts.farmradio.fm\/fr\/format\/textes-radiophoniques\/"},{"@type":"ListItem","position":3,"name":"Risques Li\u00e9s au Travail sur la Ferme Chez les Jeunes"}]},{"@type":"WebSite","@id":"http:\/\/scripts.farmradio.fm\/fr\/#website","url":"http:\/\/scripts.farmradio.fm\/fr\/","name":"Farm Radio Scripts","description":"","publisher":{"@id":"http:\/\/scripts.farmradio.fm\/fr\/#organization"},"potentialAction":[{"@type":"SearchAction","target":{"@type":"EntryPoint","urlTemplate":"http:\/\/scripts.farmradio.fm\/fr\/?s={search_term_string}"},"query-input":{"@type":"PropertyValueSpecification","valueRequired":true,"valueName":"search_term_string"}}],"inLanguage":"fr-CA"},{"@type":"Organization","@id":"http:\/\/scripts.farmradio.fm\/fr\/#organization","name":"Farm Radio International","url":"http:\/\/scripts.farmradio.fm\/fr\/","logo":{"@type":"ImageObject","inLanguage":"fr-CA","@id":"http:\/\/scripts.farmradio.fm\/fr\/#\/schema\/logo\/image\/","url":"https:\/\/scripts.farmradio.fm\/wp-content\/uploads\/farmRadioLogo.jpg","contentUrl":"https:\/\/scripts.farmradio.fm\/wp-content\/uploads\/farmRadioLogo.jpg","width":200,"height":75,"caption":"Farm Radio International"},"image":{"@id":"http:\/\/scripts.farmradio.fm\/fr\/#\/schema\/logo\/image\/"},"sameAs":["https:\/\/www.facebook.com\/farmradio\/","https:\/\/x.com\/farmradio","https:\/\/www.instagram.com\/farmradio\/","https:\/\/www.youtube.com\/user\/FarmRadioInt"]},{"@type":"Person","@id":"http:\/\/scripts.farmradio.fm\/fr\/#\/schema\/person\/69403b70932fd4f67bafd0d0da259786","name":"Farm Radio International","image":{"@type":"ImageObject","inLanguage":"fr-CA","@id":"https:\/\/secure.gravatar.com\/avatar\/493231adf65be6b99ae1dc0dfb13ccca3d412c29f85aa9727be6190faa6293cd?s=96&d=mm&r=g","url":"https:\/\/secure.gravatar.com\/avatar\/493231adf65be6b99ae1dc0dfb13ccca3d412c29f85aa9727be6190faa6293cd?s=96&d=mm&r=g","contentUrl":"https:\/\/secure.gravatar.com\/avatar\/493231adf65be6b99ae1dc0dfb13ccca3d412c29f85aa9727be6190faa6293cd?s=96&d=mm&r=g","caption":"Farm Radio International"},"sameAs":["http:\/\/frrp.wpengine.com"]}]}},"_links":{"self":[{"href":"https:\/\/scripts.farmradio.fm\/fr\/wp-json\/wp\/v2\/radio-script\/5265","targetHints":{"allow":["GET"]}}],"collection":[{"href":"https:\/\/scripts.farmradio.fm\/fr\/wp-json\/wp\/v2\/radio-script"}],"about":[{"href":"https:\/\/scripts.farmradio.fm\/fr\/wp-json\/wp\/v2\/types\/radio-script"}],"author":[{"embeddable":true,"href":"https:\/\/scripts.farmradio.fm\/fr\/wp-json\/wp\/v2\/users\/142"}],"version-history":[{"count":0,"href":"https:\/\/scripts.farmradio.fm\/fr\/wp-json\/wp\/v2\/radio-script\/5265\/revisions"}],"wp:attachment":[{"href":"https:\/\/scripts.farmradio.fm\/fr\/wp-json\/wp\/v2\/media?parent=5265"}],"wp:term":[{"taxonomy":"script-format","embeddable":true,"href":"https:\/\/scripts.farmradio.fm\/fr\/wp-json\/wp\/v2\/script-format?post=5265"},{"taxonomy":"package","embeddable":true,"href":"https:\/\/scripts.farmradio.fm\/fr\/wp-json\/wp\/v2\/package?post=5265"},{"taxonomy":"script-category","embeddable":true,"href":"https:\/\/scripts.farmradio.fm\/fr\/wp-json\/wp\/v2\/script-category?post=5265"}],"curies":[{"name":"wp","href":"https:\/\/api.w.org\/{rel}","templated":true}]}}