{"id":4556,"date":"2005-10-01T15:39:09","date_gmt":"2005-10-01T12:39:09","guid":{"rendered":"http:\/\/frrp.wpengine.com\/?post_type=radio-resource-packs&#038;p=4556"},"modified":"2018-03-12T17:27:19","modified_gmt":"2018-03-12T14:27:19","slug":"au-malawi-des-villageois-discutent-du-role-des-arbres-dans-leur-collectivite","status":"publish","type":"radio-script","link":"https:\/\/scripts.farmradio.fm\/fr\/texte-radiophonique\/au-malawi-des-villageois-discutent-du-role-des-arbres-dans-leur-collectivite\/","title":{"rendered":"Au Malawi, des Villageois Discutent du R\u00f4le des Arbres dans Leur Collectivit\u00e9"},"content":{"rendered":"<p><em>INDICATIF MUSICAL<\/em><\/p>\n<p><strong>Animateur :<\/strong> Bonjour, chers agriculteurs et chers auditeurs. Aujourd&rsquo;hui, vous allez entendre une \u00e9mission qui vous vient de &lsquo;The Story Workshop&rsquo; au Malawi.<\/p>\n<p><em>REFRAIN MUSICAL :<\/em><\/p>\n<p>Prenons soin de la for\u00eat naturelle,<br \/>\nElle renferme de nombreux arbres fruitiers sauvages,<br \/>\nElle renferme des arbres bwemba,<br \/>\nElle renferme des arbres masuku,<br \/>\nElle renferme des baobabs.<\/p>\n<p>Vous voulez dire que vous n&rsquo;avez pas entendu?<br \/>\nQue vos amis fabriquent des jus de fruit,<br \/>\nDes jus \u00e0 partir des arbres fruitiers sauvages,<br \/>\nVos amis gagnent de l&rsquo;argent,<br \/>\nAvec des jus naturels.<\/p>\n<p><em>BAISSE PROGRESSIVE DE LA MUSIQUE.<\/em><\/p>\n<p><strong>Animateur :<\/strong> Saviez-vous que vos amis gagnent de l&rsquo;argent en vendant des jus de fruit fabriqu\u00e9s \u00e0 partir d&rsquo;arbres fruitiers indig\u00e8nes naturels? Ils vendent \u00e9galement d&rsquo;autres produits tir\u00e9s des arbres. \u00c9coutons les gens du village.<\/p>\n<p><strong>Femme 1 :<\/strong> Lorsque nous avons constat\u00e9 que le bois de chauffage et le bois de construction devenaient rares, nous avons pens\u00e9 \u00e0 planter d&rsquo;autres arbres.<\/p>\n<p><strong>Journaliste :<\/strong> Certains pensent que si vous laissez la terre en jach\u00e8re pendant un certain temps, les arbres repoussent et la for\u00eat naturelle se r\u00e9g\u00e9n\u00e8re. Mais vous avez d\u00e9cid\u00e9 de planter d&rsquo;autres arbres. Pour quelle raison?<\/p>\n<p><strong>Homme 1 :<\/strong> C&rsquo;est parce que les arbres naturels poussent lentement. Ils peuvent donc prendre beaucoup de temps avant d&rsquo;atteindre leur maturit\u00e9 ou le stade de la r\u00e9colte. Ces arbres exotiques, que nous avons plant\u00e9s, serviront durant la p\u00e9riode de transition pendant que nous attendrons que les arbres naturels repoussent.<\/p>\n<p><strong>Homme 2 :<\/strong> Certains de ces arbres serviront dans les petits m\u00e9nages, pour la confection de toits de chaume pour les maisons et comme bois de chauffage. Nous recueillons \u00e9galement les fruits des arbres fruitiers.<\/p>\n<p><strong>Journaliste :<\/strong> Pour vous, quelle est la relation entre la s\u00e9curit\u00e9 des m\u00e9nages et les arbres?<\/p>\n<p><strong>Femme 1 :<\/strong> Les produits tir\u00e9s des arbres rapportent de l&rsquo;argent dans nos foyers.<\/p>\n<p><strong>Femme 2 :<\/strong> Si les arbres sont proches de nos maisons, alors nous n&rsquo;aurons plus besoin d&rsquo;aller loin pour ramasser du bois de chauffage. Nous, les femmes, aurons plus de temps pour nous reposer et faire d&rsquo;autres travaux m\u00e9nagers.<\/p>\n<p><strong>Journaliste :<\/strong> Pourquoi avez-vous plant\u00e9 des arbres dans la partie sup\u00e9rieure de votre village?<\/p>\n<p><strong>Homme 1 :<\/strong> Nous voulions que nos arbres poussent plus rapidement. Nous ne voulions pas que des terrains gorg\u00e9s d&rsquo;eau entravent leur croissance.<\/p>\n<p><strong>Homme 2 :<\/strong> Nous voulions que les arbres abritent notre village du vent.<\/p>\n<p><strong>Homme 3 :<\/strong> Les arbres retiennent le sol et l&rsquo;eau qui viennent des hautes terres. Alors, nous voulions que ces arbres r\u00e9duisent l&rsquo;\u00e9rosion et le ruissellement de l&rsquo;eau vers notre village.<\/p>\n<p><em>MONT\u00c9E PROGRESSIVE DE LA MUSIQUE ET MAINTIEN EN ARRI\u00c8RE PLAN DE LA NARRATION<\/em><\/p>\n<p><strong>Animateur :<\/strong> Nos amis plantent des arbres, afin de pouvoir commencer \u00e0 recueillir du bois de chauffage pr\u00e8s de leurs maisons. Et afin de pouvoir gagner de l&rsquo;argent en vendant des fruits et des jus de fruit. La plantation d&rsquo;arbres pourrait-elle vous apporter une plus grande s\u00e9curit\u00e9, ainsi qu&rsquo;\u00e0 vos familles?<\/p>\n<p><em>BAISSE PROGRESSIVE DE LA MUSIQUE<\/em><\/p>\n","protected":false},"excerpt":{"rendered":"<p>INDICATIF MUSICAL Animateur : Bonjour, chers agriculteurs et chers auditeurs. Aujourd&rsquo;hui, vous allez entendre une \u00e9mission qui vous vient de &lsquo;The Story Workshop&rsquo; au Malawi. REFRAIN MUSICAL : Prenons soin de la for\u00eat naturelle, Elle renferme de nombreux arbres fruitiers sauvages, Elle renferme des arbres bwemba, Elle renferme des arbres masuku, Elle renferme des baobabs.&hellip;<\/p>\n","protected":false},"author":142,"featured_media":0,"parent":0,"menu_order":7,"template":"","meta":{"footnotes":"","beyondwords_generate_audio":"","beyondwords_integration_method":"","beyondwords_project_id":"","beyondwords_content_id":"","beyondwords_preview_token":"","beyondwords_player_content":"","beyondwords_player_style":"","beyondwords_language_code":"","beyondwords_language_id":"","beyondwords_title_voice_id":"","beyondwords_body_voice_id":"","beyondwords_summary_voice_id":"","beyondwords_error_message":"","beyondwords_disabled":"","beyondwords_delete_content":"","beyondwords_podcast_id":"","beyondwords_hash":"","publish_post_to_speechkit":"","speechkit_hash":"","speechkit_generate_audio":"","speechkit_project_id":"","speechkit_podcast_id":"","speechkit_error_message":"","speechkit_disabled":"","speechkit_access_key":"","speechkit_error":"","speechkit_info":"","speechkit_response":"","speechkit_retries":"","speechkit_status":"","speechkit_updated_at":"","_speechkit_link":"","_speechkit_text":""},"script-format":[491],"package":[673],"script-category":[840,440],"class_list":["post-4556","radio-script","type-radio-script","status-publish","hentry","script-format-interview-fr","package-673","script-category-arbres-agroforesterie","script-category-environnement"],"acf":[],"yoast_head":"<!-- This site is optimized with the Yoast SEO plugin v27.5 - https:\/\/yoast.com\/product\/yoast-seo-wordpress\/ -->\n<title>Au Malawi, des Villageois Discutent du R\u00f4le des Arbres dans Leur Collectivit\u00e9 - Farm Radio Scripts<\/title>\n<meta name=\"robots\" content=\"index, follow, max-snippet:-1, max-image-preview:large, max-video-preview:-1\" \/>\n<link rel=\"canonical\" href=\"https:\/\/scripts.farmradio.fm\/fr\/texte-radiophonique\/au-malawi-des-villageois-discutent-du-role-des-arbres-dans-leur-collectivite\/\" \/>\n<meta property=\"og:locale\" content=\"fr_CA\" \/>\n<meta property=\"og:type\" content=\"article\" \/>\n<meta property=\"og:title\" content=\"Au Malawi, des Villageois Discutent du R\u00f4le des Arbres dans Leur Collectivit\u00e9 - Farm Radio Scripts\" \/>\n<meta property=\"og:description\" content=\"INDICATIF MUSICAL Animateur : Bonjour, chers agriculteurs et chers auditeurs. Aujourd&rsquo;hui, vous allez entendre une \u00e9mission qui vous vient de &lsquo;The Story Workshop&rsquo; au Malawi. REFRAIN MUSICAL : Prenons soin de la for\u00eat naturelle, Elle renferme de nombreux arbres fruitiers sauvages, Elle renferme des arbres bwemba, Elle renferme des arbres masuku, Elle renferme des baobabs.&hellip;\" \/>\n<meta property=\"og:url\" content=\"https:\/\/scripts.farmradio.fm\/fr\/texte-radiophonique\/au-malawi-des-villageois-discutent-du-role-des-arbres-dans-leur-collectivite\/\" \/>\n<meta property=\"og:site_name\" content=\"Farm Radio Scripts\" \/>\n<meta property=\"article:publisher\" content=\"https:\/\/www.facebook.com\/farmradio\/\" \/>\n<meta property=\"article:modified_time\" content=\"2018-03-12T14:27:19+00:00\" \/>\n<meta name=\"twitter:card\" content=\"summary_large_image\" \/>\n<meta name=\"twitter:site\" content=\"@farmradio\" \/>\n<meta name=\"twitter:label1\" content=\"Estimation du temps de lecture\" \/>\n\t<meta name=\"twitter:data1\" content=\"2 minutes\" \/>\n<script type=\"application\/ld+json\" class=\"yoast-schema-graph\">{\"@context\":\"https:\\\/\\\/schema.org\",\"@graph\":[{\"@type\":\"Article\",\"@id\":\"https:\\\/\\\/scripts.farmradio.fm\\\/fr\\\/texte-radiophonique\\\/au-malawi-des-villageois-discutent-du-role-des-arbres-dans-leur-collectivite\\\/#article\",\"isPartOf\":{\"@id\":\"https:\\\/\\\/scripts.farmradio.fm\\\/fr\\\/texte-radiophonique\\\/au-malawi-des-villageois-discutent-du-role-des-arbres-dans-leur-collectivite\\\/\"},\"author\":{\"name\":\"Farm Radio International\",\"@id\":\"http:\\\/\\\/scripts.farmradio.fm\\\/fr\\\/#\\\/schema\\\/person\\\/69403b70932fd4f67bafd0d0da259786\"},\"headline\":\"Au Malawi, des Villageois Discutent du R\u00f4le des Arbres dans Leur Collectivit\u00e9\",\"datePublished\":\"2005-10-01T12:39:09+00:00\",\"dateModified\":\"2018-03-12T14:27:19+00:00\",\"mainEntityOfPage\":{\"@id\":\"https:\\\/\\\/scripts.farmradio.fm\\\/fr\\\/texte-radiophonique\\\/au-malawi-des-villageois-discutent-du-role-des-arbres-dans-leur-collectivite\\\/\"},\"wordCount\":525,\"publisher\":{\"@id\":\"http:\\\/\\\/scripts.farmradio.fm\\\/fr\\\/#organization\"},\"inLanguage\":\"fr-CA\"},{\"@type\":\"WebPage\",\"@id\":\"https:\\\/\\\/scripts.farmradio.fm\\\/fr\\\/texte-radiophonique\\\/au-malawi-des-villageois-discutent-du-role-des-arbres-dans-leur-collectivite\\\/\",\"url\":\"https:\\\/\\\/scripts.farmradio.fm\\\/fr\\\/texte-radiophonique\\\/au-malawi-des-villageois-discutent-du-role-des-arbres-dans-leur-collectivite\\\/\",\"name\":\"Au Malawi, des Villageois Discutent du R\u00f4le des Arbres dans Leur Collectivit\u00e9 - Farm Radio Scripts\",\"isPartOf\":{\"@id\":\"http:\\\/\\\/scripts.farmradio.fm\\\/fr\\\/#website\"},\"datePublished\":\"2005-10-01T12:39:09+00:00\",\"dateModified\":\"2018-03-12T14:27:19+00:00\",\"breadcrumb\":{\"@id\":\"https:\\\/\\\/scripts.farmradio.fm\\\/fr\\\/texte-radiophonique\\\/au-malawi-des-villageois-discutent-du-role-des-arbres-dans-leur-collectivite\\\/#breadcrumb\"},\"inLanguage\":\"fr-CA\",\"potentialAction\":[{\"@type\":\"ReadAction\",\"target\":[\"https:\\\/\\\/scripts.farmradio.fm\\\/fr\\\/texte-radiophonique\\\/au-malawi-des-villageois-discutent-du-role-des-arbres-dans-leur-collectivite\\\/\"]}]},{\"@type\":\"BreadcrumbList\",\"@id\":\"https:\\\/\\\/scripts.farmradio.fm\\\/fr\\\/texte-radiophonique\\\/au-malawi-des-villageois-discutent-du-role-des-arbres-dans-leur-collectivite\\\/#breadcrumb\",\"itemListElement\":[{\"@type\":\"ListItem\",\"position\":1,\"name\":\"Accueil\",\"item\":\"https:\\\/\\\/scripts.farmradio.fm\\\/fr\\\/\"},{\"@type\":\"ListItem\",\"position\":2,\"name\":\"Interview\",\"item\":\"https:\\\/\\\/scripts.farmradio.fm\\\/fr\\\/format\\\/interview-fr\\\/\"},{\"@type\":\"ListItem\",\"position\":3,\"name\":\"Au Malawi, des Villageois Discutent du R\u00f4le des Arbres dans Leur Collectivit\u00e9\"}]},{\"@type\":\"WebSite\",\"@id\":\"http:\\\/\\\/scripts.farmradio.fm\\\/fr\\\/#website\",\"url\":\"http:\\\/\\\/scripts.farmradio.fm\\\/fr\\\/\",\"name\":\"Farm Radio Scripts\",\"description\":\"\",\"publisher\":{\"@id\":\"http:\\\/\\\/scripts.farmradio.fm\\\/fr\\\/#organization\"},\"potentialAction\":[{\"@type\":\"SearchAction\",\"target\":{\"@type\":\"EntryPoint\",\"urlTemplate\":\"http:\\\/\\\/scripts.farmradio.fm\\\/fr\\\/?s={search_term_string}\"},\"query-input\":{\"@type\":\"PropertyValueSpecification\",\"valueRequired\":true,\"valueName\":\"search_term_string\"}}],\"inLanguage\":\"fr-CA\"},{\"@type\":\"Organization\",\"@id\":\"http:\\\/\\\/scripts.farmradio.fm\\\/fr\\\/#organization\",\"name\":\"Farm Radio International\",\"url\":\"http:\\\/\\\/scripts.farmradio.fm\\\/fr\\\/\",\"logo\":{\"@type\":\"ImageObject\",\"inLanguage\":\"fr-CA\",\"@id\":\"http:\\\/\\\/scripts.farmradio.fm\\\/fr\\\/#\\\/schema\\\/logo\\\/image\\\/\",\"url\":\"https:\\\/\\\/scripts.farmradio.fm\\\/wp-content\\\/uploads\\\/farmRadioLogo.jpg\",\"contentUrl\":\"https:\\\/\\\/scripts.farmradio.fm\\\/wp-content\\\/uploads\\\/farmRadioLogo.jpg\",\"width\":200,\"height\":75,\"caption\":\"Farm Radio International\"},\"image\":{\"@id\":\"http:\\\/\\\/scripts.farmradio.fm\\\/fr\\\/#\\\/schema\\\/logo\\\/image\\\/\"},\"sameAs\":[\"https:\\\/\\\/www.facebook.com\\\/farmradio\\\/\",\"https:\\\/\\\/x.com\\\/farmradio\",\"https:\\\/\\\/www.instagram.com\\\/farmradio\\\/\",\"https:\\\/\\\/www.youtube.com\\\/user\\\/FarmRadioInt\"]},{\"@type\":\"Person\",\"@id\":\"http:\\\/\\\/scripts.farmradio.fm\\\/fr\\\/#\\\/schema\\\/person\\\/69403b70932fd4f67bafd0d0da259786\",\"name\":\"Farm Radio International\",\"image\":{\"@type\":\"ImageObject\",\"inLanguage\":\"fr-CA\",\"@id\":\"https:\\\/\\\/secure.gravatar.com\\\/avatar\\\/493231adf65be6b99ae1dc0dfb13ccca3d412c29f85aa9727be6190faa6293cd?s=96&d=mm&r=g\",\"url\":\"https:\\\/\\\/secure.gravatar.com\\\/avatar\\\/493231adf65be6b99ae1dc0dfb13ccca3d412c29f85aa9727be6190faa6293cd?s=96&d=mm&r=g\",\"contentUrl\":\"https:\\\/\\\/secure.gravatar.com\\\/avatar\\\/493231adf65be6b99ae1dc0dfb13ccca3d412c29f85aa9727be6190faa6293cd?s=96&d=mm&r=g\",\"caption\":\"Farm Radio International\"},\"sameAs\":[\"http:\\\/\\\/frrp.wpengine.com\"]}]}<\/script>\n<!-- \/ Yoast SEO plugin. -->","yoast_head_json":{"title":"Au Malawi, des Villageois Discutent du R\u00f4le des Arbres dans Leur Collectivit\u00e9 - Farm Radio Scripts","robots":{"index":"index","follow":"follow","max-snippet":"max-snippet:-1","max-image-preview":"max-image-preview:large","max-video-preview":"max-video-preview:-1"},"canonical":"https:\/\/scripts.farmradio.fm\/fr\/texte-radiophonique\/au-malawi-des-villageois-discutent-du-role-des-arbres-dans-leur-collectivite\/","og_locale":"fr_CA","og_type":"article","og_title":"Au Malawi, des Villageois Discutent du R\u00f4le des Arbres dans Leur Collectivit\u00e9 - Farm Radio Scripts","og_description":"INDICATIF MUSICAL Animateur : Bonjour, chers agriculteurs et chers auditeurs. Aujourd&rsquo;hui, vous allez entendre une \u00e9mission qui vous vient de &lsquo;The Story Workshop&rsquo; au Malawi. REFRAIN MUSICAL : Prenons soin de la for\u00eat naturelle, Elle renferme de nombreux arbres fruitiers sauvages, Elle renferme des arbres bwemba, Elle renferme des arbres masuku, Elle renferme des baobabs.&hellip;","og_url":"https:\/\/scripts.farmradio.fm\/fr\/texte-radiophonique\/au-malawi-des-villageois-discutent-du-role-des-arbres-dans-leur-collectivite\/","og_site_name":"Farm Radio Scripts","article_publisher":"https:\/\/www.facebook.com\/farmradio\/","article_modified_time":"2018-03-12T14:27:19+00:00","twitter_card":"summary_large_image","twitter_site":"@farmradio","twitter_misc":{"Estimation du temps de lecture":"2 minutes"},"schema":{"@context":"https:\/\/schema.org","@graph":[{"@type":"Article","@id":"https:\/\/scripts.farmradio.fm\/fr\/texte-radiophonique\/au-malawi-des-villageois-discutent-du-role-des-arbres-dans-leur-collectivite\/#article","isPartOf":{"@id":"https:\/\/scripts.farmradio.fm\/fr\/texte-radiophonique\/au-malawi-des-villageois-discutent-du-role-des-arbres-dans-leur-collectivite\/"},"author":{"name":"Farm Radio International","@id":"http:\/\/scripts.farmradio.fm\/fr\/#\/schema\/person\/69403b70932fd4f67bafd0d0da259786"},"headline":"Au Malawi, des Villageois Discutent du R\u00f4le des Arbres dans Leur Collectivit\u00e9","datePublished":"2005-10-01T12:39:09+00:00","dateModified":"2018-03-12T14:27:19+00:00","mainEntityOfPage":{"@id":"https:\/\/scripts.farmradio.fm\/fr\/texte-radiophonique\/au-malawi-des-villageois-discutent-du-role-des-arbres-dans-leur-collectivite\/"},"wordCount":525,"publisher":{"@id":"http:\/\/scripts.farmradio.fm\/fr\/#organization"},"inLanguage":"fr-CA"},{"@type":"WebPage","@id":"https:\/\/scripts.farmradio.fm\/fr\/texte-radiophonique\/au-malawi-des-villageois-discutent-du-role-des-arbres-dans-leur-collectivite\/","url":"https:\/\/scripts.farmradio.fm\/fr\/texte-radiophonique\/au-malawi-des-villageois-discutent-du-role-des-arbres-dans-leur-collectivite\/","name":"Au Malawi, des Villageois Discutent du R\u00f4le des Arbres dans Leur Collectivit\u00e9 - Farm Radio Scripts","isPartOf":{"@id":"http:\/\/scripts.farmradio.fm\/fr\/#website"},"datePublished":"2005-10-01T12:39:09+00:00","dateModified":"2018-03-12T14:27:19+00:00","breadcrumb":{"@id":"https:\/\/scripts.farmradio.fm\/fr\/texte-radiophonique\/au-malawi-des-villageois-discutent-du-role-des-arbres-dans-leur-collectivite\/#breadcrumb"},"inLanguage":"fr-CA","potentialAction":[{"@type":"ReadAction","target":["https:\/\/scripts.farmradio.fm\/fr\/texte-radiophonique\/au-malawi-des-villageois-discutent-du-role-des-arbres-dans-leur-collectivite\/"]}]},{"@type":"BreadcrumbList","@id":"https:\/\/scripts.farmradio.fm\/fr\/texte-radiophonique\/au-malawi-des-villageois-discutent-du-role-des-arbres-dans-leur-collectivite\/#breadcrumb","itemListElement":[{"@type":"ListItem","position":1,"name":"Accueil","item":"https:\/\/scripts.farmradio.fm\/fr\/"},{"@type":"ListItem","position":2,"name":"Interview","item":"https:\/\/scripts.farmradio.fm\/fr\/format\/interview-fr\/"},{"@type":"ListItem","position":3,"name":"Au Malawi, des Villageois Discutent du R\u00f4le des Arbres dans Leur Collectivit\u00e9"}]},{"@type":"WebSite","@id":"http:\/\/scripts.farmradio.fm\/fr\/#website","url":"http:\/\/scripts.farmradio.fm\/fr\/","name":"Farm Radio Scripts","description":"","publisher":{"@id":"http:\/\/scripts.farmradio.fm\/fr\/#organization"},"potentialAction":[{"@type":"SearchAction","target":{"@type":"EntryPoint","urlTemplate":"http:\/\/scripts.farmradio.fm\/fr\/?s={search_term_string}"},"query-input":{"@type":"PropertyValueSpecification","valueRequired":true,"valueName":"search_term_string"}}],"inLanguage":"fr-CA"},{"@type":"Organization","@id":"http:\/\/scripts.farmradio.fm\/fr\/#organization","name":"Farm Radio International","url":"http:\/\/scripts.farmradio.fm\/fr\/","logo":{"@type":"ImageObject","inLanguage":"fr-CA","@id":"http:\/\/scripts.farmradio.fm\/fr\/#\/schema\/logo\/image\/","url":"https:\/\/scripts.farmradio.fm\/wp-content\/uploads\/farmRadioLogo.jpg","contentUrl":"https:\/\/scripts.farmradio.fm\/wp-content\/uploads\/farmRadioLogo.jpg","width":200,"height":75,"caption":"Farm Radio International"},"image":{"@id":"http:\/\/scripts.farmradio.fm\/fr\/#\/schema\/logo\/image\/"},"sameAs":["https:\/\/www.facebook.com\/farmradio\/","https:\/\/x.com\/farmradio","https:\/\/www.instagram.com\/farmradio\/","https:\/\/www.youtube.com\/user\/FarmRadioInt"]},{"@type":"Person","@id":"http:\/\/scripts.farmradio.fm\/fr\/#\/schema\/person\/69403b70932fd4f67bafd0d0da259786","name":"Farm Radio International","image":{"@type":"ImageObject","inLanguage":"fr-CA","@id":"https:\/\/secure.gravatar.com\/avatar\/493231adf65be6b99ae1dc0dfb13ccca3d412c29f85aa9727be6190faa6293cd?s=96&d=mm&r=g","url":"https:\/\/secure.gravatar.com\/avatar\/493231adf65be6b99ae1dc0dfb13ccca3d412c29f85aa9727be6190faa6293cd?s=96&d=mm&r=g","contentUrl":"https:\/\/secure.gravatar.com\/avatar\/493231adf65be6b99ae1dc0dfb13ccca3d412c29f85aa9727be6190faa6293cd?s=96&d=mm&r=g","caption":"Farm Radio International"},"sameAs":["http:\/\/frrp.wpengine.com"]}]}},"_links":{"self":[{"href":"https:\/\/scripts.farmradio.fm\/fr\/wp-json\/wp\/v2\/radio-script\/4556","targetHints":{"allow":["GET"]}}],"collection":[{"href":"https:\/\/scripts.farmradio.fm\/fr\/wp-json\/wp\/v2\/radio-script"}],"about":[{"href":"https:\/\/scripts.farmradio.fm\/fr\/wp-json\/wp\/v2\/types\/radio-script"}],"author":[{"embeddable":true,"href":"https:\/\/scripts.farmradio.fm\/fr\/wp-json\/wp\/v2\/users\/142"}],"version-history":[{"count":0,"href":"https:\/\/scripts.farmradio.fm\/fr\/wp-json\/wp\/v2\/radio-script\/4556\/revisions"}],"wp:attachment":[{"href":"https:\/\/scripts.farmradio.fm\/fr\/wp-json\/wp\/v2\/media?parent=4556"}],"wp:term":[{"taxonomy":"script-format","embeddable":true,"href":"https:\/\/scripts.farmradio.fm\/fr\/wp-json\/wp\/v2\/script-format?post=4556"},{"taxonomy":"package","embeddable":true,"href":"https:\/\/scripts.farmradio.fm\/fr\/wp-json\/wp\/v2\/package?post=4556"},{"taxonomy":"script-category","embeddable":true,"href":"https:\/\/scripts.farmradio.fm\/fr\/wp-json\/wp\/v2\/script-category?post=4556"}],"curies":[{"name":"wp","href":"https:\/\/api.w.org\/{rel}","templated":true}]}}