{"id":3204,"date":"2012-06-20T12:09:17","date_gmt":"2012-06-20T09:09:17","guid":{"rendered":"http:\/\/frrp.wpengine.com\/?post_type=radio-resource-packs&#038;p=3204"},"modified":"2018-03-12T19:13:08","modified_gmt":"2018-03-12T16:13:08","slug":"la-deforestation-et-le-rechauffement-de-la-planete-qui-est-responsable","status":"publish","type":"radio-script","link":"https:\/\/scripts.farmradio.fm\/fr\/texte-radiophonique\/la-deforestation-et-le-rechauffement-de-la-planete-qui-est-responsable\/","title":{"rendered":"La d\u00e9forestation et le r\u00e9chauffement de la plan\u00e8te : qui est responsable?"},"content":{"rendered":"<p><em>Indicatif musical et fondu enchain\u00e9<\/em><\/p>\n<p><strong>Animateur :<\/strong> Bonjour. Si vous avez remarqu\u00e9 derni\u00e8rement que vous ressentez de la chaleur et de l\u2019inconfort dans l\u2019environnement en pleine \u00e9volution, et si vous voulez savoir ce que les arbres peuvent faire pour nous, et aussi vous informer sur le r\u00e9chauffement de la plan\u00e8te, alors restez \u00e0 l\u2019\u00e9coute car des anciens (Nananom) et un agent forestier vont parler des choses qu\u2019ils savent sur l\u2019environnement.<\/p>\n<p><em>Bruits de gens qui passent et d\u2019oiseaux qui chantent<\/em><\/p>\n<p><em>Bruits de chaises et de tables que l\u2019on tire et que l\u2019on pousse<\/em><\/p>\n<p><strong>Nana Kwaku :<\/strong> <em>(soupirant)<\/em> Ah! Amma, pourquoi donc de nos jours beaucoup de choses disparaissent elles dans notre environnement? Il n\u2019y a plus de papillons, plus d\u2019oiseaux magnifiques, plus d\u2019arbres ombreux, plus d\u2019air frais et plus de fortes pluies. Pourquoi?<\/p>\n<p><em>(Pause)<\/em> Il y a environ 25 ans, la saison agricole \u00e9tait marqu\u00e9e par un flot de papillons se d\u00e9pla\u00e7ant du sud est vers le nord ouest. Les hiboux hululaient la nuit. Les fruits des palmiers, les noix de cola et d\u2019autres fruits tombaient sur le sol des for\u00eats pour le bonheur des \u00e9cureuils, des antilopes et des rats. On voyait des perroquets parcourir de longues distances en provenance d\u2019endroits inconnus vers des destinations inconnues. T\u00f4t le matin, on entendait les singes grimper d\u2019arbre en arbre. Ces sons appelaient les agriculteurs au travail, puisqu\u2019ils annon\u00e7aient l\u2019arriv\u00e9e du matin.<\/p>\n<p>Inversement, la soir\u00e9e \u00e9tait marqu\u00e9e par les chants des grillons. Il n\u2019y avait pas de feux de brousse en raison des pluies qui tombaient continuellement toute l\u2019ann\u00e9e. Les fleurs lib\u00e9raient un agr\u00e9able parfum, donnant du travail aux abeilles qui butinaient de fleur en fleur \u00e0 la recherche de nectar. Tout cela a maintenant disparu. J\u2019ai entendu dire que c\u2019est une punition des dieux et de nos anc\u00eatres.<\/p>\n<p><strong>Nana Boahen :<\/strong> Humm! Une punition des dieux et de nos anc\u00eatres? Cela me semble \u00e9trange. Il y a eu assez de pluie cette ann\u00e9e pour les agriculteurs \u00e0 Suuanso, qui est seulement \u00e0 neuf kilom\u00e8tres de Yamfo. Alors, tu veux me dire que les pluies viennent de nos dieux et de nos anc\u00eatres?<\/p>\n<p><strong>Nana Kofi :<\/strong> Boahen, regarde les montagnes. Il y a 20 ans, elles \u00e9taient couvertes de for\u00eats denses. Regarde aujourd\u2019hui les rochers d\u00e9nud\u00e9s. C\u2019est certainement une punition qui nous est servie.<\/p>\n<p><strong>Nana Boahen :<\/strong> Je pense que la destruction du couvert forestier autour de la ville r\u00e9sulte de la s\u00e9cheresse que nous subissons et non d\u2019une punition des dieux ou de nos anc\u00eatres. Plantons davantage d\u2019arbres et les pluies reviendront.<\/p>\n<p><strong>M. Ackom :<\/strong> J\u2019appuie les paroles de Nana Boahen. C\u2019est la destruction du couvert forestier qui a engendr\u00e9 la s\u00e9cheresse, non pas une mal\u00e9diction de nos anc\u00eatres et des dieux. Si nous d\u00e9cidons de planter davantage d\u2019arbres, je peux vous aider avec les plants d\u2019arbres, parce que j\u2019ai 10 000 plants d\u2019acacia, 5 000 plants d\u2019acajou et 5 000 plants d\u2019orangers et de manguiers. J\u2019ai \u00e9galement d\u2019autres esp\u00e8ces d\u2019arbres dans ma p\u00e9pini\u00e8re. Je pense que les pr\u00e9cipitations que nous avons connues il y a quelque temps tombaient \u00e0 cause du couvert forestier et peut \u00eatre pas des dieux et de nos anc\u00eatres. Les feux de brousse, l\u2019abattage syst\u00e9matique des arbres et les autres activit\u00e9s humaines qui d\u00e9gradent l\u2019environnement dans les villes ont abouti \u00e0 la s\u00e9cheresse que nous connaissons actuellement. Si nous plantons davantage d\u2019arbres \u00e0 compter d\u2019aujourd\u2019hui, nous devrions avoir plus de pluies d\u2019ici cinq ans et la hausse des temp\u00e9ratures cessera.<\/p>\n<p><strong>Nana Kofi :<\/strong> Que disiez vous? Les temp\u00e9ratures augmentent elles? Quelle temp\u00e9rature est en hausse?<\/p>\n<p><strong>M. Ackom :<\/strong> Je ne parle pas des temp\u00e9ratures personnelles; je parle de la temp\u00e9rature de toute la plan\u00e8te. Elle a augment\u00e9 de deux degr\u00e9s au cours des cinquante derni\u00e8res ann\u00e9es.<\/p>\n<p><strong>Nana Boahen :<\/strong> Qu\u2019est ce que cela signifie, M. Ackom?<\/p>\n<p><strong>M. Ackom :<\/strong> Cela signifie qu\u2019il y a 50 ans la temp\u00e9rature annuelle moyenne \u00e9tait de 25 degr\u00e9s \u00e0 Yamfo en juin, alors qu\u2019aujourd\u2019hui elle atteint 27 degr\u00e9s.<\/p>\n<p><strong>Nana Boahen :<\/strong> Quel rapport cela a-t-il avec notre situation actuelle?<\/p>\n<p><strong>M. Ackom :<\/strong> Un grand rapport! Vous \u00eates vous demand\u00e9 pourquoi nous avons des saisons s\u00e8ches plus longues et des feux de for\u00eat plus catastrophiques qu\u2019il y a 20 ans? Avez vous remarqu\u00e9 derni\u00e8rement que, lorsqu\u2019il pleut, les pr\u00e9cipitations sont fortes et accompagn\u00e9es de vents violents qui d\u00e9truisent les biens? Avez vous not\u00e9 que les inondations sont tr\u00e8s r\u00e9pandues \u00e0 maints endroits? Je suppose que ce n\u2019\u00e9tait pas ainsi il y a 20 ans. Ces changements r\u00e9sultent de la hausse des temp\u00e9ratures dans le monde.<\/p>\n<p><strong>Nana Boahen :<\/strong> Qu\u2019est ce qui provoque cette hausse de la temp\u00e9rature plan\u00e9taire?<\/p>\n<p><strong>M. Ackom :<\/strong> Cette augmentation de la temp\u00e9rature mondiale ou ce r\u00e9chauffement de la plan\u00e8te est d\u00fb aux activit\u00e9s humaines. Par exemple, lorsque nous d\u00e9frichons la brousse et faisons des feux sur nos fermes, vous voyez de la fum\u00e9e s\u2019\u00e9lever dans les airs. Cette fum\u00e9e contient un gaz appel\u00e9 dioxyde de carbone. Lorsqu\u2019il monte dans le ciel, il y reste pour longtemps. Si de nombreux agriculteurs font la m\u00eame chose, le gaz se retrouve en grandes quantit\u00e9s pour former une \u00e9paisse couverture ou un plafond dans le ciel. Lorsque le soleil brille et r\u00e9chauffe la surface de la terre, une partie de la chaleur devrait \u00eatre r\u00e9fl\u00e9chie vers le ciel. Mais cette couverture de dioxyde de carbone emp\u00eache la chaleur de retourner dans l\u2019espace, si bien que la temp\u00e9rature de la terre augmente.<\/p>\n<p><strong>Nana Kofi :<\/strong> Pouvons nous faire baisser la temp\u00e9rature?<\/p>\n<p><strong>M. Ackom :<\/strong> Pas compl\u00e8tement. Mais nous pouvons contribuer \u00e0 stopper son augmentation. Une fa\u00e7on de le faire consiste \u00e0 planter davantage d\u2019arbres.<\/p>\n<p><strong>Nana Kofi :<\/strong> Humm! Ainsi, les arbres peuvent contribuer \u00e0 faire baisser la temp\u00e9rature de la plan\u00e8te qui est en hausse. Comment cela se peut il?<\/p>\n<p><strong>M. Ackom :<\/strong> Premi\u00e8rement, parce que les arbres absorbent du dioxyde de carbone pour pr\u00e9parer leur nourriture. Ils rejettent de l\u2019oxyg\u00e8ne, un gaz que nous respirons. Deuxi\u00e8mement, les arbres pompent l\u2019eau du sol pour nourrir leurs racines, leur tronc et leurs feuilles. Lorsqu\u2019ils ont trop d\u2019eau, ils en lib\u00e8rent une partie dans l\u2019atmosph\u00e8re sous forme de vapeur. La vapeur contient des particules d\u2019eau fraiche qui rafraichissent l\u2019air autour de l\u2019arbre. Troisi\u00e8mement, cette vapeur provenant des arbres peut former des nuages qui retombent en pluie. Quatri\u00e8mement, les couverts forestiers peuvent intercepter entre 20 et 25 % des pluies qui tombent sur eux au lieu de les voir s\u2019\u00e9vaporer directement dans l\u2019atmosph\u00e8re. L\u2019eau coule \u00e9galement sur le tronc des arbres et tombe sur le sol sans endommager la couche de terre arable \u00e0 cause des tapis de feuilles que l\u2019on retrouve sur le sol des for\u00eats. Les arbres donnent \u00e9galement de l\u2019ombre et emp\u00eachent les rayons br\u00fblants du soleil de nous atteindre. Tous ces \u00e9l\u00e9ments, chers anciens, peuvent contribuer \u00e0 faire diminuer les temp\u00e9ratures qui sont \u00e0 la hausse.<\/p>\n<p><strong>Animateur :<\/strong> Chers auditeurs, vous avez entendu de vos propres oreilles les dangers du r\u00e9chauffement de la plan\u00e8te et les avantages de planter des arbres. J\u2019esp\u00e8re que vous planterez un arbre aujourd\u2019hui pour sauver des vies. De nombreux organismes travaillent \u00e0 l\u2019\u00e9chelle locale pour endiguer le r\u00e9chauffement de la plan\u00e8te. (Radiodiffuseur : ins\u00e9rez les noms, num\u00e9ros de t\u00e9l\u00e9phone et adresses d\u2019organismes locaux ou nationaux qui se penchent sur les enjeux touchant le r\u00e9chauffement de la plan\u00e8te et la plantation d\u2019arbres.). Pour aujourd\u2019hui, je vous dis au revoir et \u00e0 la semaine prochaine.<\/p>\n<p><em>Indicatif musical pour mettre fin \u00e0 l\u2019\u00e9mission<\/em><\/p>\n","protected":false},"excerpt":{"rendered":"<p>Indicatif musical et fondu enchain\u00e9 Animateur : Bonjour. Si vous avez remarqu\u00e9 derni\u00e8rement que vous ressentez de la chaleur et de l\u2019inconfort dans l\u2019environnement en pleine \u00e9volution, et si vous voulez savoir ce que les arbres peuvent faire pour nous, et aussi vous informer sur le r\u00e9chauffement de la plan\u00e8te, alors restez \u00e0 l\u2019\u00e9coute car&hellip;<\/p>\n","protected":false},"author":16,"featured_media":0,"parent":0,"menu_order":8,"template":"","meta":{"footnotes":"","beyondwords_generate_audio":"","beyondwords_integration_method":"","beyondwords_project_id":"","beyondwords_content_id":"","beyondwords_preview_token":"","beyondwords_player_content":"","beyondwords_player_style":"","beyondwords_language_code":"","beyondwords_language_id":"","beyondwords_title_voice_id":"","beyondwords_body_voice_id":"","beyondwords_summary_voice_id":"","beyondwords_error_message":"","beyondwords_disabled":"","beyondwords_delete_content":"","beyondwords_podcast_id":"","beyondwords_hash":"","publish_post_to_speechkit":"","speechkit_hash":"","speechkit_generate_audio":"","speechkit_project_id":"","speechkit_podcast_id":"","speechkit_error_message":"","speechkit_disabled":"","speechkit_access_key":"","speechkit_error":"","speechkit_info":"","speechkit_response":"","speechkit_retries":"","speechkit_status":"","speechkit_updated_at":"","_speechkit_link":"","_speechkit_text":""},"script-format":[491],"package":[662],"script-category":[840,440],"class_list":["post-3204","radio-script","type-radio-script","status-publish","hentry","script-format-interview-fr","package-662","script-category-arbres-agroforesterie","script-category-environnement"],"acf":[],"yoast_head":"<!-- This site is optimized with the Yoast SEO plugin v27.4 - https:\/\/yoast.com\/product\/yoast-seo-wordpress\/ -->\n<title>La d\u00e9forestation et le r\u00e9chauffement de la plan\u00e8te : qui est responsable? - Farm Radio Scripts<\/title>\n<meta name=\"robots\" content=\"index, follow, max-snippet:-1, max-image-preview:large, max-video-preview:-1\" \/>\n<link rel=\"canonical\" href=\"https:\/\/scripts.farmradio.fm\/fr\/texte-radiophonique\/la-deforestation-et-le-rechauffement-de-la-planete-qui-est-responsable\/\" \/>\n<meta property=\"og:locale\" content=\"fr_CA\" \/>\n<meta property=\"og:type\" content=\"article\" \/>\n<meta property=\"og:title\" content=\"La d\u00e9forestation et le r\u00e9chauffement de la plan\u00e8te : qui est responsable? - Farm Radio Scripts\" \/>\n<meta property=\"og:description\" content=\"Indicatif musical et fondu enchain\u00e9 Animateur : Bonjour. Si vous avez remarqu\u00e9 derni\u00e8rement que vous ressentez de la chaleur et de l\u2019inconfort dans l\u2019environnement en pleine \u00e9volution, et si vous voulez savoir ce que les arbres peuvent faire pour nous, et aussi vous informer sur le r\u00e9chauffement de la plan\u00e8te, alors restez \u00e0 l\u2019\u00e9coute car&hellip;\" \/>\n<meta property=\"og:url\" content=\"https:\/\/scripts.farmradio.fm\/fr\/texte-radiophonique\/la-deforestation-et-le-rechauffement-de-la-planete-qui-est-responsable\/\" \/>\n<meta property=\"og:site_name\" content=\"Farm Radio Scripts\" \/>\n<meta property=\"article:publisher\" content=\"https:\/\/www.facebook.com\/farmradio\/\" \/>\n<meta property=\"article:modified_time\" content=\"2018-03-12T16:13:08+00:00\" \/>\n<meta name=\"twitter:card\" content=\"summary_large_image\" \/>\n<meta name=\"twitter:site\" content=\"@farmradio\" \/>\n<meta name=\"twitter:label1\" content=\"Estimation du temps de lecture\" \/>\n\t<meta name=\"twitter:data1\" content=\"7 minutes\" \/>\n<script type=\"application\/ld+json\" class=\"yoast-schema-graph\">{\"@context\":\"https:\\\/\\\/schema.org\",\"@graph\":[{\"@type\":\"Article\",\"@id\":\"https:\\\/\\\/scripts.farmradio.fm\\\/fr\\\/texte-radiophonique\\\/la-deforestation-et-le-rechauffement-de-la-planete-qui-est-responsable\\\/#article\",\"isPartOf\":{\"@id\":\"https:\\\/\\\/scripts.farmradio.fm\\\/fr\\\/texte-radiophonique\\\/la-deforestation-et-le-rechauffement-de-la-planete-qui-est-responsable\\\/\"},\"author\":{\"name\":\"kwabena.agyei\",\"@id\":\"http:\\\/\\\/scripts.farmradio.fm\\\/fr\\\/#\\\/schema\\\/person\\\/36ba685302cbdc69331159b0b6501429\"},\"headline\":\"La d\u00e9forestation et le r\u00e9chauffement de la plan\u00e8te : qui est responsable?\",\"datePublished\":\"2012-06-20T09:09:17+00:00\",\"dateModified\":\"2018-03-12T16:13:08+00:00\",\"mainEntityOfPage\":{\"@id\":\"https:\\\/\\\/scripts.farmradio.fm\\\/fr\\\/texte-radiophonique\\\/la-deforestation-et-le-rechauffement-de-la-planete-qui-est-responsable\\\/\"},\"wordCount\":1374,\"publisher\":{\"@id\":\"http:\\\/\\\/scripts.farmradio.fm\\\/fr\\\/#organization\"},\"inLanguage\":\"fr-CA\"},{\"@type\":\"WebPage\",\"@id\":\"https:\\\/\\\/scripts.farmradio.fm\\\/fr\\\/texte-radiophonique\\\/la-deforestation-et-le-rechauffement-de-la-planete-qui-est-responsable\\\/\",\"url\":\"https:\\\/\\\/scripts.farmradio.fm\\\/fr\\\/texte-radiophonique\\\/la-deforestation-et-le-rechauffement-de-la-planete-qui-est-responsable\\\/\",\"name\":\"La d\u00e9forestation et le r\u00e9chauffement de la plan\u00e8te : qui est responsable? - Farm Radio Scripts\",\"isPartOf\":{\"@id\":\"http:\\\/\\\/scripts.farmradio.fm\\\/fr\\\/#website\"},\"datePublished\":\"2012-06-20T09:09:17+00:00\",\"dateModified\":\"2018-03-12T16:13:08+00:00\",\"breadcrumb\":{\"@id\":\"https:\\\/\\\/scripts.farmradio.fm\\\/fr\\\/texte-radiophonique\\\/la-deforestation-et-le-rechauffement-de-la-planete-qui-est-responsable\\\/#breadcrumb\"},\"inLanguage\":\"fr-CA\",\"potentialAction\":[{\"@type\":\"ReadAction\",\"target\":[\"https:\\\/\\\/scripts.farmradio.fm\\\/fr\\\/texte-radiophonique\\\/la-deforestation-et-le-rechauffement-de-la-planete-qui-est-responsable\\\/\"]}]},{\"@type\":\"BreadcrumbList\",\"@id\":\"https:\\\/\\\/scripts.farmradio.fm\\\/fr\\\/texte-radiophonique\\\/la-deforestation-et-le-rechauffement-de-la-planete-qui-est-responsable\\\/#breadcrumb\",\"itemListElement\":[{\"@type\":\"ListItem\",\"position\":1,\"name\":\"Accueil\",\"item\":\"https:\\\/\\\/scripts.farmradio.fm\\\/fr\\\/\"},{\"@type\":\"ListItem\",\"position\":2,\"name\":\"Interview\",\"item\":\"https:\\\/\\\/scripts.farmradio.fm\\\/fr\\\/format\\\/interview-fr\\\/\"},{\"@type\":\"ListItem\",\"position\":3,\"name\":\"La d\u00e9forestation et le r\u00e9chauffement de la plan\u00e8te : qui est responsable?\"}]},{\"@type\":\"WebSite\",\"@id\":\"http:\\\/\\\/scripts.farmradio.fm\\\/fr\\\/#website\",\"url\":\"http:\\\/\\\/scripts.farmradio.fm\\\/fr\\\/\",\"name\":\"Farm Radio Scripts\",\"description\":\"\",\"publisher\":{\"@id\":\"http:\\\/\\\/scripts.farmradio.fm\\\/fr\\\/#organization\"},\"potentialAction\":[{\"@type\":\"SearchAction\",\"target\":{\"@type\":\"EntryPoint\",\"urlTemplate\":\"http:\\\/\\\/scripts.farmradio.fm\\\/fr\\\/?s={search_term_string}\"},\"query-input\":{\"@type\":\"PropertyValueSpecification\",\"valueRequired\":true,\"valueName\":\"search_term_string\"}}],\"inLanguage\":\"fr-CA\"},{\"@type\":\"Organization\",\"@id\":\"http:\\\/\\\/scripts.farmradio.fm\\\/fr\\\/#organization\",\"name\":\"Farm Radio International\",\"url\":\"http:\\\/\\\/scripts.farmradio.fm\\\/fr\\\/\",\"logo\":{\"@type\":\"ImageObject\",\"inLanguage\":\"fr-CA\",\"@id\":\"http:\\\/\\\/scripts.farmradio.fm\\\/fr\\\/#\\\/schema\\\/logo\\\/image\\\/\",\"url\":\"https:\\\/\\\/scripts.farmradio.fm\\\/wp-content\\\/uploads\\\/farmRadioLogo.jpg\",\"contentUrl\":\"https:\\\/\\\/scripts.farmradio.fm\\\/wp-content\\\/uploads\\\/farmRadioLogo.jpg\",\"width\":200,\"height\":75,\"caption\":\"Farm Radio International\"},\"image\":{\"@id\":\"http:\\\/\\\/scripts.farmradio.fm\\\/fr\\\/#\\\/schema\\\/logo\\\/image\\\/\"},\"sameAs\":[\"https:\\\/\\\/www.facebook.com\\\/farmradio\\\/\",\"https:\\\/\\\/x.com\\\/farmradio\",\"https:\\\/\\\/www.instagram.com\\\/farmradio\\\/\",\"https:\\\/\\\/www.youtube.com\\\/user\\\/FarmRadioInt\"]},{\"@type\":\"Person\",\"@id\":\"http:\\\/\\\/scripts.farmradio.fm\\\/fr\\\/#\\\/schema\\\/person\\\/36ba685302cbdc69331159b0b6501429\",\"name\":\"kwabena.agyei\",\"image\":{\"@type\":\"ImageObject\",\"inLanguage\":\"fr-CA\",\"@id\":\"https:\\\/\\\/secure.gravatar.com\\\/avatar\\\/e0aaf6c2d360921aa944627beecb3fc8be3f5d414c95ae1d36ef91a61ee08f89?s=96&d=mm&r=g\",\"url\":\"https:\\\/\\\/secure.gravatar.com\\\/avatar\\\/e0aaf6c2d360921aa944627beecb3fc8be3f5d414c95ae1d36ef91a61ee08f89?s=96&d=mm&r=g\",\"contentUrl\":\"https:\\\/\\\/secure.gravatar.com\\\/avatar\\\/e0aaf6c2d360921aa944627beecb3fc8be3f5d414c95ae1d36ef91a61ee08f89?s=96&d=mm&r=g\",\"caption\":\"kwabena.agyei\"}}]}<\/script>\n<!-- \/ Yoast SEO plugin. -->","yoast_head_json":{"title":"La d\u00e9forestation et le r\u00e9chauffement de la plan\u00e8te : qui est responsable? - Farm Radio Scripts","robots":{"index":"index","follow":"follow","max-snippet":"max-snippet:-1","max-image-preview":"max-image-preview:large","max-video-preview":"max-video-preview:-1"},"canonical":"https:\/\/scripts.farmradio.fm\/fr\/texte-radiophonique\/la-deforestation-et-le-rechauffement-de-la-planete-qui-est-responsable\/","og_locale":"fr_CA","og_type":"article","og_title":"La d\u00e9forestation et le r\u00e9chauffement de la plan\u00e8te : qui est responsable? - Farm Radio Scripts","og_description":"Indicatif musical et fondu enchain\u00e9 Animateur : Bonjour. Si vous avez remarqu\u00e9 derni\u00e8rement que vous ressentez de la chaleur et de l\u2019inconfort dans l\u2019environnement en pleine \u00e9volution, et si vous voulez savoir ce que les arbres peuvent faire pour nous, et aussi vous informer sur le r\u00e9chauffement de la plan\u00e8te, alors restez \u00e0 l\u2019\u00e9coute car&hellip;","og_url":"https:\/\/scripts.farmradio.fm\/fr\/texte-radiophonique\/la-deforestation-et-le-rechauffement-de-la-planete-qui-est-responsable\/","og_site_name":"Farm Radio Scripts","article_publisher":"https:\/\/www.facebook.com\/farmradio\/","article_modified_time":"2018-03-12T16:13:08+00:00","twitter_card":"summary_large_image","twitter_site":"@farmradio","twitter_misc":{"Estimation du temps de lecture":"7 minutes"},"schema":{"@context":"https:\/\/schema.org","@graph":[{"@type":"Article","@id":"https:\/\/scripts.farmradio.fm\/fr\/texte-radiophonique\/la-deforestation-et-le-rechauffement-de-la-planete-qui-est-responsable\/#article","isPartOf":{"@id":"https:\/\/scripts.farmradio.fm\/fr\/texte-radiophonique\/la-deforestation-et-le-rechauffement-de-la-planete-qui-est-responsable\/"},"author":{"name":"kwabena.agyei","@id":"http:\/\/scripts.farmradio.fm\/fr\/#\/schema\/person\/36ba685302cbdc69331159b0b6501429"},"headline":"La d\u00e9forestation et le r\u00e9chauffement de la plan\u00e8te : qui est responsable?","datePublished":"2012-06-20T09:09:17+00:00","dateModified":"2018-03-12T16:13:08+00:00","mainEntityOfPage":{"@id":"https:\/\/scripts.farmradio.fm\/fr\/texte-radiophonique\/la-deforestation-et-le-rechauffement-de-la-planete-qui-est-responsable\/"},"wordCount":1374,"publisher":{"@id":"http:\/\/scripts.farmradio.fm\/fr\/#organization"},"inLanguage":"fr-CA"},{"@type":"WebPage","@id":"https:\/\/scripts.farmradio.fm\/fr\/texte-radiophonique\/la-deforestation-et-le-rechauffement-de-la-planete-qui-est-responsable\/","url":"https:\/\/scripts.farmradio.fm\/fr\/texte-radiophonique\/la-deforestation-et-le-rechauffement-de-la-planete-qui-est-responsable\/","name":"La d\u00e9forestation et le r\u00e9chauffement de la plan\u00e8te : qui est responsable? - Farm Radio Scripts","isPartOf":{"@id":"http:\/\/scripts.farmradio.fm\/fr\/#website"},"datePublished":"2012-06-20T09:09:17+00:00","dateModified":"2018-03-12T16:13:08+00:00","breadcrumb":{"@id":"https:\/\/scripts.farmradio.fm\/fr\/texte-radiophonique\/la-deforestation-et-le-rechauffement-de-la-planete-qui-est-responsable\/#breadcrumb"},"inLanguage":"fr-CA","potentialAction":[{"@type":"ReadAction","target":["https:\/\/scripts.farmradio.fm\/fr\/texte-radiophonique\/la-deforestation-et-le-rechauffement-de-la-planete-qui-est-responsable\/"]}]},{"@type":"BreadcrumbList","@id":"https:\/\/scripts.farmradio.fm\/fr\/texte-radiophonique\/la-deforestation-et-le-rechauffement-de-la-planete-qui-est-responsable\/#breadcrumb","itemListElement":[{"@type":"ListItem","position":1,"name":"Accueil","item":"https:\/\/scripts.farmradio.fm\/fr\/"},{"@type":"ListItem","position":2,"name":"Interview","item":"https:\/\/scripts.farmradio.fm\/fr\/format\/interview-fr\/"},{"@type":"ListItem","position":3,"name":"La d\u00e9forestation et le r\u00e9chauffement de la plan\u00e8te : qui est responsable?"}]},{"@type":"WebSite","@id":"http:\/\/scripts.farmradio.fm\/fr\/#website","url":"http:\/\/scripts.farmradio.fm\/fr\/","name":"Farm Radio Scripts","description":"","publisher":{"@id":"http:\/\/scripts.farmradio.fm\/fr\/#organization"},"potentialAction":[{"@type":"SearchAction","target":{"@type":"EntryPoint","urlTemplate":"http:\/\/scripts.farmradio.fm\/fr\/?s={search_term_string}"},"query-input":{"@type":"PropertyValueSpecification","valueRequired":true,"valueName":"search_term_string"}}],"inLanguage":"fr-CA"},{"@type":"Organization","@id":"http:\/\/scripts.farmradio.fm\/fr\/#organization","name":"Farm Radio International","url":"http:\/\/scripts.farmradio.fm\/fr\/","logo":{"@type":"ImageObject","inLanguage":"fr-CA","@id":"http:\/\/scripts.farmradio.fm\/fr\/#\/schema\/logo\/image\/","url":"https:\/\/scripts.farmradio.fm\/wp-content\/uploads\/farmRadioLogo.jpg","contentUrl":"https:\/\/scripts.farmradio.fm\/wp-content\/uploads\/farmRadioLogo.jpg","width":200,"height":75,"caption":"Farm Radio International"},"image":{"@id":"http:\/\/scripts.farmradio.fm\/fr\/#\/schema\/logo\/image\/"},"sameAs":["https:\/\/www.facebook.com\/farmradio\/","https:\/\/x.com\/farmradio","https:\/\/www.instagram.com\/farmradio\/","https:\/\/www.youtube.com\/user\/FarmRadioInt"]},{"@type":"Person","@id":"http:\/\/scripts.farmradio.fm\/fr\/#\/schema\/person\/36ba685302cbdc69331159b0b6501429","name":"kwabena.agyei","image":{"@type":"ImageObject","inLanguage":"fr-CA","@id":"https:\/\/secure.gravatar.com\/avatar\/e0aaf6c2d360921aa944627beecb3fc8be3f5d414c95ae1d36ef91a61ee08f89?s=96&d=mm&r=g","url":"https:\/\/secure.gravatar.com\/avatar\/e0aaf6c2d360921aa944627beecb3fc8be3f5d414c95ae1d36ef91a61ee08f89?s=96&d=mm&r=g","contentUrl":"https:\/\/secure.gravatar.com\/avatar\/e0aaf6c2d360921aa944627beecb3fc8be3f5d414c95ae1d36ef91a61ee08f89?s=96&d=mm&r=g","caption":"kwabena.agyei"}}]}},"_links":{"self":[{"href":"https:\/\/scripts.farmradio.fm\/fr\/wp-json\/wp\/v2\/radio-script\/3204","targetHints":{"allow":["GET"]}}],"collection":[{"href":"https:\/\/scripts.farmradio.fm\/fr\/wp-json\/wp\/v2\/radio-script"}],"about":[{"href":"https:\/\/scripts.farmradio.fm\/fr\/wp-json\/wp\/v2\/types\/radio-script"}],"author":[{"embeddable":true,"href":"https:\/\/scripts.farmradio.fm\/fr\/wp-json\/wp\/v2\/users\/16"}],"version-history":[{"count":0,"href":"https:\/\/scripts.farmradio.fm\/fr\/wp-json\/wp\/v2\/radio-script\/3204\/revisions"}],"wp:attachment":[{"href":"https:\/\/scripts.farmradio.fm\/fr\/wp-json\/wp\/v2\/media?parent=3204"}],"wp:term":[{"taxonomy":"script-format","embeddable":true,"href":"https:\/\/scripts.farmradio.fm\/fr\/wp-json\/wp\/v2\/script-format?post=3204"},{"taxonomy":"package","embeddable":true,"href":"https:\/\/scripts.farmradio.fm\/fr\/wp-json\/wp\/v2\/package?post=3204"},{"taxonomy":"script-category","embeddable":true,"href":"https:\/\/scripts.farmradio.fm\/fr\/wp-json\/wp\/v2\/script-category?post=3204"}],"curies":[{"name":"wp","href":"https:\/\/api.w.org\/{rel}","templated":true}]}}