{"id":2872,"date":"2012-05-23T11:41:57","date_gmt":"2012-05-23T08:41:57","guid":{"rendered":"http:\/\/frrp.wpengine.com\/?post_type=radio-resource-packs&#038;p=2872"},"modified":"2023-04-08T06:22:05","modified_gmt":"2023-04-08T03:22:05","slug":"comment-prevenir-et-traiter-les-vers-ronds-chez-les-boeufs-conseils-dun-veterinaire-et-dun-eleveur","status":"publish","type":"radio-script","link":"https:\/\/scripts.farmradio.fm\/fr\/texte-radiophonique\/comment-prevenir-et-traiter-les-vers-ronds-chez-les-boeufs-conseils-dun-veterinaire-et-dun-eleveur\/","title":{"rendered":"Comment pr\u00e9venir et traiter les vers ronds chez les b\u0153ufs : Conseils d\u2019un v\u00e9t\u00e9rinaire et d\u2019un \u00e9leveur"},"content":{"rendered":"<p><strong>ANIMATEUR :\u00a0<\/strong>Amis auditeurs bonjour. Nous sommes en pleine savane devant un enclos o\u00f9 des b\u0153ufs sont vaccin\u00e9s. Le village de Didango est situ\u00e9 \u00e0 une vingtaine de kilom\u00e8tres de la ville de Foumban. Foumban est dans le D\u00e9partement du Noun dans la R\u00e9gion de l\u2019Ouest du Cameroun. L\u2019\u00e9levage repr\u00e9sente pr\u00e8s de 90% des activit\u00e9s des habitants du village de Didango. La communaut\u00e9 des pasteurs \u00e9l\u00e8ve surtout les b\u0153ufs. D\u2019o\u00f9 la n\u00e9cessit\u00e9 d\u2019analyser l\u2018importance des vers ronds qui sont sources de maladies contagieuses.<\/p>\n<p>Nous sommes donc \u00e0 Didango o\u00f9 les b\u00eates de l\u2019\u00e9leveur Baba Abdou sont regroup\u00e9es dans un enclos o\u00f9 op\u00e8re le v\u00e9t\u00e9rinaire Issofa Mkpoumie. Au fur et \u00e0 mesure que le v\u00e9t\u00e9rinaire vaccine les b\u00eates et leur administre d\u2019autres traitements appropri\u00e9s, l\u2019\u00e9leveur les marque, afin d\u2019identifier les sujets d\u00e9j\u00e0 trait\u00e9s.<\/p>\n<p>Chers auditeurs nous allons engager \u00e0 toutes fins utiles un entretien avec notre v\u00e9t\u00e9rinaire et notre \u00e9leveur. Vous \u00e9coutez une \u00e9dition sp\u00e9ciale de l\u2019\u00e9mission \u00ab Fu\u2019nsi\u00e9 ne pata (Les\u00a0 richesses de la terre et de l\u2019\u00e9levage) \u00bb. Nous esp\u00e9rons que nos auditeurs \u00e9leveurs vont b\u00e9n\u00e9ficier des conseils du Technicien Issofa Mkpoumie et de l\u2019exp\u00e9rience de leur confr\u00e8re Baba Abdou. Bien entendu, les meilleurs messages \u00e0 l\u2019attention des \u00e9leveurs ne peuvent provenir que des acteurs quotidiens de l\u2019\u00e9levage.<\/p>\n<p><strong>ANIMATEUR :<\/strong>\u00a0Bonjour Baba Abdou. Bonjour M. Issofa Mkpoumie. Est-ce que vous pouvez nous parler des vers ronds ?<\/p>\n<p><strong>BABA ABDOU :<\/strong>\u00a0Les vers ronds sont presque invisibles \u00e0 l\u2019\u0153il nu, mais nous sentons seulement les ravages qu\u2019ils causent dans le b\u00e9tail par la perte d\u2019app\u00e9tit chez nos b\u00eates, l\u2019amaigrissement et d\u2019autres comportements bizarres. Par exemple, le refus de parcourir de longues distances par les animaux devenus faibles. Pour les gu\u00e9rir, nous leur donnons des d\u00e9coctions d\u2019herbes et d\u2019autres plantes. Mais les r\u00e9sultats ne sont pas toujours satisfaisants parce que nous oublions le plus souvent de respecter les doses ad\u00e9quates ou encore les traitements naturels ne sont pas tr\u00e8s efficaces contre les vers. Raison pour laquelle nous utilisons parfois des produits modernes comme les vermifuges 2000 et l\u2019ivermectin.<\/p>\n<p><strong>ANIMATEUR :<\/strong>\u00a0M. Issofa Mkpoumie, que pouvez-vous nous dire sur ces fameux vers ronds ?<\/p>\n<p><strong>ISSOFA MKPOUMIE :<\/strong>\u00a0Les b\u0153ufs broutent les herbes sans pr\u00eater attention aux petites larves qui aval\u00e9es infectent leur organismes avec des parasites adultes internes. Lors que ces parasites sont \u00e0 un stade de d\u00e9veloppement immature, on les appelle des larves. Ces infections sont plus communes lorsque leur fourrage a \u00e9t\u00e9 pr\u00e9alablement souilles au contact de bouses rejet\u00e9es par des sujets malades. Voila comment les vers ronds sont introduits dans les organismes de nos animaux. Nos b\u00eates viennent aussi en contact avec les vers ronds en se d\u00e9salt\u00e9rant en aval d\u2019un cours d\u2019eau que les fientes des bovins ont pollu\u00e9 en amont.<\/p>\n<p><strong>ANIMATEUR :\u00a0<\/strong>Comment les \u00e9leveurs traitent-ils les vers ronds?<\/p>\n<p><strong>BABA ABDOU:<\/strong>\u00a0Les \u00e9leveurs tentent de\u00a0 pr\u00e9venir les infections caus\u00e9es par les vers ronds en respectant les r\u00e8gles d\u2019hygi\u00e8ne prescrites par les v\u00e9t\u00e9rinaires. Par exemple, les \u00e9leveurs devraient toujours lib\u00e9rer les animaux apr\u00e8s le lev\u00e9 du soleil, lorsque le soleil a s\u00e9ch\u00e9 la ros\u00e9e du matin qui se trouve sur les herbes. Cela r\u00e9duit le nombre de larves qui ce collent sur l\u2019herbe. Ensuite, quand nous constatons que les animaux sont atteints, nous leur donnons les comprim\u00e9s du produit : LEVACIP BOLUS.<\/p>\n<p><strong>ANIMATEUR :<\/strong>\u00a0Comment leur donnez-vous les comprim\u00e9s?<\/p>\n<p><strong>BABA ABDOU :\u00a0<\/strong>Le soir quand ils sont dans l\u2019enclos, nous attrapons chaque animal et nous leur donnons\u00a0 un grand comprim\u00e9, qui s\u2019appelle bolus. Le comprim\u00e9 est donn\u00e9 oralement avec un fusil de bolus. C\u2019est un travail tr\u00e8s difficile quand c\u2019est un grand cheptel.<\/p>\n<p><strong>ANIMATEUR :<\/strong>\u00a0Les vers ronds sont-ils transmissibles \u00e0 l\u2019homme?<\/p>\n<p><strong>ISSOFA MKPOUMIE :<\/strong>\u00a0Sinc\u00e8rement je ne ma\u00eetrise pas les maladies qu\u2019ils causent dans l\u2019organisme humain. Toutefois, nous conseillons de bien cuire la viande afin d\u2019\u00e9viter tous les risques.<\/p>\n<p><strong>BABA ABDOU :<\/strong>\u00a0En dehors de ces risques potentiels de contamination par la viande mal cuite, les gens devraient aussi \u00e9viter la manipulation de f\u00e8ces et d\u2019urines de b\u00e9tail afin d\u2019\u00e9viter que d\u2019autres organismes ne s\u2019introduisent dans le syst\u00e8me digestif de l\u2019animal.<\/p>\n<p><strong>ANIMATEUR :<\/strong>\u00a0Avez-vous quelques choses \u00e0 prodiguer \u00e0 vos coll\u00e8gues \u00e9leveurs?<\/p>\n<p><strong>BABA ABDOU :<\/strong>\u00a0Restons vigilant. Surveillons nos b\u00eates quotidiennement afin de d\u00e9nicher toute anomalie. Si nous soup\u00e7ons quelques chose, informons nos patrons v\u00e9t\u00e9rinaires le plus rapidement possible. La sant\u00e9 de nos b\u0153ufs en d\u00e9pend. J\u2019exhorte les \u00e9leveurs des boeufs \u00e0 respecter scrupuleusement le calendrier vaccinal afin de prot\u00e9ger leur cheptel. Chers \u00e9leveurs, n\u2019h\u00e9sitez pas de nous contacter d\u00e8s que vous d\u00e9couvrez la moindre anomalie<\/p>\n<p><strong>ANIMATEUR :\u00a0<\/strong>Je vais m\u2019adresser maintenant \u00e0 Maloum qui est en premier un \u00e9leveur mais aussi un gu\u00e9risseur spirituel.<\/p>\n<p><strong>MALOUM :<\/strong>\u00a0Monsieur le journaliste, tu aimes trop poser les questions!<\/p>\n<p><strong>ANIMATEUR :\u00a0<\/strong>C&rsquo;est mon travail.<\/p>\n<p><strong>MALOUM :\u00a0<\/strong>A mon tour de te poser aussi des questions.<\/p>\n<p><strong>ANIMATEUR :<\/strong>\u00a0Pourquoi pas!<\/p>\n<p><strong>MALOUM :<\/strong>\u00a0Vous\u00a0 avez\u00a0 oublie un aspect.<\/p>\n<p><strong>ANIMATEUR :<\/strong>\u00a0Lequel?<\/p>\n<p><strong>MALOUM :<\/strong>\u00a0La croyance \u00e0 l&rsquo;envoutement des animaux. Beaucoup d&rsquo;\u00e9leveurs attribuent encore la d\u00e9cimation de leur b\u00e9tail, quand cela leur arrive, au sort jet\u00e9 par un ennemi. Ces pratiques ancestrales sont certes r\u00e9volues mais h\u00e9las continuent \u00e0 s\u00e9vir dans l&rsquo;esprit de certains \u00e9leveurs. Tr\u00e8s souvent, ils se confient \u00e0 moi en ces termes \u00ab j&rsquo;ai la ferme conviction que la perte de mes animaux n&rsquo;est pas seulement li\u00e9s \u00e0 la maladie, loin de l\u00e0, l\u2019augmentation de mon cheptel a certainement fais des jaloux. Je te prie d&rsquo;utiliser les m\u00eames moyens pour me venger. \u00bb<\/p>\n<p><strong>ANIMATEUR :\u00a0<\/strong>Maloum, tu es d\u2019abord \u00e9leveur avant d&rsquo;\u00eatre maloum.\u00a0 As-tu un message pour tes coll\u00e8gues?<\/p>\n<p><strong>MALOUM :<\/strong>\u00a0Chers fr\u00e8res \u00e9leveur! Le v\u00e9ritable ignorant c&rsquo;est celui qui est incapable d&rsquo;\u00e9voluer avec le temps. Ce dernier occupe la m\u00eame position que les fesses, toujours derri\u00e8re! De gr\u00e2ce, cessons de croire \u00e0 l&rsquo;envoutement de nos animaux \u00e0 la moindre anomalie. Allons vers nos patrons les v\u00e9t\u00e9rinaires.<\/p>\n<p><strong>ANIMATEUR :\u00a0<\/strong>M. le v\u00e9t\u00e9rinaire, que voulez-vous r\u00e9pondre a cela?<\/p>\n<p><strong>V\u00c9T\u00c9RINAIRE :<\/strong>\u00a0Je crois que chaque \u00e9leveur doit prendre sa responsabilit\u00e9, de gr\u00e2ce nous sommes la pour servir, n&rsquo;attendez pas le pire pour chercher des boucs \u00e9missaires<\/p>\n<p><strong>ANIMATEUR :<\/strong>\u00a0Effectivement, dans la vie, s&rsquo;il y a une chose qu\u2019il faut \u00e9viter c\u2019est surtout l\u2019ignorance. Encore une fois je remercie mon ami Maloum qui nous rappelle un probl\u00e8me important. Aujourd&rsquo;hui nous avons discut\u00e9 des maladies de b\u0153ufs en g\u00e9n\u00e9ral avec un accent sur les vers ronds. Si vous avez bien suivi, n&rsquo;oubliez pas d&rsquo;informer les autres, mais surtout rendez-vous la semaine prochaine!<\/p>\n","protected":false},"excerpt":{"rendered":"<p>ANIMATEUR :\u00a0Amis auditeurs bonjour. Nous sommes en pleine savane devant un enclos o\u00f9 des b\u0153ufs sont vaccin\u00e9s. Le village de Didango est situ\u00e9 \u00e0 une vingtaine de kilom\u00e8tres de la ville de Foumban. Foumban est dans le D\u00e9partement du Noun dans la R\u00e9gion de l\u2019Ouest du Cameroun. L\u2019\u00e9levage repr\u00e9sente pr\u00e8s de 90% des activit\u00e9s des&hellip;<\/p>\n","protected":false},"author":46,"featured_media":0,"parent":0,"menu_order":2,"template":"","meta":{"footnotes":"","beyondwords_generate_audio":"","beyondwords_project_id":"","beyondwords_content_id":"","beyondwords_integration_method":"","beyondwords_language_code":"","beyondwords_language_id":"","beyondwords_body_voice_id":"","beyondwords_delete_content":"","beyondwords_source":"","beyondwords_output":"","beyondwords_script_template_id":"","beyondwords_video_template_id":"","beyondwords_video_size":"","beyondwords_embed":"","beyondwords_podcast_id":"","speechkit_generate_audio":"","speechkit_project_id":"","speechkit_podcast_id":""},"script-format":[491],"package":[644],"script-category":[833],"class_list":["post-2872","radio-script","type-radio-script","status-publish","hentry","script-format-interview-fr","package-644","script-category-elevage-danimaux-apiculture"],"acf":[],"yoast_head":"<!-- This site is optimized with the Yoast SEO plugin v28.4 - https:\/\/yoast.com\/product\/yoast-seo-wordpress\/ -->\n<title>Comment pr\u00e9venir et traiter les vers ronds chez les b\u0153ufs : Conseils d\u2019un v\u00e9t\u00e9rinaire et d\u2019un \u00e9leveur - Farm Radio Scripts<\/title>\n<meta name=\"robots\" content=\"index, follow, max-snippet:-1, max-image-preview:large, max-video-preview:-1\" \/>\n<link rel=\"canonical\" href=\"https:\/\/scripts.farmradio.fm\/fr\/texte-radiophonique\/comment-prevenir-et-traiter-les-vers-ronds-chez-les-boeufs-conseils-dun-veterinaire-et-dun-eleveur\/\" \/>\n<meta property=\"og:locale\" content=\"fr_CA\" \/>\n<meta property=\"og:type\" content=\"article\" \/>\n<meta property=\"og:title\" content=\"Comment pr\u00e9venir et traiter les vers ronds chez les b\u0153ufs : Conseils d\u2019un v\u00e9t\u00e9rinaire et d\u2019un \u00e9leveur - Farm Radio Scripts\" \/>\n<meta property=\"og:description\" content=\"ANIMATEUR :\u00a0Amis auditeurs bonjour. Nous sommes en pleine savane devant un enclos o\u00f9 des b\u0153ufs sont vaccin\u00e9s. Le village de Didango est situ\u00e9 \u00e0 une vingtaine de kilom\u00e8tres de la ville de Foumban. Foumban est dans le D\u00e9partement du Noun dans la R\u00e9gion de l\u2019Ouest du Cameroun. L\u2019\u00e9levage repr\u00e9sente pr\u00e8s de 90% des activit\u00e9s des&hellip;\" \/>\n<meta property=\"og:url\" content=\"https:\/\/scripts.farmradio.fm\/fr\/texte-radiophonique\/comment-prevenir-et-traiter-les-vers-ronds-chez-les-boeufs-conseils-dun-veterinaire-et-dun-eleveur\/\" \/>\n<meta property=\"og:site_name\" content=\"Farm Radio Scripts\" \/>\n<meta property=\"article:publisher\" content=\"https:\/\/www.facebook.com\/farmradio\/\" \/>\n<meta property=\"article:modified_time\" content=\"2023-04-08T03:22:05+00:00\" \/>\n<meta name=\"twitter:card\" content=\"summary_large_image\" \/>\n<meta name=\"twitter:site\" content=\"@farmradio\" \/>\n<meta name=\"twitter:label1\" content=\"Estimation du temps de lecture\" \/>\n\t<meta name=\"twitter:data1\" content=\"6 minutes\" \/>\n<script type=\"application\/ld+json\" class=\"yoast-schema-graph\">{\"@context\":\"https:\\\/\\\/schema.org\",\"@graph\":[{\"@type\":\"Article\",\"@id\":\"https:\\\/\\\/scripts.farmradio.fm\\\/fr\\\/texte-radiophonique\\\/comment-prevenir-et-traiter-les-vers-ronds-chez-les-boeufs-conseils-dun-veterinaire-et-dun-eleveur\\\/#article\",\"isPartOf\":{\"@id\":\"https:\\\/\\\/scripts.farmradio.fm\\\/fr\\\/texte-radiophonique\\\/comment-prevenir-et-traiter-les-vers-ronds-chez-les-boeufs-conseils-dun-veterinaire-et-dun-eleveur\\\/\"},\"author\":{\"name\":\"Josue.Yaneya\",\"@id\":\"http:\\\/\\\/scripts.farmradio.fm\\\/fr\\\/#\\\/schema\\\/person\\\/de0c4c0d68ca81350a1f11a83aed78b3\"},\"headline\":\"Comment pr\u00e9venir et traiter les vers ronds chez les b\u0153ufs : Conseils d\u2019un v\u00e9t\u00e9rinaire et d\u2019un \u00e9leveur\",\"datePublished\":\"2012-05-23T08:41:57+00:00\",\"dateModified\":\"2023-04-08T03:22:05+00:00\",\"mainEntityOfPage\":{\"@id\":\"https:\\\/\\\/scripts.farmradio.fm\\\/fr\\\/texte-radiophonique\\\/comment-prevenir-et-traiter-les-vers-ronds-chez-les-boeufs-conseils-dun-veterinaire-et-dun-eleveur\\\/\"},\"wordCount\":1206,\"publisher\":{\"@id\":\"http:\\\/\\\/scripts.farmradio.fm\\\/fr\\\/#organization\"},\"inLanguage\":\"fr-CA\"},{\"@type\":\"WebPage\",\"@id\":\"https:\\\/\\\/scripts.farmradio.fm\\\/fr\\\/texte-radiophonique\\\/comment-prevenir-et-traiter-les-vers-ronds-chez-les-boeufs-conseils-dun-veterinaire-et-dun-eleveur\\\/\",\"url\":\"https:\\\/\\\/scripts.farmradio.fm\\\/fr\\\/texte-radiophonique\\\/comment-prevenir-et-traiter-les-vers-ronds-chez-les-boeufs-conseils-dun-veterinaire-et-dun-eleveur\\\/\",\"name\":\"Comment pr\u00e9venir et traiter les vers ronds chez les b\u0153ufs : Conseils d\u2019un v\u00e9t\u00e9rinaire et d\u2019un \u00e9leveur - Farm Radio Scripts\",\"isPartOf\":{\"@id\":\"http:\\\/\\\/scripts.farmradio.fm\\\/fr\\\/#website\"},\"datePublished\":\"2012-05-23T08:41:57+00:00\",\"dateModified\":\"2023-04-08T03:22:05+00:00\",\"breadcrumb\":{\"@id\":\"https:\\\/\\\/scripts.farmradio.fm\\\/fr\\\/texte-radiophonique\\\/comment-prevenir-et-traiter-les-vers-ronds-chez-les-boeufs-conseils-dun-veterinaire-et-dun-eleveur\\\/#breadcrumb\"},\"inLanguage\":\"fr-CA\",\"potentialAction\":[{\"@type\":\"ReadAction\",\"target\":[\"https:\\\/\\\/scripts.farmradio.fm\\\/fr\\\/texte-radiophonique\\\/comment-prevenir-et-traiter-les-vers-ronds-chez-les-boeufs-conseils-dun-veterinaire-et-dun-eleveur\\\/\"]}]},{\"@type\":\"BreadcrumbList\",\"@id\":\"https:\\\/\\\/scripts.farmradio.fm\\\/fr\\\/texte-radiophonique\\\/comment-prevenir-et-traiter-les-vers-ronds-chez-les-boeufs-conseils-dun-veterinaire-et-dun-eleveur\\\/#breadcrumb\",\"itemListElement\":[{\"@type\":\"ListItem\",\"position\":1,\"name\":\"Accueil\",\"item\":\"https:\\\/\\\/scripts.farmradio.fm\\\/fr\\\/\"},{\"@type\":\"ListItem\",\"position\":2,\"name\":\"Interview\",\"item\":\"https:\\\/\\\/scripts.farmradio.fm\\\/fr\\\/format\\\/interview-fr\\\/\"},{\"@type\":\"ListItem\",\"position\":3,\"name\":\"Comment pr\u00e9venir et traiter les vers ronds chez les b\u0153ufs : Conseils d\u2019un v\u00e9t\u00e9rinaire et d\u2019un \u00e9leveur\"}]},{\"@type\":\"WebSite\",\"@id\":\"http:\\\/\\\/scripts.farmradio.fm\\\/fr\\\/#website\",\"url\":\"http:\\\/\\\/scripts.farmradio.fm\\\/fr\\\/\",\"name\":\"Farm Radio Scripts\",\"description\":\"\",\"publisher\":{\"@id\":\"http:\\\/\\\/scripts.farmradio.fm\\\/fr\\\/#organization\"},\"potentialAction\":[{\"@type\":\"SearchAction\",\"target\":{\"@type\":\"EntryPoint\",\"urlTemplate\":\"http:\\\/\\\/scripts.farmradio.fm\\\/fr\\\/?s={search_term_string}\"},\"query-input\":{\"@type\":\"PropertyValueSpecification\",\"valueRequired\":true,\"valueName\":\"search_term_string\"}}],\"inLanguage\":\"fr-CA\"},{\"@type\":\"Organization\",\"@id\":\"http:\\\/\\\/scripts.farmradio.fm\\\/fr\\\/#organization\",\"name\":\"Farm Radio International\",\"url\":\"http:\\\/\\\/scripts.farmradio.fm\\\/fr\\\/\",\"logo\":{\"@type\":\"ImageObject\",\"inLanguage\":\"fr-CA\",\"@id\":\"http:\\\/\\\/scripts.farmradio.fm\\\/fr\\\/#\\\/schema\\\/logo\\\/image\\\/\",\"url\":\"https:\\\/\\\/scripts.farmradio.fm\\\/wp-content\\\/uploads\\\/farmRadioLogo.jpg\",\"contentUrl\":\"https:\\\/\\\/scripts.farmradio.fm\\\/wp-content\\\/uploads\\\/farmRadioLogo.jpg\",\"width\":200,\"height\":75,\"caption\":\"Farm Radio International\"},\"image\":{\"@id\":\"http:\\\/\\\/scripts.farmradio.fm\\\/fr\\\/#\\\/schema\\\/logo\\\/image\\\/\"},\"sameAs\":[\"https:\\\/\\\/www.facebook.com\\\/farmradio\\\/\",\"https:\\\/\\\/x.com\\\/farmradio\",\"https:\\\/\\\/www.instagram.com\\\/farmradio\\\/\",\"https:\\\/\\\/www.youtube.com\\\/user\\\/FarmRadioInt\"]},{\"@type\":\"Person\",\"@id\":\"http:\\\/\\\/scripts.farmradio.fm\\\/fr\\\/#\\\/schema\\\/person\\\/de0c4c0d68ca81350a1f11a83aed78b3\",\"name\":\"Josue.Yaneya\",\"image\":{\"@type\":\"ImageObject\",\"inLanguage\":\"fr-CA\",\"@id\":\"https:\\\/\\\/secure.gravatar.com\\\/avatar\\\/ae8a8534c71da619f41a5b10e2c65bf180dcc88ea2cdb86ed3850cf1450eff3b?s=96&d=mm&r=g\",\"url\":\"https:\\\/\\\/secure.gravatar.com\\\/avatar\\\/ae8a8534c71da619f41a5b10e2c65bf180dcc88ea2cdb86ed3850cf1450eff3b?s=96&d=mm&r=g\",\"contentUrl\":\"https:\\\/\\\/secure.gravatar.com\\\/avatar\\\/ae8a8534c71da619f41a5b10e2c65bf180dcc88ea2cdb86ed3850cf1450eff3b?s=96&d=mm&r=g\",\"caption\":\"Josue.Yaneya\"}}]}<\/script>\n<!-- \/ Yoast SEO plugin. -->","yoast_head_json":{"title":"Comment pr\u00e9venir et traiter les vers ronds chez les b\u0153ufs : Conseils d\u2019un v\u00e9t\u00e9rinaire et d\u2019un \u00e9leveur - Farm Radio Scripts","robots":{"index":"index","follow":"follow","max-snippet":"max-snippet:-1","max-image-preview":"max-image-preview:large","max-video-preview":"max-video-preview:-1"},"canonical":"https:\/\/scripts.farmradio.fm\/fr\/texte-radiophonique\/comment-prevenir-et-traiter-les-vers-ronds-chez-les-boeufs-conseils-dun-veterinaire-et-dun-eleveur\/","og_locale":"fr_CA","og_type":"article","og_title":"Comment pr\u00e9venir et traiter les vers ronds chez les b\u0153ufs : Conseils d\u2019un v\u00e9t\u00e9rinaire et d\u2019un \u00e9leveur - Farm Radio Scripts","og_description":"ANIMATEUR :\u00a0Amis auditeurs bonjour. Nous sommes en pleine savane devant un enclos o\u00f9 des b\u0153ufs sont vaccin\u00e9s. Le village de Didango est situ\u00e9 \u00e0 une vingtaine de kilom\u00e8tres de la ville de Foumban. Foumban est dans le D\u00e9partement du Noun dans la R\u00e9gion de l\u2019Ouest du Cameroun. L\u2019\u00e9levage repr\u00e9sente pr\u00e8s de 90% des activit\u00e9s des&hellip;","og_url":"https:\/\/scripts.farmradio.fm\/fr\/texte-radiophonique\/comment-prevenir-et-traiter-les-vers-ronds-chez-les-boeufs-conseils-dun-veterinaire-et-dun-eleveur\/","og_site_name":"Farm Radio Scripts","article_publisher":"https:\/\/www.facebook.com\/farmradio\/","article_modified_time":"2023-04-08T03:22:05+00:00","twitter_card":"summary_large_image","twitter_site":"@farmradio","twitter_misc":{"Estimation du temps de lecture":"6 minutes"},"schema":{"@context":"https:\/\/schema.org","@graph":[{"@type":"Article","@id":"https:\/\/scripts.farmradio.fm\/fr\/texte-radiophonique\/comment-prevenir-et-traiter-les-vers-ronds-chez-les-boeufs-conseils-dun-veterinaire-et-dun-eleveur\/#article","isPartOf":{"@id":"https:\/\/scripts.farmradio.fm\/fr\/texte-radiophonique\/comment-prevenir-et-traiter-les-vers-ronds-chez-les-boeufs-conseils-dun-veterinaire-et-dun-eleveur\/"},"author":{"name":"Josue.Yaneya","@id":"http:\/\/scripts.farmradio.fm\/fr\/#\/schema\/person\/de0c4c0d68ca81350a1f11a83aed78b3"},"headline":"Comment pr\u00e9venir et traiter les vers ronds chez les b\u0153ufs : Conseils d\u2019un v\u00e9t\u00e9rinaire et d\u2019un \u00e9leveur","datePublished":"2012-05-23T08:41:57+00:00","dateModified":"2023-04-08T03:22:05+00:00","mainEntityOfPage":{"@id":"https:\/\/scripts.farmradio.fm\/fr\/texte-radiophonique\/comment-prevenir-et-traiter-les-vers-ronds-chez-les-boeufs-conseils-dun-veterinaire-et-dun-eleveur\/"},"wordCount":1206,"publisher":{"@id":"http:\/\/scripts.farmradio.fm\/fr\/#organization"},"inLanguage":"fr-CA"},{"@type":"WebPage","@id":"https:\/\/scripts.farmradio.fm\/fr\/texte-radiophonique\/comment-prevenir-et-traiter-les-vers-ronds-chez-les-boeufs-conseils-dun-veterinaire-et-dun-eleveur\/","url":"https:\/\/scripts.farmradio.fm\/fr\/texte-radiophonique\/comment-prevenir-et-traiter-les-vers-ronds-chez-les-boeufs-conseils-dun-veterinaire-et-dun-eleveur\/","name":"Comment pr\u00e9venir et traiter les vers ronds chez les b\u0153ufs : Conseils d\u2019un v\u00e9t\u00e9rinaire et d\u2019un \u00e9leveur - Farm Radio Scripts","isPartOf":{"@id":"http:\/\/scripts.farmradio.fm\/fr\/#website"},"datePublished":"2012-05-23T08:41:57+00:00","dateModified":"2023-04-08T03:22:05+00:00","breadcrumb":{"@id":"https:\/\/scripts.farmradio.fm\/fr\/texte-radiophonique\/comment-prevenir-et-traiter-les-vers-ronds-chez-les-boeufs-conseils-dun-veterinaire-et-dun-eleveur\/#breadcrumb"},"inLanguage":"fr-CA","potentialAction":[{"@type":"ReadAction","target":["https:\/\/scripts.farmradio.fm\/fr\/texte-radiophonique\/comment-prevenir-et-traiter-les-vers-ronds-chez-les-boeufs-conseils-dun-veterinaire-et-dun-eleveur\/"]}]},{"@type":"BreadcrumbList","@id":"https:\/\/scripts.farmradio.fm\/fr\/texte-radiophonique\/comment-prevenir-et-traiter-les-vers-ronds-chez-les-boeufs-conseils-dun-veterinaire-et-dun-eleveur\/#breadcrumb","itemListElement":[{"@type":"ListItem","position":1,"name":"Accueil","item":"https:\/\/scripts.farmradio.fm\/fr\/"},{"@type":"ListItem","position":2,"name":"Interview","item":"https:\/\/scripts.farmradio.fm\/fr\/format\/interview-fr\/"},{"@type":"ListItem","position":3,"name":"Comment pr\u00e9venir et traiter les vers ronds chez les b\u0153ufs : Conseils d\u2019un v\u00e9t\u00e9rinaire et d\u2019un \u00e9leveur"}]},{"@type":"WebSite","@id":"http:\/\/scripts.farmradio.fm\/fr\/#website","url":"http:\/\/scripts.farmradio.fm\/fr\/","name":"Farm Radio Scripts","description":"","publisher":{"@id":"http:\/\/scripts.farmradio.fm\/fr\/#organization"},"potentialAction":[{"@type":"SearchAction","target":{"@type":"EntryPoint","urlTemplate":"http:\/\/scripts.farmradio.fm\/fr\/?s={search_term_string}"},"query-input":{"@type":"PropertyValueSpecification","valueRequired":true,"valueName":"search_term_string"}}],"inLanguage":"fr-CA"},{"@type":"Organization","@id":"http:\/\/scripts.farmradio.fm\/fr\/#organization","name":"Farm Radio International","url":"http:\/\/scripts.farmradio.fm\/fr\/","logo":{"@type":"ImageObject","inLanguage":"fr-CA","@id":"http:\/\/scripts.farmradio.fm\/fr\/#\/schema\/logo\/image\/","url":"https:\/\/scripts.farmradio.fm\/wp-content\/uploads\/farmRadioLogo.jpg","contentUrl":"https:\/\/scripts.farmradio.fm\/wp-content\/uploads\/farmRadioLogo.jpg","width":200,"height":75,"caption":"Farm Radio International"},"image":{"@id":"http:\/\/scripts.farmradio.fm\/fr\/#\/schema\/logo\/image\/"},"sameAs":["https:\/\/www.facebook.com\/farmradio\/","https:\/\/x.com\/farmradio","https:\/\/www.instagram.com\/farmradio\/","https:\/\/www.youtube.com\/user\/FarmRadioInt"]},{"@type":"Person","@id":"http:\/\/scripts.farmradio.fm\/fr\/#\/schema\/person\/de0c4c0d68ca81350a1f11a83aed78b3","name":"Josue.Yaneya","image":{"@type":"ImageObject","inLanguage":"fr-CA","@id":"https:\/\/secure.gravatar.com\/avatar\/ae8a8534c71da619f41a5b10e2c65bf180dcc88ea2cdb86ed3850cf1450eff3b?s=96&d=mm&r=g","url":"https:\/\/secure.gravatar.com\/avatar\/ae8a8534c71da619f41a5b10e2c65bf180dcc88ea2cdb86ed3850cf1450eff3b?s=96&d=mm&r=g","contentUrl":"https:\/\/secure.gravatar.com\/avatar\/ae8a8534c71da619f41a5b10e2c65bf180dcc88ea2cdb86ed3850cf1450eff3b?s=96&d=mm&r=g","caption":"Josue.Yaneya"}}]}},"_links":{"self":[{"href":"https:\/\/scripts.farmradio.fm\/fr\/wp-json\/wp\/v2\/radio-script\/2872","targetHints":{"allow":["GET"]}}],"collection":[{"href":"https:\/\/scripts.farmradio.fm\/fr\/wp-json\/wp\/v2\/radio-script"}],"about":[{"href":"https:\/\/scripts.farmradio.fm\/fr\/wp-json\/wp\/v2\/types\/radio-script"}],"author":[{"embeddable":true,"href":"https:\/\/scripts.farmradio.fm\/fr\/wp-json\/wp\/v2\/users\/46"}],"version-history":[{"count":0,"href":"https:\/\/scripts.farmradio.fm\/fr\/wp-json\/wp\/v2\/radio-script\/2872\/revisions"}],"wp:attachment":[{"href":"https:\/\/scripts.farmradio.fm\/fr\/wp-json\/wp\/v2\/media?parent=2872"}],"wp:term":[{"taxonomy":"script-format","embeddable":true,"href":"https:\/\/scripts.farmradio.fm\/fr\/wp-json\/wp\/v2\/script-format?post=2872"},{"taxonomy":"package","embeddable":true,"href":"https:\/\/scripts.farmradio.fm\/fr\/wp-json\/wp\/v2\/package?post=2872"},{"taxonomy":"script-category","embeddable":true,"href":"https:\/\/scripts.farmradio.fm\/fr\/wp-json\/wp\/v2\/script-category?post=2872"}],"curies":[{"name":"wp","href":"https:\/\/api.w.org\/{rel}","templated":true}]}}