{"id":13527,"date":"2020-05-29T22:04:31","date_gmt":"2020-05-29T19:04:31","guid":{"rendered":"https:\/\/scripts.farmradio.fm\/fr\/?post_type=radio-resource-packs&#038;p=13527"},"modified":"2020-05-29T22:15:58","modified_gmt":"2020-05-29T19:15:58","slug":"les-problemes-de-sante","status":"publish","type":"radio-script","link":"https:\/\/scripts.farmradio.fm\/fr\/texte-radiophonique\/les-problemes-de-sante\/","title":{"rendered":"Les probl\u00e8mes de sant\u00e9"},"content":{"rendered":"<p>Voici notre nouvel ensemble th\u00e9matique mensuel des ressources de RRI qui, pour le mois de juin, porte sur divers probl\u00e8mes de sant\u00e9. Le monde entier est concentr\u00e9 \u00e0 juste titre sur le COVID-19. Cependant, les autres probl\u00e8mes de sant\u00e9 n\u2019ont pas disparu juste \u00e0 cause du COVID-19. Ils continuent de provoquer des maladies et des d\u00e9c\u00e8s qui pourraient m\u00eame augmenter \u00e0 mesure que les ressources diminuent au profit du COVID-19. Face \u00e0 cette pand\u00e9mie, il est bien plus qu\u2019indispensable que les radiodiffuseurs(euses) continuent de se pencher sur les autres probl\u00e8mes de sant\u00e9.<\/p>\n<p><b>Fiche documentaire<\/b><\/p>\n<p><a href=\"https:\/\/scripts.farmradio.fm\/fr\/texte-radiophonique\/fiche-documentaire-sur-laccident-vasculaire-cerebral-avc\/\">Fiche documentaire sur l\u2019accident vasculaire c\u00e9r\u00e9bral (AVC)<\/a><\/p>\n<p><b>Interviews<\/b><\/p>\n<p><a href=\"https:\/\/scripts.farmradio.fm\/fr\/texte-radiophonique\/mortalite-maternelle-et-infantile-et-si-en-parlait\/\">Mortalit\u00e9 maternelle et infantile, et si on en parlait?<\/a><\/p>\n<p><a href=\"https:\/\/scripts.farmradio.fm\/fr\/texte-radiophonique\/demence-quest-ce-que-cest-et-comment-soutenir-un-membre-de-la-famille-atteint-de-demence\/\">D\u00e9mence : Qu\u2019est-ce que c\u2019est et comment soutenir un membre de la famille atteint de d\u00e9mence?<\/a><\/p>\n<p><b>Feuilleton radiophonique<\/b><\/p>\n<p><a href=\"https:\/\/scripts.farmradio.fm\/fr\/texte-radiophonique\/la-prevention-du-paludisme-pendant-la-grossesse\/\">La pr\u00e9vention du paludisme pendant la grossesse!<\/a><\/p>\n<p><b>Spots radiophoniques <\/b><\/p>\n<p><a href=\"https:\/\/scripts.farmradio.fm\/fr\/texte-radiophonique\/la-diarrhee-annonces-radiophoniques-sur-une-maladie-grave\/\">La diarrh\u00e9e : annonces radiophoniques sur une maladie grave<\/a><\/p>\n<p><b>Nouvelles agricoles de Barza infos :<\/b><\/p>\n<p><a href=\"https:\/\/wire.farmradio.fm\/fr\/farmer-stories\/mali-un-changement-de-regime-alimentaire-peut-aider-les-personnes-atteintes-de-maladies-chroniques-a-recouvrer-la-sante\/\">Mali : Un changement de r\u00e9gime alimentaire peut aider les personnes atteintes de maladies chroniques \u00e0 recouvrer la sant\u00e9<\/a><\/p>\n<p><a href=\"https:\/\/wire.farmradio.fm\/fr\/farmer-stories\/ouganda-de-bonnes-recoltes-et-des-familles-en-bonne-sante-grace-a-la-patate-douce-a-chair-orange\/\">Ouganda : De bonnes r\u00e9coltes et des familles en bonne sant\u00e9 gr\u00e2ce \u00e0 la patate douce \u00e0 chair orange<\/a><\/p>\n<p><a href=\"https:\/\/wire.farmradio.fm\/fr\/farmer-stories\/burkina-faso-des-ecoles-soutiennent-les-jeunes-filles-pendant-leurs-menstrues\/\">Burkina Faso : Des \u00e9coles soutiennent les jeunes filles pendant leurs menstrues<\/a><\/p>\n<p><i>La ressource suivante est disponible en swahili :<\/i><\/p>\n<p><a href=\"https:\/\/scripts.farmradio.fm\/sw\/mwongozo-wa-redio\/zuia-malaria-wakati-wa-ujauzito\/\">Zuia malaria wakati wa ujauzito!<\/a><\/p>\n<p>Nous esp\u00e9rons que ce type d\u2019outil d\u2019information unique abordant des th\u00e8mes pr\u00e9cis vous est utile, et que vous pourrez vous servir des \u00e9l\u00e9ments propos\u00e9s dans l\u2019ensemble th\u00e9matique de ce mois pour r\u00e9aliser de bonnes \u00e9missions sur divers th\u00e8mes de sant\u00e9, m\u00eame durant la pand\u00e9mie du COVID-19.<\/p>\n","protected":false},"excerpt":{"rendered":"<p>Voici notre nouvel ensemble th\u00e9matique mensuel des ressources de RRI qui, pour le mois de juin, porte sur divers probl\u00e8mes de sant\u00e9. Le monde entier est concentr\u00e9 \u00e0 juste titre sur le COVID-19. Cependant, les autres probl\u00e8mes de sant\u00e9 n\u2019ont pas disparu juste \u00e0 cause du COVID-19. Ils continuent de provoquer des maladies et des&hellip;<\/p>\n","protected":false},"author":1,"featured_media":0,"parent":0,"menu_order":6,"template":"","meta":{"footnotes":"","beyondwords_generate_audio":"","beyondwords_project_id":"","beyondwords_content_id":"","beyondwords_integration_method":"","beyondwords_language_code":"","beyondwords_language_id":"","beyondwords_body_voice_id":"","beyondwords_delete_content":"","beyondwords_source":"","beyondwords_output":"","beyondwords_script_template_id":"","beyondwords_video_template_id":"","beyondwords_video_size":"","beyondwords_embed":"","beyondwords_podcast_id":"","speechkit_generate_audio":"","speechkit_project_id":"","speechkit_podcast_id":""},"script-format":[544],"package":[],"script-category":[443],"class_list":["post-13527","radio-script","type-radio-script","status-publish","hentry","script-format-ensemble-thematique","script-category-sante"],"acf":[],"yoast_head":"<!-- This site is optimized with the Yoast SEO plugin v28.4 - https:\/\/yoast.com\/product\/yoast-seo-wordpress\/ -->\n<title>Les probl\u00e8mes de sant\u00e9 - Farm Radio Scripts<\/title>\n<meta name=\"robots\" content=\"index, follow, max-snippet:-1, max-image-preview:large, max-video-preview:-1\" \/>\n<link rel=\"canonical\" href=\"https:\/\/scripts.farmradio.fm\/fr\/texte-radiophonique\/les-problemes-de-sante\/\" \/>\n<meta property=\"og:locale\" content=\"fr_CA\" \/>\n<meta property=\"og:type\" content=\"article\" \/>\n<meta property=\"og:title\" content=\"Les probl\u00e8mes de sant\u00e9 - Farm Radio Scripts\" \/>\n<meta property=\"og:description\" content=\"Voici notre nouvel ensemble th\u00e9matique mensuel des ressources de RRI qui, pour le mois de juin, porte sur divers probl\u00e8mes de sant\u00e9. Le monde entier est concentr\u00e9 \u00e0 juste titre sur le COVID-19. Cependant, les autres probl\u00e8mes de sant\u00e9 n\u2019ont pas disparu juste \u00e0 cause du COVID-19. Ils continuent de provoquer des maladies et des&hellip;\" \/>\n<meta property=\"og:url\" content=\"https:\/\/scripts.farmradio.fm\/fr\/texte-radiophonique\/les-problemes-de-sante\/\" \/>\n<meta property=\"og:site_name\" content=\"Farm Radio Scripts\" \/>\n<meta property=\"article:publisher\" content=\"https:\/\/www.facebook.com\/farmradio\/\" \/>\n<meta property=\"article:modified_time\" content=\"2020-05-29T19:15:58+00:00\" \/>\n<meta name=\"twitter:card\" content=\"summary_large_image\" \/>\n<meta name=\"twitter:site\" content=\"@farmradio\" \/>\n<meta name=\"twitter:label1\" content=\"Estimation du temps de lecture\" \/>\n\t<meta name=\"twitter:data1\" content=\"1 minute\" \/>\n<script type=\"application\/ld+json\" class=\"yoast-schema-graph\">{\"@context\":\"https:\\\/\\\/schema.org\",\"@graph\":[{\"@type\":\"Article\",\"@id\":\"https:\\\/\\\/scripts.farmradio.fm\\\/fr\\\/texte-radiophonique\\\/les-problemes-de-sante\\\/#article\",\"isPartOf\":{\"@id\":\"https:\\\/\\\/scripts.farmradio.fm\\\/fr\\\/texte-radiophonique\\\/les-problemes-de-sante\\\/\"},\"author\":{\"name\":\"admin\",\"@id\":\"http:\\\/\\\/scripts.farmradio.fm\\\/fr\\\/#\\\/schema\\\/person\\\/2c96e76ae77ec98d9633adb8418411e7\"},\"headline\":\"Les probl\u00e8mes de sant\u00e9\",\"datePublished\":\"2020-05-29T19:04:31+00:00\",\"dateModified\":\"2020-05-29T19:15:58+00:00\",\"mainEntityOfPage\":{\"@id\":\"https:\\\/\\\/scripts.farmradio.fm\\\/fr\\\/texte-radiophonique\\\/les-problemes-de-sante\\\/\"},\"wordCount\":289,\"publisher\":{\"@id\":\"http:\\\/\\\/scripts.farmradio.fm\\\/fr\\\/#organization\"},\"inLanguage\":\"fr-CA\"},{\"@type\":\"WebPage\",\"@id\":\"https:\\\/\\\/scripts.farmradio.fm\\\/fr\\\/texte-radiophonique\\\/les-problemes-de-sante\\\/\",\"url\":\"https:\\\/\\\/scripts.farmradio.fm\\\/fr\\\/texte-radiophonique\\\/les-problemes-de-sante\\\/\",\"name\":\"Les probl\u00e8mes de sant\u00e9 - Farm Radio Scripts\",\"isPartOf\":{\"@id\":\"http:\\\/\\\/scripts.farmradio.fm\\\/fr\\\/#website\"},\"datePublished\":\"2020-05-29T19:04:31+00:00\",\"dateModified\":\"2020-05-29T19:15:58+00:00\",\"breadcrumb\":{\"@id\":\"https:\\\/\\\/scripts.farmradio.fm\\\/fr\\\/texte-radiophonique\\\/les-problemes-de-sante\\\/#breadcrumb\"},\"inLanguage\":\"fr-CA\",\"potentialAction\":[{\"@type\":\"ReadAction\",\"target\":[\"https:\\\/\\\/scripts.farmradio.fm\\\/fr\\\/texte-radiophonique\\\/les-problemes-de-sante\\\/\"]}]},{\"@type\":\"BreadcrumbList\",\"@id\":\"https:\\\/\\\/scripts.farmradio.fm\\\/fr\\\/texte-radiophonique\\\/les-problemes-de-sante\\\/#breadcrumb\",\"itemListElement\":[{\"@type\":\"ListItem\",\"position\":1,\"name\":\"Accueil\",\"item\":\"https:\\\/\\\/scripts.farmradio.fm\\\/fr\\\/\"},{\"@type\":\"ListItem\",\"position\":2,\"name\":\"Ensemble th\u00e9matique\",\"item\":\"https:\\\/\\\/scripts.farmradio.fm\\\/fr\\\/format\\\/ensemble-thematique\\\/\"},{\"@type\":\"ListItem\",\"position\":3,\"name\":\"Les probl\u00e8mes de sant\u00e9\"}]},{\"@type\":\"WebSite\",\"@id\":\"http:\\\/\\\/scripts.farmradio.fm\\\/fr\\\/#website\",\"url\":\"http:\\\/\\\/scripts.farmradio.fm\\\/fr\\\/\",\"name\":\"Farm Radio Scripts\",\"description\":\"\",\"publisher\":{\"@id\":\"http:\\\/\\\/scripts.farmradio.fm\\\/fr\\\/#organization\"},\"potentialAction\":[{\"@type\":\"SearchAction\",\"target\":{\"@type\":\"EntryPoint\",\"urlTemplate\":\"http:\\\/\\\/scripts.farmradio.fm\\\/fr\\\/?s={search_term_string}\"},\"query-input\":{\"@type\":\"PropertyValueSpecification\",\"valueRequired\":true,\"valueName\":\"search_term_string\"}}],\"inLanguage\":\"fr-CA\"},{\"@type\":\"Organization\",\"@id\":\"http:\\\/\\\/scripts.farmradio.fm\\\/fr\\\/#organization\",\"name\":\"Farm Radio International\",\"url\":\"http:\\\/\\\/scripts.farmradio.fm\\\/fr\\\/\",\"logo\":{\"@type\":\"ImageObject\",\"inLanguage\":\"fr-CA\",\"@id\":\"http:\\\/\\\/scripts.farmradio.fm\\\/fr\\\/#\\\/schema\\\/logo\\\/image\\\/\",\"url\":\"https:\\\/\\\/scripts.farmradio.fm\\\/wp-content\\\/uploads\\\/farmRadioLogo.jpg\",\"contentUrl\":\"https:\\\/\\\/scripts.farmradio.fm\\\/wp-content\\\/uploads\\\/farmRadioLogo.jpg\",\"width\":200,\"height\":75,\"caption\":\"Farm Radio International\"},\"image\":{\"@id\":\"http:\\\/\\\/scripts.farmradio.fm\\\/fr\\\/#\\\/schema\\\/logo\\\/image\\\/\"},\"sameAs\":[\"https:\\\/\\\/www.facebook.com\\\/farmradio\\\/\",\"https:\\\/\\\/x.com\\\/farmradio\",\"https:\\\/\\\/www.instagram.com\\\/farmradio\\\/\",\"https:\\\/\\\/www.youtube.com\\\/user\\\/FarmRadioInt\"]},{\"@type\":\"Person\",\"@id\":\"http:\\\/\\\/scripts.farmradio.fm\\\/fr\\\/#\\\/schema\\\/person\\\/2c96e76ae77ec98d9633adb8418411e7\",\"name\":\"admin\",\"image\":{\"@type\":\"ImageObject\",\"inLanguage\":\"fr-CA\",\"@id\":\"https:\\\/\\\/secure.gravatar.com\\\/avatar\\\/e0be6a79e523a97cd2bb91c73ff0b9805d0de7b0e09dc0a5a46a53e9c7551962?s=96&d=mm&r=g\",\"url\":\"https:\\\/\\\/secure.gravatar.com\\\/avatar\\\/e0be6a79e523a97cd2bb91c73ff0b9805d0de7b0e09dc0a5a46a53e9c7551962?s=96&d=mm&r=g\",\"contentUrl\":\"https:\\\/\\\/secure.gravatar.com\\\/avatar\\\/e0be6a79e523a97cd2bb91c73ff0b9805d0de7b0e09dc0a5a46a53e9c7551962?s=96&d=mm&r=g\",\"caption\":\"admin\"}}]}<\/script>\n<!-- \/ Yoast SEO plugin. -->","yoast_head_json":{"title":"Les probl\u00e8mes de sant\u00e9 - Farm Radio Scripts","robots":{"index":"index","follow":"follow","max-snippet":"max-snippet:-1","max-image-preview":"max-image-preview:large","max-video-preview":"max-video-preview:-1"},"canonical":"https:\/\/scripts.farmradio.fm\/fr\/texte-radiophonique\/les-problemes-de-sante\/","og_locale":"fr_CA","og_type":"article","og_title":"Les probl\u00e8mes de sant\u00e9 - Farm Radio Scripts","og_description":"Voici notre nouvel ensemble th\u00e9matique mensuel des ressources de RRI qui, pour le mois de juin, porte sur divers probl\u00e8mes de sant\u00e9. Le monde entier est concentr\u00e9 \u00e0 juste titre sur le COVID-19. Cependant, les autres probl\u00e8mes de sant\u00e9 n\u2019ont pas disparu juste \u00e0 cause du COVID-19. Ils continuent de provoquer des maladies et des&hellip;","og_url":"https:\/\/scripts.farmradio.fm\/fr\/texte-radiophonique\/les-problemes-de-sante\/","og_site_name":"Farm Radio Scripts","article_publisher":"https:\/\/www.facebook.com\/farmradio\/","article_modified_time":"2020-05-29T19:15:58+00:00","twitter_card":"summary_large_image","twitter_site":"@farmradio","twitter_misc":{"Estimation du temps de lecture":"1 minute"},"schema":{"@context":"https:\/\/schema.org","@graph":[{"@type":"Article","@id":"https:\/\/scripts.farmradio.fm\/fr\/texte-radiophonique\/les-problemes-de-sante\/#article","isPartOf":{"@id":"https:\/\/scripts.farmradio.fm\/fr\/texte-radiophonique\/les-problemes-de-sante\/"},"author":{"name":"admin","@id":"http:\/\/scripts.farmradio.fm\/fr\/#\/schema\/person\/2c96e76ae77ec98d9633adb8418411e7"},"headline":"Les probl\u00e8mes de sant\u00e9","datePublished":"2020-05-29T19:04:31+00:00","dateModified":"2020-05-29T19:15:58+00:00","mainEntityOfPage":{"@id":"https:\/\/scripts.farmradio.fm\/fr\/texte-radiophonique\/les-problemes-de-sante\/"},"wordCount":289,"publisher":{"@id":"http:\/\/scripts.farmradio.fm\/fr\/#organization"},"inLanguage":"fr-CA"},{"@type":"WebPage","@id":"https:\/\/scripts.farmradio.fm\/fr\/texte-radiophonique\/les-problemes-de-sante\/","url":"https:\/\/scripts.farmradio.fm\/fr\/texte-radiophonique\/les-problemes-de-sante\/","name":"Les probl\u00e8mes de sant\u00e9 - Farm Radio Scripts","isPartOf":{"@id":"http:\/\/scripts.farmradio.fm\/fr\/#website"},"datePublished":"2020-05-29T19:04:31+00:00","dateModified":"2020-05-29T19:15:58+00:00","breadcrumb":{"@id":"https:\/\/scripts.farmradio.fm\/fr\/texte-radiophonique\/les-problemes-de-sante\/#breadcrumb"},"inLanguage":"fr-CA","potentialAction":[{"@type":"ReadAction","target":["https:\/\/scripts.farmradio.fm\/fr\/texte-radiophonique\/les-problemes-de-sante\/"]}]},{"@type":"BreadcrumbList","@id":"https:\/\/scripts.farmradio.fm\/fr\/texte-radiophonique\/les-problemes-de-sante\/#breadcrumb","itemListElement":[{"@type":"ListItem","position":1,"name":"Accueil","item":"https:\/\/scripts.farmradio.fm\/fr\/"},{"@type":"ListItem","position":2,"name":"Ensemble th\u00e9matique","item":"https:\/\/scripts.farmradio.fm\/fr\/format\/ensemble-thematique\/"},{"@type":"ListItem","position":3,"name":"Les probl\u00e8mes de sant\u00e9"}]},{"@type":"WebSite","@id":"http:\/\/scripts.farmradio.fm\/fr\/#website","url":"http:\/\/scripts.farmradio.fm\/fr\/","name":"Farm Radio Scripts","description":"","publisher":{"@id":"http:\/\/scripts.farmradio.fm\/fr\/#organization"},"potentialAction":[{"@type":"SearchAction","target":{"@type":"EntryPoint","urlTemplate":"http:\/\/scripts.farmradio.fm\/fr\/?s={search_term_string}"},"query-input":{"@type":"PropertyValueSpecification","valueRequired":true,"valueName":"search_term_string"}}],"inLanguage":"fr-CA"},{"@type":"Organization","@id":"http:\/\/scripts.farmradio.fm\/fr\/#organization","name":"Farm Radio International","url":"http:\/\/scripts.farmradio.fm\/fr\/","logo":{"@type":"ImageObject","inLanguage":"fr-CA","@id":"http:\/\/scripts.farmradio.fm\/fr\/#\/schema\/logo\/image\/","url":"https:\/\/scripts.farmradio.fm\/wp-content\/uploads\/farmRadioLogo.jpg","contentUrl":"https:\/\/scripts.farmradio.fm\/wp-content\/uploads\/farmRadioLogo.jpg","width":200,"height":75,"caption":"Farm Radio International"},"image":{"@id":"http:\/\/scripts.farmradio.fm\/fr\/#\/schema\/logo\/image\/"},"sameAs":["https:\/\/www.facebook.com\/farmradio\/","https:\/\/x.com\/farmradio","https:\/\/www.instagram.com\/farmradio\/","https:\/\/www.youtube.com\/user\/FarmRadioInt"]},{"@type":"Person","@id":"http:\/\/scripts.farmradio.fm\/fr\/#\/schema\/person\/2c96e76ae77ec98d9633adb8418411e7","name":"admin","image":{"@type":"ImageObject","inLanguage":"fr-CA","@id":"https:\/\/secure.gravatar.com\/avatar\/e0be6a79e523a97cd2bb91c73ff0b9805d0de7b0e09dc0a5a46a53e9c7551962?s=96&d=mm&r=g","url":"https:\/\/secure.gravatar.com\/avatar\/e0be6a79e523a97cd2bb91c73ff0b9805d0de7b0e09dc0a5a46a53e9c7551962?s=96&d=mm&r=g","contentUrl":"https:\/\/secure.gravatar.com\/avatar\/e0be6a79e523a97cd2bb91c73ff0b9805d0de7b0e09dc0a5a46a53e9c7551962?s=96&d=mm&r=g","caption":"admin"}}]}},"_links":{"self":[{"href":"https:\/\/scripts.farmradio.fm\/fr\/wp-json\/wp\/v2\/radio-script\/13527","targetHints":{"allow":["GET"]}}],"collection":[{"href":"https:\/\/scripts.farmradio.fm\/fr\/wp-json\/wp\/v2\/radio-script"}],"about":[{"href":"https:\/\/scripts.farmradio.fm\/fr\/wp-json\/wp\/v2\/types\/radio-script"}],"author":[{"embeddable":true,"href":"https:\/\/scripts.farmradio.fm\/fr\/wp-json\/wp\/v2\/users\/1"}],"version-history":[{"count":0,"href":"https:\/\/scripts.farmradio.fm\/fr\/wp-json\/wp\/v2\/radio-script\/13527\/revisions"}],"wp:attachment":[{"href":"https:\/\/scripts.farmradio.fm\/fr\/wp-json\/wp\/v2\/media?parent=13527"}],"wp:term":[{"taxonomy":"script-format","embeddable":true,"href":"https:\/\/scripts.farmradio.fm\/fr\/wp-json\/wp\/v2\/script-format?post=13527"},{"taxonomy":"package","embeddable":true,"href":"https:\/\/scripts.farmradio.fm\/fr\/wp-json\/wp\/v2\/package?post=13527"},{"taxonomy":"script-category","embeddable":true,"href":"https:\/\/scripts.farmradio.fm\/fr\/wp-json\/wp\/v2\/script-category?post=13527"}],"curies":[{"name":"wp","href":"https:\/\/api.w.org\/{rel}","templated":true}]}}