{"id":13136,"date":"2019-12-15T08:30:26","date_gmt":"2019-12-15T05:30:26","guid":{"rendered":"https:\/\/scripts.farmradio.fm\/fr\/?post_type=radio-resource-packs&#038;p=13136"},"modified":"2024-04-10T22:00:16","modified_gmt":"2024-04-10T19:00:16","slug":"demence-quest-ce-que-cest-et-comment-soutenir-un-membre-de-la-famille-atteint-de-demence","status":"publish","type":"radio-script","link":"https:\/\/scripts.farmradio.fm\/fr\/texte-radiophonique\/demence-quest-ce-que-cest-et-comment-soutenir-un-membre-de-la-famille-atteint-de-demence\/","title":{"rendered":"D\u00e9mence : Qu&rsquo;est-ce que c&rsquo;est et comment soutenir un membre de la famille atteint de d\u00e9mence ?"},"content":{"rendered":"<p>MONTEE ET BAISSE DE L&rsquo;INDICATIF MUSICAL<\/p>\n<p><strong>ANIMATEUR :<\/strong> Saviez-vous qu&rsquo;environ 47 millions de personnes dans le monde vivent avec la d\u00e9mence et qu&rsquo;un nouveau cas de d\u00e9mence est diagnostiqu\u00e9 toutes les trois secondes ?<\/p>\n<p>Dans le programme d&rsquo;aujourd&rsquo;hui, nous allons en apprendre davantage sur la d\u00e9mence : la diff\u00e9rence entre la d\u00e9mence et la maladie d&rsquo;Alzheimer, les causes de la maladie et les soins n\u00e9cessaires pour les personnes atteintes de d\u00e9mence.<\/p>\n<p>MONTEE ET BAISSE DE L&rsquo;INDICATIF MUSICAL<\/p>\n<p><strong>ANIMATEUR :<\/strong> Bonjour et bienvenue au programme &lsquo;Votre Sant\u00e9\u2019. Je m&rsquo;appelle Winnie Onyimbo. La d\u00e9mence est bouleversante non seulement pour les personnes qui en sont atteintes, mais aussi pour leurs accompagnateurs et leurs familles. Dans la plupart des pays, la d\u00e9mence est mal connue et mal comprise, ce qui entra\u00eene des diagnostics erron\u00e9s, des soins m\u00e9diocres et la stigmatisation. Dans notre programme d&rsquo;aujourd&rsquo;hui, nous nous entretenons avec Elizabeth Mutunga, PDG et fondatrice de la Alzheimer&rsquo;s and Dementia Organisation Kenya, ou ADOK. Elle nous dira comment un diagnostic de d\u00e9mence dans sa famille a chang\u00e9 sa vie. Nous entendrons \u00e9galement le Dr Sokhi, neurologue. Le Dr Sokhi nous expliquera la cause de la d\u00e9mence, les types courants de d\u00e9mence et comment prendre soin d&rsquo;une personne atteinte de cette affection.<\/p>\n<p>J&rsquo;ai d&rsquo;abord parl\u00e9 \u00e0 Elizabeth de son exp\u00e9rience de vivre avec son p\u00e8re qui a \u00e9t\u00e9 diagnostiqu\u00e9 comme atteint de d\u00e9mence.<\/p>\n<p><strong>ELIZABETH MUTUNGA :<\/strong> Mon p\u00e8re a commenc\u00e9 \u00e0 montrer un comportement inhabituel. Nous savions qu&rsquo;il y avait un probl\u00e8me quand il a d\u00e9m\u00e9nag\u00e9 notre famille d&rsquo;un grand manoir \u00e0 une tr\u00e8s petite maison de t\u00f4le et a commenc\u00e9 \u00e0 vendre sa voiture en petits morceaux. Cela nous a choqu\u00e9s, parce que mon p\u00e8re \u00e9tait un policier chevronn\u00e9 et un homme organis\u00e9. Malheureusement, nous n&rsquo;avons su ce que c&rsquo;\u00e9tait que 15 ans plus tard lorsque nous avons appris qu&rsquo;il \u00e9tait atteint de d\u00e9mence. C&rsquo;\u00e9tait la premi\u00e8re fois que j&rsquo;entendais ce mot, et nous \u00e9tions tous confus parce que ce n&rsquo;\u00e9tait pas un diagnostic courant.<\/p>\n<p><strong>ANIMATEUR :<\/strong> La vie d&rsquo;Elizabeth Mutunga a chang\u00e9 radicalement lorsque son p\u00e8re a commenc\u00e9 \u00e0 montrer des signes de d\u00e9mence alors qu&rsquo;elle n&rsquo;\u00e9tait qu&rsquo;au lyc\u00e9e. Il \u00e9tait difficile d&rsquo;aller \u00e0 l&rsquo;\u00e9cole parce que le principal soutien de famille n&rsquo;\u00e9tait pas en mesure de subvenir \u00e0 ses besoins. Cela signifiait qu&rsquo;elle devait trouver un emploi pour s&rsquo;occuper de ses fr\u00e8res et s\u0153urs ainsi que pour soutenir sa m\u00e8re, qui prenait soin de son p\u00e8re.<\/p>\n<p><strong>ELIZABETH MUTUNGA :<\/strong> Apr\u00e8s le diagnostic, nous n&rsquo;avions plus d&rsquo;informations sur cette maladie. La plupart des gens \u00e0 qui nous avons parl\u00e9 ont dit que c&rsquo;\u00e9tait une maladie occidentale. Ce n&rsquo;est que beaucoup plus tard que nous avons trouv\u00e9 un neurologue qui a pu nous conseiller sur les soins dont mon p\u00e8re avait besoin. Cela a eu des cons\u00e9quences sur notre famille. Ma m\u00e8re a fait une d\u00e9pression, et \u00e0 un moment donn\u00e9, j&rsquo;\u00e9tais aussi d\u00e9prim\u00e9e. Mais j&rsquo;ai d\u00fb prendre le relais parce que j&rsquo;\u00e9tais le premier-n\u00e9 et que les autres devaient aller \u00e0 l&rsquo;\u00e9cole. On s&rsquo;est occup\u00e9s de lui pendant 20 ans.<\/p>\n<p><strong>ANIMATEUR :<\/strong> Le Dr Sokhi est un neurologue de Nairobi qui s&rsquo;occupe des cas de d\u00e9mence. Il explique ce qu&rsquo;est la d\u00e9mence.<\/p>\n<p><strong>DR. SOKHI :<\/strong> La d\u00e9mence est un terme utilis\u00e9 lorsqu&rsquo;une personne pr\u00e9sente des sympt\u00f4mes de troubles de la m\u00e9moire. Une personne atteinte de d\u00e9mence a des probl\u00e8mes avec une sorte de fonctionnement c\u00e9r\u00e9bral connu sous le nom de cognition. La cognition comprend la m\u00e9moire et d&rsquo;autres aspects du fonctionnement du cerveau, et peut affecter la capacit\u00e9 d&rsquo;une personne \u00e0 bien interagir dans des situations sociales et \u00e0 accomplir des t\u00e2ches complexes. Si l&rsquo;une ou l&rsquo;autre de ces deux fonctions c\u00e9r\u00e9brales est affect\u00e9e et qu&rsquo;une personne ne peut pas vivre sa vie de fa\u00e7on aussi autonome qu&rsquo;auparavant, on parle de d\u00e9mence. Il existe de nombreux types de maladies qui affectent le cerveau et qui peuvent mener \u00e0 la d\u00e9mence, dont la plus courante est la maladie d&rsquo;Alzheimer.<\/p>\n<p><strong>ANIMATEUR :<\/strong> Il est tr\u00e8s difficile d&rsquo;obtenir de l&rsquo;aide m\u00e9dicale pour la d\u00e9mence au Kenya car il n&rsquo;y a que 18 neurologues dans un pays qui compte plus de 45 millions d&rsquo;habitants. De plus, il est encore difficile de d\u00e9terminer l&rsquo;\u00e9tendue de la d\u00e9mence dans la r\u00e9gion parce qu&rsquo;il y a tr\u00e8s peu d&rsquo;information \u00e0 son sujet. J&rsquo;ai demand\u00e9 au Dr Sokhi pourquoi c&rsquo;est le cas.<\/p>\n<p><strong>DR. SOKHI :<\/strong> La d\u00e9mence est une maladie du syst\u00e8me nerveux, et les maladies du syst\u00e8me nerveux n&rsquo;ont pas re\u00e7u autant d&rsquo;attention en Afrique. Il y a donc un manque de connaissances \u00e0 leur sujet. Malheureusement, il y a aussi un aspect culturel. Dans cette partie du monde, le fait d&rsquo;avoir un probl\u00e8me de m\u00e9moire est consid\u00e9r\u00e9 comme une partie normale du vieillissement et les soins m\u00e9dicaux sont rarement sollicit\u00e9s. C&rsquo;est pourquoi on trouve peu d&rsquo;informations sur la d\u00e9mence en Afrique.<\/p>\n<p><strong>ANIMATEUR :<\/strong> Bien que la d\u00e9mence touche les personnes \u00e2g\u00e9es, elle ne constitue pas un ph\u00e9nom\u00e8ne normal du vieillissement. Les sympt\u00f4mes pr\u00e9cis varient selon le type de d\u00e9mence, le stade de la maladie et d&rsquo;une personne \u00e0 l&rsquo;autre. Pour Grace Njoroge, les sympt\u00f4mes de la d\u00e9mence ont commenc\u00e9 lorsqu&rsquo;elle a perdu son mari il y a 10 ans. Sa fille Angela prend soin d&rsquo;elle.<\/p>\n<p><strong>ANGELA GAITHUMI :<\/strong> Ma m\u00e8re a commenc\u00e9 \u00e0 montrer des signes juste apr\u00e8s la mort de mon p\u00e8re. Au d\u00e9but, nous pensions que c&rsquo;\u00e9tait sa fa\u00e7on de faire face \u00e0 la mort de papa, mais le comportement inhabituel a persist\u00e9.<\/p>\n<p><strong>ANIMATEUR :<\/strong> Qu&rsquo;est-ce qu&rsquo;elle a fait pour vous faire croire qu&rsquo;elle n&rsquo;allait pas bien ?<\/p>\n<p><strong>ANGELA GAITHUMI :<\/strong> Elle a commenc\u00e9 \u00e0 agir bizarrement. Par exemple, elle retirait de grosses sommes d&rsquo;argent et oubliait qu&rsquo;elle le faisait &#8211; et si on lui demandait, elle devenait violente. Maman \u00e9tait tr\u00e8s instruite et travaillait pour les Nations Unies. C&rsquo;est alors que nous avons pens\u00e9 que quelque chose n&rsquo;allait pas. Obtenir un diagnostic pour elle n&rsquo;\u00e9tait pas si difficile parce que nous avions eu affaire \u00e0 des m\u00e9decins du cerveau \u00e0 cause du cas de mon p\u00e8re. Apr\u00e8s lui avoir expliqu\u00e9 le comportement de maman, l&rsquo;un des m\u00e9decins nous a sugg\u00e9r\u00e9 de consulter un neurologue pour des tests. C&rsquo;est l\u00e0 qu&rsquo;on a eu un diagnostic. Mais m\u00eame apr\u00e8s cela, c&rsquo;\u00e9tait difficile parce que les amis et la famille \u00e9largie ne comprenaient pas bien. Ils consid\u00e8rent toujours que la d\u00e9mence est un probl\u00e8me mental.<\/p>\n<p><strong>ANIMATEUR :<\/strong> La d\u00e9mence est une maladie du cerveau qui affecte la m\u00e9moire. Mais \u00e0 quel point la m\u00e9moire est-elle affect\u00e9e ? Le Dr Sokhi explique.<\/p>\n<p><strong>DR. SOKHI :<\/strong> Dans les cas de d\u00e9mence, la m\u00e9moire \u00e0 court terme est affect\u00e9e en premier. Les gens oublient les \u00e9v\u00e9nements r\u00e9cents. Par exemple, ils peuvent avoir de la difficult\u00e9 \u00e0 se souvenir de ce qu&rsquo;ils ont mang\u00e9 au petit d\u00e9jeuner ou de l&rsquo;endroit o\u00f9 ils ont laiss\u00e9 leurs cl\u00e9s, ou ils peuvent oublier des rendez-vous qui avaient \u00e9t\u00e9 fix\u00e9s m\u00eame un jour auparavant. Plus tard, au fur et \u00e0 mesure que la maladie progresse, les gens deviennent confus au sujet de choses comme la date \u00e0 laquelle ils ont obtenu leur dipl\u00f4me, l&rsquo;\u00e9cole o\u00f9 ils sont all\u00e9s, ou s&rsquo;ils sont mari\u00e9s ou ont des enfants. Leur conversation peut devenir r\u00e9p\u00e9titive. Au fil du temps, la partie de la m\u00e9moire qui est responsable de la m\u00e9morisation des noms, des cat\u00e9gories, des nombres et des calculs est \u00e9galement affect\u00e9e. Il commence donc par la m\u00e9moire \u00e0 court terme et finit par affecter toute la m\u00e9moire au fur et \u00e0 mesure que le temps passe.<\/p>\n<p><strong>ANIMATEUR :<\/strong> Y a-t-il une cause\u2014ou quelque chose qui pourrait d\u00e9clencher la d\u00e9mence ?<\/p>\n<p><strong>DR SOKHI :<\/strong> Il n&rsquo;y a rien que nous sachions. Pour la maladie d&rsquo;Alzheimer, qui est le type de d\u00e9mence le plus courant, c&rsquo;est une maladie qui commence toute seule. D&rsquo;autres types de d\u00e9mence peuvent survenir \u00e0 la suite de certaines affections comme le VIH et le sida, la syphilis ou un traumatisme cr\u00e2nien r\u00e9current lorsque la d\u00e9mence est li\u00e9e \u00e0 la blessure.<\/p>\n<p><strong>ANIMATEUR :<\/strong> La recherche montre que les femmes portent une grande partie du fardeau de la d\u00e9mence. Outre le fait qu&rsquo;\u00e0 65 ans, les femmes sont plus susceptibles que les hommes de d\u00e9velopper la maladie d&rsquo;Alzheimer et la d\u00e9mence, la plupart des accompagnateurs sont des femmes. Prendre soin d&rsquo;une personne atteinte de d\u00e9mence peut \u00eatre tr\u00e8s difficile pour la famille. Elles sont stress\u00e9es physiquement, \u00e9motionnellement et \u00e9conomiquement.<\/p>\n<p>Dans le cas d&rsquo;Elizabeth, son p\u00e8re ne pouvait pas la reconna\u00eetre comme sa fille et a refus\u00e9 de l&rsquo;accompagner dans l&rsquo;all\u00e9e \u00e0 son mariage. Elle a \u00e9t\u00e9 affect\u00e9e et a m\u00eame \u00e9t\u00e9 aux prises avec des probl\u00e8mes d&rsquo;estime de soi pendant un certain temps et a d\u00fb recourir \u00e0 une th\u00e9rapie. \u00c0 cause du stress engendr\u00e9 par le fait d&rsquo;\u00eatre son accompagnatrice, la m\u00e8re d&rsquo;Angela devenait parfois violente.<\/p>\n<p><strong>ANGELA GAITHUMI :<\/strong> Parfois, elle \u00e9tait frustr\u00e9e et devenait tr\u00e8s violente. De tels moments sont tr\u00e8s difficiles parce que vous ne pouvez pas vous battre avec votre m\u00e8re. Culturellement en Afrique, il n&rsquo;est pas convenable de voir la nudit\u00e9 de sa m\u00e8re. Ma s\u0153ur et moi avons d\u00fb faire face \u00e0 cela pour pouvoir prendre soin de notre m\u00e8re.<\/p>\n<p><strong>ANIMATEUR :<\/strong> Les accompagnateurs et la famille de la personne atteinte de d\u00e9mence ont besoin du soutien des syst\u00e8mes de sant\u00e9, sociaux, financiers et juridiques. Dans les cas d&rsquo;Elizabeth et d&rsquo;Angela, leurs proches atteints de d\u00e9mence retiraient parfois de tr\u00e8s grosses sommes d&rsquo;argent sans en aviser la famille. Le Dr Sokhi donne des conseils sur ce qu&rsquo;il faut faire lorsque les familles constatent un tel comportement.<\/p>\n<p><strong>DR. SOKHI :<\/strong> Il est pr\u00e9f\u00e9rable de g\u00e9rer le comportement \u00e0 la maison. C&rsquo;est parce qu&rsquo;il n&rsquo;y a eu que quatre types de m\u00e9dicaments qui aident \u00e0 contr\u00f4ler la d\u00e9mence au cours des 15 ou 20 derni\u00e8res ann\u00e9es. Il n&rsquo;y a rien de nouveau sur le march\u00e9 qui promet de stabiliser ou d&rsquo;am\u00e9liorer les sympt\u00f4mes de la d\u00e9mence. Ainsi, 90 % des soins sont prodigu\u00e9s en fonction de la compr\u00e9hension des accompagnateurs, des amis et de la famille \u00e0 la maison ou au travail. Ce sont eux qui s&rsquo;occupent des sympt\u00f4mes de la d\u00e9mence et de la fa\u00e7on de les g\u00e9rer.<\/p>\n<p><strong>ANIMATEUR :<\/strong> Donnez-moi des exemples pratiques de la fa\u00e7on dont ils interviendraient pour g\u00e9rer les sympt\u00f4mes.<\/p>\n<p><strong>DR. SOKHI :<\/strong> Par exemple, si la personne ne peut plus g\u00e9rer ses finances et qu&rsquo;elle retire parfois de grosses sommes d&rsquo;argent, la famille devrait prendre des mesures pour g\u00e9rer l\u00e9galement les finances de cette personne. Si la personne peut travailler plus longtemps, communiquez avec l&#8217;employeur et dites  &raquo; c&rsquo;est le niveau de travail que la personne peut ou ne peut pas faire &laquo; , ou sugg\u00e9rez une retraite anticip\u00e9e si la personne ne peut pas accomplir ses t\u00e2ches en toute s\u00e9curit\u00e9.<\/p>\n<p><strong>ANIMATEUR :<\/strong> Est-ce qu&rsquo;une personne atteinte de d\u00e9mence peut se r\u00e9tablir avec de bons soins ?<\/p>\n<p><strong>DR. SOKHI :<\/strong> La d\u00e9mence est une maladie \u00e9volutive. Cela signifie que la personne ne gu\u00e9rit pas. En fait, avec le temps, leur \u00e9tat peut s&rsquo;aggraver et n\u00e9cessiter une assistance m\u00e9dicale. Par exemple, ils auront besoin d&rsquo;aide pour se nourrir, se laver et s&rsquo;habiller. Si une personne atteinte de d\u00e9mence a tendance \u00e0 s&rsquo;\u00e9loigner ou a de la difficult\u00e9 \u00e0 naviguer dans la maison ou dans le voisinage, elle aura besoin de quelqu&rsquo;un qui l&rsquo;accompagne en permanence pour lui \u00e9viter de s&rsquo;y perdre.<\/p>\n<p><strong>ANIMATEUR :<\/strong> L&rsquo;un des principaux d\u00e9fis est le manque de soutien gouvernemental pour les personnes atteintes de d\u00e9mence et leur famille. Il n&rsquo;y a pas de l\u00e9gislation, de politiques ou de prestation de services. Il a fallu 15 ans \u00e0 Angela et \u00e0 sa famille pour pouvoir g\u00e9rer les biens de sa m\u00e8re parce qu&rsquo;elle n&rsquo;\u00e9tait pas capable de le faire elle-m\u00eame. Quelque chose d&rsquo;aussi simple que l&rsquo;acc\u00e8s l\u00e9gal au compte bancaire de sa m\u00e8re a pris des ann\u00e9es et le processus a \u00e9t\u00e9 tr\u00e8s long.<\/p>\n<p><strong>ANGELA GAITHUMI :<\/strong> Il est \u00e9galement tr\u00e8s difficile de trouver de bons accompagnateurs. La violence physique et sexuelle peut survenir lorsque l\u2019accompagnateur n&rsquo;a pas un grand c\u0153ur pour les personnes atteintes de d\u00e9mence &#8211; m\u00eame lorsqu&rsquo;il est un accompagnateur bien form\u00e9. Il nous a fallu beaucoup de temps pour trouver quelqu&rsquo;un qui vienne nous aider avec maman, et nous avons toujours besoin de quelqu&rsquo;un \u00e0 temps plein. J&rsquo;ai d\u00e9cid\u00e9 de quitter mon emploi parce que je voulais qu&rsquo;on s&rsquo;occupe bien de ma m\u00e8re.<\/p>\n<p><strong>ANIMATEUR :<\/strong> Le manque d&rsquo;information de la part des accompagnateurs, de la famille et de la soci\u00e9t\u00e9 rend la d\u00e9mence encore plus compliqu\u00e9e. C&rsquo;est pourquoi il y a beaucoup de stigmatisation. De nombreuses familles ont \u00e9t\u00e9 accus\u00e9es d&rsquo;avoir ensorcel\u00e9 leur proche malade. Pour la famille et les accompagnateurs, le fait de ne pas savoir comment traiter la personne atteinte de d\u00e9mence cause parfois plus de probl\u00e8mes. Comme dans le cas de la famille d&rsquo;Elizabeth.<\/p>\n<p><strong>ELIZABETH MUTUNGA :<\/strong> Une fois, nous avons pens\u00e9 qu&rsquo;il avait besoin d&rsquo;une pause et nous avons emmen\u00e9 mon p\u00e8re hors de la ville pour quelque temps. Son comportement s&rsquo;aggravait chaque fois qu&rsquo;on le d\u00e9pla\u00e7ait. Plus tard, nous nous sommes rendu compte que changer son environnement \u00e9tait une mauvaise id\u00e9e. Nous avons appris des choses simples, comme ne pas se disputer avec eux, m\u00eame lorsqu&rsquo;ils sont insens\u00e9s, car cela ne fait qu&rsquo;aggraver leur cas.<\/p>\n<p><strong>ANIMATEUR :<\/strong> Le Dr Sokhi nous \u00e9claire sur certains de ces changements de comportement.<\/p>\n<p><strong>DR. SOKHI :<\/strong> Les changements de comportement sont les plus difficiles pour la famille et les accompagnateurs. Une personne atteinte de d\u00e9mence peut se sentir tr\u00e8s d\u00e9courag\u00e9e et ne pas vouloir interagir avec qui que ce soit, ou elle peut \u00eatre tr\u00e8s hyperactive et parfois m\u00eame agressive. Ils peuvent m\u00eame s&rsquo;en prendre \u00e0 leurs proches. La famille et les accompagnateurs doivent comprendre que ce n&rsquo;est pas la faute de la personne atteinte de d\u00e9mence. Les personnes atteintes de d\u00e9mence peuvent bien se d\u00e9brouiller dans un environnement familier. Il ne faut pas les emmener dans des endroits \u00e9tranges pendant de longues p\u00e9riodes parce qu&rsquo;ils se d\u00e9sorientent tr\u00e8s rapidement.<\/p>\n<p><strong>ANIMATEUR :<\/strong> C&rsquo;\u00e9tait le Dr Sokhi, un neurologue de Nairobi, au Kenya, qui expliquait comment traiter une personne atteinte de d\u00e9mence.<\/p>\n<p>Apr\u00e8s avoir v\u00e9cu avec une personne atteinte de d\u00e9mence et en avoir beaucoup appris par exp\u00e9rience, Elizabeth Mutunga a fond\u00e9 l&rsquo;Alzheimer&rsquo;s and Dementia Organisation Kenya (ADOK) en 2016. Il s&rsquo;agit d\u2019une organisation dirig\u00e9e par des accompagnateurs o\u00f9 ceux-ci partagent leur exp\u00e9rience et les d\u00e9fis auxquels ils font face et apprennent les uns des autres. Angela profite du groupe de soutien et attribue la plupart de ce qu&rsquo;elle a appris et du soutien qu&rsquo;elle obtient au contact qu&rsquo;elle a avec d&rsquo;autres accompagnateurs. Le Dr Sokhi assiste \u00e9galement aux r\u00e9unions de temps \u00e0 autre pour partager de l&rsquo;information m\u00e9dicale et pour expliquer comment les accompagnateurs peuvent mieux s&rsquo;occuper de leurs proches. Les membres d&rsquo;ADOK militent actuellement pour que les soins aux personnes atteintes de d\u00e9mence soient inclus dans les principales strat\u00e9gies gouvernementales en mati\u00e8re de sant\u00e9. Pour cette raison, il y a un peu plus d&rsquo;information sur la d\u00e9mence au pays et les aidants ont un endroit o\u00f9 ils peuvent aller pour se faire accompagner \u00e9motionnellement.<\/p>\n<p>MONTEE ET BAISSE DE L&rsquo;INDICATIF MUSICAL<\/p>\n<p><strong>ANIMATEUR :<\/strong> Merci d&rsquo;\u00eatre rest\u00e9 avec moi pour ce programme qui nous a permis d&rsquo;en apprendre davantage sur la d\u00e9mence. Le Dr Sokhi, neurologue au Kenya, nous a expliqu\u00e9 ce qu&rsquo;est la d\u00e9mence, ses causes et comment prendre soin d&rsquo;une personne atteinte de d\u00e9mence. Nous avons \u00e9galement entendu Elizabeth Mutunga, fondatrice de l&rsquo;Alzheimer&rsquo;s and Dementia Organisation of Kenya (ADOK), une organisation qu&rsquo;elle a fond\u00e9e pour aider les accompagnateurs des personnes atteintes de la maladie d&rsquo;Alzheimer. Enfin, nous avons entendu Angela Gaithumi, qui est la principale accompagnatrice de sa m\u00e8re, qui a \u00e9t\u00e9 diagnostiqu\u00e9e comme atteinte de d\u00e9mence il y a 10 ans. A la semaine prochaine, votre pr\u00e9sentatrice de Votre Sant\u00e9, Winnie Onyimbo.<\/p>\n<p>&nbsp;<\/p>\n","protected":false},"excerpt":{"rendered":"<p>MONTEE ET BAISSE DE L&rsquo;INDICATIF MUSICAL ANIMATEUR : Saviez-vous qu&rsquo;environ 47 millions de personnes dans le monde vivent avec la d\u00e9mence et qu&rsquo;un nouveau cas de d\u00e9mence est diagnostiqu\u00e9 toutes les trois secondes ? Dans le programme d&rsquo;aujourd&rsquo;hui, nous allons en apprendre davantage sur la d\u00e9mence : la diff\u00e9rence entre la d\u00e9mence et la maladie&hellip;<\/p>\n","protected":false},"author":142,"featured_media":0,"parent":0,"menu_order":6,"template":"","meta":{"footnotes":"","beyondwords_generate_audio":"","beyondwords_integration_method":"","beyondwords_project_id":"","beyondwords_content_id":"","beyondwords_preview_token":"","beyondwords_player_content":"","beyondwords_player_style":"","beyondwords_language_code":"","beyondwords_language_id":"","beyondwords_title_voice_id":"","beyondwords_body_voice_id":"","beyondwords_summary_voice_id":"","beyondwords_error_message":"","beyondwords_disabled":"","beyondwords_delete_content":"","beyondwords_podcast_id":"","beyondwords_hash":"","publish_post_to_speechkit":"","speechkit_hash":"","speechkit_generate_audio":"","speechkit_project_id":"","speechkit_podcast_id":"","speechkit_error_message":"","speechkit_disabled":"","speechkit_access_key":"","speechkit_error":"","speechkit_info":"","speechkit_response":"","speechkit_retries":"","speechkit_status":"","speechkit_updated_at":"","_speechkit_link":"","_speechkit_text":""},"script-format":[491],"package":[796],"script-category":[443],"class_list":["post-13136","radio-script","type-radio-script","status-publish","hentry","script-format-interview-fr","package-796","script-category-sante"],"acf":[],"yoast_head":"<!-- This site is optimized with the Yoast SEO plugin v27.5 - https:\/\/yoast.com\/product\/yoast-seo-wordpress\/ -->\n<title>D\u00e9mence : Qu&#039;est-ce que c&#039;est et comment soutenir un membre de la famille atteint de d\u00e9mence ? - Farm Radio Scripts<\/title>\n<meta name=\"robots\" content=\"index, follow, max-snippet:-1, max-image-preview:large, max-video-preview:-1\" \/>\n<link rel=\"canonical\" href=\"https:\/\/scripts.farmradio.fm\/fr\/texte-radiophonique\/demence-quest-ce-que-cest-et-comment-soutenir-un-membre-de-la-famille-atteint-de-demence\/\" \/>\n<meta property=\"og:locale\" content=\"fr_CA\" \/>\n<meta property=\"og:type\" content=\"article\" \/>\n<meta property=\"og:title\" content=\"D\u00e9mence : Qu&#039;est-ce que c&#039;est et comment soutenir un membre de la famille atteint de d\u00e9mence ? - Farm Radio Scripts\" \/>\n<meta property=\"og:description\" content=\"MONTEE ET BAISSE DE L&rsquo;INDICATIF MUSICAL ANIMATEUR : Saviez-vous qu&rsquo;environ 47 millions de personnes dans le monde vivent avec la d\u00e9mence et qu&rsquo;un nouveau cas de d\u00e9mence est diagnostiqu\u00e9 toutes les trois secondes ? Dans le programme d&rsquo;aujourd&rsquo;hui, nous allons en apprendre davantage sur la d\u00e9mence : la diff\u00e9rence entre la d\u00e9mence et la maladie&hellip;\" \/>\n<meta property=\"og:url\" content=\"https:\/\/scripts.farmradio.fm\/fr\/texte-radiophonique\/demence-quest-ce-que-cest-et-comment-soutenir-un-membre-de-la-famille-atteint-de-demence\/\" \/>\n<meta property=\"og:site_name\" content=\"Farm Radio Scripts\" \/>\n<meta property=\"article:publisher\" content=\"https:\/\/www.facebook.com\/farmradio\/\" \/>\n<meta property=\"article:modified_time\" content=\"2024-04-10T19:00:16+00:00\" \/>\n<meta name=\"twitter:card\" content=\"summary_large_image\" \/>\n<meta name=\"twitter:site\" content=\"@farmradio\" \/>\n<meta name=\"twitter:label1\" content=\"Estimation du temps de lecture\" \/>\n\t<meta name=\"twitter:data1\" content=\"14 minutes\" \/>\n<script type=\"application\/ld+json\" class=\"yoast-schema-graph\">{\"@context\":\"https:\\\/\\\/schema.org\",\"@graph\":[{\"@type\":\"Article\",\"@id\":\"https:\\\/\\\/scripts.farmradio.fm\\\/fr\\\/texte-radiophonique\\\/demence-quest-ce-que-cest-et-comment-soutenir-un-membre-de-la-famille-atteint-de-demence\\\/#article\",\"isPartOf\":{\"@id\":\"https:\\\/\\\/scripts.farmradio.fm\\\/fr\\\/texte-radiophonique\\\/demence-quest-ce-que-cest-et-comment-soutenir-un-membre-de-la-famille-atteint-de-demence\\\/\"},\"author\":{\"name\":\"Farm Radio International\",\"@id\":\"http:\\\/\\\/scripts.farmradio.fm\\\/fr\\\/#\\\/schema\\\/person\\\/69403b70932fd4f67bafd0d0da259786\"},\"headline\":\"D\u00e9mence : Qu&rsquo;est-ce que c&rsquo;est et comment soutenir un membre de la famille atteint de d\u00e9mence ?\",\"datePublished\":\"2019-12-15T05:30:26+00:00\",\"dateModified\":\"2024-04-10T19:00:16+00:00\",\"mainEntityOfPage\":{\"@id\":\"https:\\\/\\\/scripts.farmradio.fm\\\/fr\\\/texte-radiophonique\\\/demence-quest-ce-que-cest-et-comment-soutenir-un-membre-de-la-famille-atteint-de-demence\\\/\"},\"wordCount\":2969,\"publisher\":{\"@id\":\"http:\\\/\\\/scripts.farmradio.fm\\\/fr\\\/#organization\"},\"inLanguage\":\"fr-CA\"},{\"@type\":\"WebPage\",\"@id\":\"https:\\\/\\\/scripts.farmradio.fm\\\/fr\\\/texte-radiophonique\\\/demence-quest-ce-que-cest-et-comment-soutenir-un-membre-de-la-famille-atteint-de-demence\\\/\",\"url\":\"https:\\\/\\\/scripts.farmradio.fm\\\/fr\\\/texte-radiophonique\\\/demence-quest-ce-que-cest-et-comment-soutenir-un-membre-de-la-famille-atteint-de-demence\\\/\",\"name\":\"D\u00e9mence : Qu'est-ce que c'est et comment soutenir un membre de la famille atteint de d\u00e9mence ? - Farm Radio Scripts\",\"isPartOf\":{\"@id\":\"http:\\\/\\\/scripts.farmradio.fm\\\/fr\\\/#website\"},\"datePublished\":\"2019-12-15T05:30:26+00:00\",\"dateModified\":\"2024-04-10T19:00:16+00:00\",\"breadcrumb\":{\"@id\":\"https:\\\/\\\/scripts.farmradio.fm\\\/fr\\\/texte-radiophonique\\\/demence-quest-ce-que-cest-et-comment-soutenir-un-membre-de-la-famille-atteint-de-demence\\\/#breadcrumb\"},\"inLanguage\":\"fr-CA\",\"potentialAction\":[{\"@type\":\"ReadAction\",\"target\":[\"https:\\\/\\\/scripts.farmradio.fm\\\/fr\\\/texte-radiophonique\\\/demence-quest-ce-que-cest-et-comment-soutenir-un-membre-de-la-famille-atteint-de-demence\\\/\"]}]},{\"@type\":\"BreadcrumbList\",\"@id\":\"https:\\\/\\\/scripts.farmradio.fm\\\/fr\\\/texte-radiophonique\\\/demence-quest-ce-que-cest-et-comment-soutenir-un-membre-de-la-famille-atteint-de-demence\\\/#breadcrumb\",\"itemListElement\":[{\"@type\":\"ListItem\",\"position\":1,\"name\":\"Accueil\",\"item\":\"https:\\\/\\\/scripts.farmradio.fm\\\/fr\\\/\"},{\"@type\":\"ListItem\",\"position\":2,\"name\":\"Interview\",\"item\":\"https:\\\/\\\/scripts.farmradio.fm\\\/fr\\\/format\\\/interview-fr\\\/\"},{\"@type\":\"ListItem\",\"position\":3,\"name\":\"D\u00e9mence : Qu&#8217;est-ce que c&#8217;est et comment soutenir un membre de la famille atteint de d\u00e9mence ?\"}]},{\"@type\":\"WebSite\",\"@id\":\"http:\\\/\\\/scripts.farmradio.fm\\\/fr\\\/#website\",\"url\":\"http:\\\/\\\/scripts.farmradio.fm\\\/fr\\\/\",\"name\":\"Farm Radio Scripts\",\"description\":\"\",\"publisher\":{\"@id\":\"http:\\\/\\\/scripts.farmradio.fm\\\/fr\\\/#organization\"},\"potentialAction\":[{\"@type\":\"SearchAction\",\"target\":{\"@type\":\"EntryPoint\",\"urlTemplate\":\"http:\\\/\\\/scripts.farmradio.fm\\\/fr\\\/?s={search_term_string}\"},\"query-input\":{\"@type\":\"PropertyValueSpecification\",\"valueRequired\":true,\"valueName\":\"search_term_string\"}}],\"inLanguage\":\"fr-CA\"},{\"@type\":\"Organization\",\"@id\":\"http:\\\/\\\/scripts.farmradio.fm\\\/fr\\\/#organization\",\"name\":\"Farm Radio International\",\"url\":\"http:\\\/\\\/scripts.farmradio.fm\\\/fr\\\/\",\"logo\":{\"@type\":\"ImageObject\",\"inLanguage\":\"fr-CA\",\"@id\":\"http:\\\/\\\/scripts.farmradio.fm\\\/fr\\\/#\\\/schema\\\/logo\\\/image\\\/\",\"url\":\"https:\\\/\\\/scripts.farmradio.fm\\\/wp-content\\\/uploads\\\/farmRadioLogo.jpg\",\"contentUrl\":\"https:\\\/\\\/scripts.farmradio.fm\\\/wp-content\\\/uploads\\\/farmRadioLogo.jpg\",\"width\":200,\"height\":75,\"caption\":\"Farm Radio International\"},\"image\":{\"@id\":\"http:\\\/\\\/scripts.farmradio.fm\\\/fr\\\/#\\\/schema\\\/logo\\\/image\\\/\"},\"sameAs\":[\"https:\\\/\\\/www.facebook.com\\\/farmradio\\\/\",\"https:\\\/\\\/x.com\\\/farmradio\",\"https:\\\/\\\/www.instagram.com\\\/farmradio\\\/\",\"https:\\\/\\\/www.youtube.com\\\/user\\\/FarmRadioInt\"]},{\"@type\":\"Person\",\"@id\":\"http:\\\/\\\/scripts.farmradio.fm\\\/fr\\\/#\\\/schema\\\/person\\\/69403b70932fd4f67bafd0d0da259786\",\"name\":\"Farm Radio International\",\"image\":{\"@type\":\"ImageObject\",\"inLanguage\":\"fr-CA\",\"@id\":\"https:\\\/\\\/secure.gravatar.com\\\/avatar\\\/493231adf65be6b99ae1dc0dfb13ccca3d412c29f85aa9727be6190faa6293cd?s=96&d=mm&r=g\",\"url\":\"https:\\\/\\\/secure.gravatar.com\\\/avatar\\\/493231adf65be6b99ae1dc0dfb13ccca3d412c29f85aa9727be6190faa6293cd?s=96&d=mm&r=g\",\"contentUrl\":\"https:\\\/\\\/secure.gravatar.com\\\/avatar\\\/493231adf65be6b99ae1dc0dfb13ccca3d412c29f85aa9727be6190faa6293cd?s=96&d=mm&r=g\",\"caption\":\"Farm Radio International\"},\"sameAs\":[\"http:\\\/\\\/frrp.wpengine.com\"]}]}<\/script>\n<!-- \/ Yoast SEO plugin. -->","yoast_head_json":{"title":"D\u00e9mence : Qu'est-ce que c'est et comment soutenir un membre de la famille atteint de d\u00e9mence ? - Farm Radio Scripts","robots":{"index":"index","follow":"follow","max-snippet":"max-snippet:-1","max-image-preview":"max-image-preview:large","max-video-preview":"max-video-preview:-1"},"canonical":"https:\/\/scripts.farmradio.fm\/fr\/texte-radiophonique\/demence-quest-ce-que-cest-et-comment-soutenir-un-membre-de-la-famille-atteint-de-demence\/","og_locale":"fr_CA","og_type":"article","og_title":"D\u00e9mence : Qu'est-ce que c'est et comment soutenir un membre de la famille atteint de d\u00e9mence ? - Farm Radio Scripts","og_description":"MONTEE ET BAISSE DE L&rsquo;INDICATIF MUSICAL ANIMATEUR : Saviez-vous qu&rsquo;environ 47 millions de personnes dans le monde vivent avec la d\u00e9mence et qu&rsquo;un nouveau cas de d\u00e9mence est diagnostiqu\u00e9 toutes les trois secondes ? Dans le programme d&rsquo;aujourd&rsquo;hui, nous allons en apprendre davantage sur la d\u00e9mence : la diff\u00e9rence entre la d\u00e9mence et la maladie&hellip;","og_url":"https:\/\/scripts.farmradio.fm\/fr\/texte-radiophonique\/demence-quest-ce-que-cest-et-comment-soutenir-un-membre-de-la-famille-atteint-de-demence\/","og_site_name":"Farm Radio Scripts","article_publisher":"https:\/\/www.facebook.com\/farmradio\/","article_modified_time":"2024-04-10T19:00:16+00:00","twitter_card":"summary_large_image","twitter_site":"@farmradio","twitter_misc":{"Estimation du temps de lecture":"14 minutes"},"schema":{"@context":"https:\/\/schema.org","@graph":[{"@type":"Article","@id":"https:\/\/scripts.farmradio.fm\/fr\/texte-radiophonique\/demence-quest-ce-que-cest-et-comment-soutenir-un-membre-de-la-famille-atteint-de-demence\/#article","isPartOf":{"@id":"https:\/\/scripts.farmradio.fm\/fr\/texte-radiophonique\/demence-quest-ce-que-cest-et-comment-soutenir-un-membre-de-la-famille-atteint-de-demence\/"},"author":{"name":"Farm Radio International","@id":"http:\/\/scripts.farmradio.fm\/fr\/#\/schema\/person\/69403b70932fd4f67bafd0d0da259786"},"headline":"D\u00e9mence : Qu&rsquo;est-ce que c&rsquo;est et comment soutenir un membre de la famille atteint de d\u00e9mence ?","datePublished":"2019-12-15T05:30:26+00:00","dateModified":"2024-04-10T19:00:16+00:00","mainEntityOfPage":{"@id":"https:\/\/scripts.farmradio.fm\/fr\/texte-radiophonique\/demence-quest-ce-que-cest-et-comment-soutenir-un-membre-de-la-famille-atteint-de-demence\/"},"wordCount":2969,"publisher":{"@id":"http:\/\/scripts.farmradio.fm\/fr\/#organization"},"inLanguage":"fr-CA"},{"@type":"WebPage","@id":"https:\/\/scripts.farmradio.fm\/fr\/texte-radiophonique\/demence-quest-ce-que-cest-et-comment-soutenir-un-membre-de-la-famille-atteint-de-demence\/","url":"https:\/\/scripts.farmradio.fm\/fr\/texte-radiophonique\/demence-quest-ce-que-cest-et-comment-soutenir-un-membre-de-la-famille-atteint-de-demence\/","name":"D\u00e9mence : Qu'est-ce que c'est et comment soutenir un membre de la famille atteint de d\u00e9mence ? - Farm Radio Scripts","isPartOf":{"@id":"http:\/\/scripts.farmradio.fm\/fr\/#website"},"datePublished":"2019-12-15T05:30:26+00:00","dateModified":"2024-04-10T19:00:16+00:00","breadcrumb":{"@id":"https:\/\/scripts.farmradio.fm\/fr\/texte-radiophonique\/demence-quest-ce-que-cest-et-comment-soutenir-un-membre-de-la-famille-atteint-de-demence\/#breadcrumb"},"inLanguage":"fr-CA","potentialAction":[{"@type":"ReadAction","target":["https:\/\/scripts.farmradio.fm\/fr\/texte-radiophonique\/demence-quest-ce-que-cest-et-comment-soutenir-un-membre-de-la-famille-atteint-de-demence\/"]}]},{"@type":"BreadcrumbList","@id":"https:\/\/scripts.farmradio.fm\/fr\/texte-radiophonique\/demence-quest-ce-que-cest-et-comment-soutenir-un-membre-de-la-famille-atteint-de-demence\/#breadcrumb","itemListElement":[{"@type":"ListItem","position":1,"name":"Accueil","item":"https:\/\/scripts.farmradio.fm\/fr\/"},{"@type":"ListItem","position":2,"name":"Interview","item":"https:\/\/scripts.farmradio.fm\/fr\/format\/interview-fr\/"},{"@type":"ListItem","position":3,"name":"D\u00e9mence : Qu&#8217;est-ce que c&#8217;est et comment soutenir un membre de la famille atteint de d\u00e9mence ?"}]},{"@type":"WebSite","@id":"http:\/\/scripts.farmradio.fm\/fr\/#website","url":"http:\/\/scripts.farmradio.fm\/fr\/","name":"Farm Radio Scripts","description":"","publisher":{"@id":"http:\/\/scripts.farmradio.fm\/fr\/#organization"},"potentialAction":[{"@type":"SearchAction","target":{"@type":"EntryPoint","urlTemplate":"http:\/\/scripts.farmradio.fm\/fr\/?s={search_term_string}"},"query-input":{"@type":"PropertyValueSpecification","valueRequired":true,"valueName":"search_term_string"}}],"inLanguage":"fr-CA"},{"@type":"Organization","@id":"http:\/\/scripts.farmradio.fm\/fr\/#organization","name":"Farm Radio International","url":"http:\/\/scripts.farmradio.fm\/fr\/","logo":{"@type":"ImageObject","inLanguage":"fr-CA","@id":"http:\/\/scripts.farmradio.fm\/fr\/#\/schema\/logo\/image\/","url":"https:\/\/scripts.farmradio.fm\/wp-content\/uploads\/farmRadioLogo.jpg","contentUrl":"https:\/\/scripts.farmradio.fm\/wp-content\/uploads\/farmRadioLogo.jpg","width":200,"height":75,"caption":"Farm Radio International"},"image":{"@id":"http:\/\/scripts.farmradio.fm\/fr\/#\/schema\/logo\/image\/"},"sameAs":["https:\/\/www.facebook.com\/farmradio\/","https:\/\/x.com\/farmradio","https:\/\/www.instagram.com\/farmradio\/","https:\/\/www.youtube.com\/user\/FarmRadioInt"]},{"@type":"Person","@id":"http:\/\/scripts.farmradio.fm\/fr\/#\/schema\/person\/69403b70932fd4f67bafd0d0da259786","name":"Farm Radio International","image":{"@type":"ImageObject","inLanguage":"fr-CA","@id":"https:\/\/secure.gravatar.com\/avatar\/493231adf65be6b99ae1dc0dfb13ccca3d412c29f85aa9727be6190faa6293cd?s=96&d=mm&r=g","url":"https:\/\/secure.gravatar.com\/avatar\/493231adf65be6b99ae1dc0dfb13ccca3d412c29f85aa9727be6190faa6293cd?s=96&d=mm&r=g","contentUrl":"https:\/\/secure.gravatar.com\/avatar\/493231adf65be6b99ae1dc0dfb13ccca3d412c29f85aa9727be6190faa6293cd?s=96&d=mm&r=g","caption":"Farm Radio International"},"sameAs":["http:\/\/frrp.wpengine.com"]}]}},"_links":{"self":[{"href":"https:\/\/scripts.farmradio.fm\/fr\/wp-json\/wp\/v2\/radio-script\/13136","targetHints":{"allow":["GET"]}}],"collection":[{"href":"https:\/\/scripts.farmradio.fm\/fr\/wp-json\/wp\/v2\/radio-script"}],"about":[{"href":"https:\/\/scripts.farmradio.fm\/fr\/wp-json\/wp\/v2\/types\/radio-script"}],"author":[{"embeddable":true,"href":"https:\/\/scripts.farmradio.fm\/fr\/wp-json\/wp\/v2\/users\/142"}],"version-history":[{"count":0,"href":"https:\/\/scripts.farmradio.fm\/fr\/wp-json\/wp\/v2\/radio-script\/13136\/revisions"}],"wp:attachment":[{"href":"https:\/\/scripts.farmradio.fm\/fr\/wp-json\/wp\/v2\/media?parent=13136"}],"wp:term":[{"taxonomy":"script-format","embeddable":true,"href":"https:\/\/scripts.farmradio.fm\/fr\/wp-json\/wp\/v2\/script-format?post=13136"},{"taxonomy":"package","embeddable":true,"href":"https:\/\/scripts.farmradio.fm\/fr\/wp-json\/wp\/v2\/package?post=13136"},{"taxonomy":"script-category","embeddable":true,"href":"https:\/\/scripts.farmradio.fm\/fr\/wp-json\/wp\/v2\/script-category?post=13136"}],"curies":[{"name":"wp","href":"https:\/\/api.w.org\/{rel}","templated":true}]}}