{"id":11761,"date":"2018-06-18T23:19:28","date_gmt":"2018-06-18T20:19:28","guid":{"rendered":"https:\/\/scripts.farmradio.fm\/fr\/?post_type=radio-resource-packs&#038;p=11761"},"modified":"2019-02-21T23:18:45","modified_gmt":"2019-02-21T20:18:45","slug":"ressources-au-sujet-des-questions-environnementales","status":"publish","type":"radio-script","link":"https:\/\/scripts.farmradio.fm\/fr\/texte-radiophonique\/ressources-au-sujet-des-questions-environnementales\/","title":{"rendered":"Ressources au sujet des questions environnementales"},"content":{"rendered":"<p>Voici notre nouvel ensemble th\u00e9matique mensuel des ressources de RRI, qui porte ce mois-ci sur les questions environnementales. Le pr\u00e9sent ensemble th\u00e9matique couvre toutes sortes de questions environnementales, dont la d\u00e9forestation, la d\u00e9sertification, la conservation de l\u2019eau, les \u00e9nergies renouvelables, la protection de la faune, \u00e0 l\u2019exception du changement climatique.  <\/p>\n<p>L\u2019ensemble th\u00e9matique de ce mois de juin comprend quinze textes radiophoniques d\u2019Ensembles de ressources, ainsi que quinze nouvelles agricoles de Barza infos.<\/p>\n<p><i>Textes radiophoniques<\/i><\/p>\n<ul>\n<li><a href=\"https:\/\/scripts.farmradio.fm\/fr\/texte-radiophonique\/restauration-des-terres-i-restauration-des-paysages-forestiers\/\">Restauration des terres I \u2013 Restauration des paysages forestiers<\/a><\/li>\n<li><a href=\"https:\/\/scripts.farmradio.fm\/fr\/texte-radiophonique\/restauration-des-terres-ii-mettre-fin-a-lecoulement-des-terres\/\">Restauration des terres II \u2013 Mettre fin \u00e0 l\u2019\u00e9coulement des terres<\/a><\/li>\n<li><a href=\"https:\/\/scripts.farmradio.fm\/fr\/texte-radiophonique\/au-niger-des-agriculteurs-laissent-pousser-des-arbres-dans-leurs-champs-et-recoltent-ainsi-de-gros-benefices\/\">Au Niger, des agriculteurs laissent pousser des arbres dans leurs champs, et r\u00e9coltent ainsi de gros b\u00e9n\u00e9fices<\/a><\/li>\n<li><a href=\"https:\/\/scripts.farmradio.fm\/fr\/texte-radiophonique\/concilier-les-interets-de-la-faune-et-ceux-des-collectivites-rurales-les-lecons-du-sanctuaire-de-singes-de-buabeng-fiema-au-ghana\/\">Concilier les int\u00e9r\u00eats de la faune et ceux des collectivit\u00e9s rurales : Les le\u00e7ons du Sanctuaire de singes de Buabeng\u2013Fiema au Ghana<\/a><\/li>\n<li><a href=\"https:\/\/scripts.farmradio.fm\/fr\/texte-radiophonique\/des-communautes-forestieres-generent-des-revenus-tout-en-preservant-leur-environnement\/\">Des communaut\u00e9s foresti\u00e8res g\u00e9n\u00e8rent des revenus tout en pr\u00e9servant leur environnement <\/a><\/li>\n<li><a href=\"https:\/\/scripts.farmradio.fm\/fr\/texte-radiophonique\/lelevage-des-papillons-un-revenu-pour-les-collectivites-rurales-et-une-protection-pour-la-foret\/\">L\u2019\u00e9levage des papillons : Un revenu pour les collectivit\u00e9s rurales et une protection pour la for\u00eat<\/a><\/li>\n<li><a href=\"https:\/\/scripts.farmradio.fm\/fr\/texte-radiophonique\/remunerer-les-agriculteurs-pour-des-services-environnementaux\/\">R\u00e9mun\u00e9rer les agriculteurs pour des services environnementaux<\/a><\/li>\n<li><a href=\"https:\/\/scripts.farmradio.fm\/fr\/texte-radiophonique\/micro-projet-solaire-de-solaraid-en-tanzanie-rurale-un-formidable-potentiel-energetique-solaire\/\">Micro-projet solaire de SolarAid en Tanzanie rurale : Un formidable potentiel \u00e9nerg\u00e9tique solaire<\/a><\/li>\n<li><a href=\"https:\/\/scripts.farmradio.fm\/fr\/texte-radiophonique\/une-nouvelle-variete-de-riz-pour-lafrique-afin-de-sauver-les-terres-humides-en-ouganda\/\">Une nouvelle vari\u00e9t\u00e9 de riz pour l\u2019Afrique afin de sauver les terres humides en Ouganda<\/a><\/li>\n<li><a href=\"https:\/\/scripts.farmradio.fm\/fr\/texte-radiophonique\/leau-de-pluie-de-vastes-surfaces-rocheuses-peut-servir-a-irriguer-les-cultures-une-nouvelle-technologie-du-district-de-kibaale-en-ouganda\/\">L\u2019eau de pluie de vastes surfaces rocheuses peut servir \u00e0 irriguer les cultures : une nouvelle technologie du district de Kibaale en Ouganda<\/a><\/li>\n<li><a href=\"https:\/\/scripts.farmradio.fm\/fr\/texte-radiophonique\/des-experts-locaux-donnent-des-conseils-pratiques-pour-prendre-soin-de-lenvironnement\/\">Des experts locaux donnent des conseils pratiques pour prendre soin de l\u2019environnement<\/a><\/li>\n<li><a href=\"https:\/\/scripts.farmradio.fm\/fr\/texte-radiophonique\/la-deforestation-et-la-sante-les-perspectives-de-femmes\/\">La d\u00e9forestation et la sant\u00e9: les perspectives de femmes<\/a><\/li>\n<li><a href=\"https:\/\/scripts.farmradio.fm\/fr\/texte-radiophonique\/le-betail-et-lenvironnement-naturel\/\">Le b\u00e9tail et l\u2019environnement naturel<\/a><\/li>\n<li><a href=\"https:\/\/scripts.farmradio.fm\/fr\/texte-radiophonique\/planter-du-cafe-a-lombre-des-arbres-une-conversation\/\">Planter du caf\u00e9 \u00e0 l\u2019ombre des arbres: une conversation<\/a><\/li>\n<li><a href=\"https:\/\/scripts.farmradio.fm\/fr\/texte-radiophonique\/reduire-reutiliser-recycler-capsules-radio\/\">R\u00e9duire, r\u00e9utiliser, recycler: capsules radio<\/a><\/li>\n<\/ul>\n<p><i>Nouvelles agricoles de Barza infos<\/i><\/p>\n<ul>\n<li><a href=\"http:\/\/wire.farmradio.fm\/fr\/farmer-stories\/2018\/01\/nigeria-besoin-dune-aide-gouvernementale-pour-appuyer-les-agriculteurs-dans-leur-lutte-contre-la-desertification-selon-les-experts-irin-16902\">Nigeria : Besoin d\u2019une aide gouvernementale pour appuyer les agriculteurs dans leur lutte contre la d\u00e9sertification, selon les experts (IRIN)<\/a><\/li>\n<li><a href=\"http:\/\/wire.farmradio.fm\/fr\/farmer-stories\/2017\/11\/zimbabwe-lirrigation-solaire-permet-de-maintenir-un-niveau-eleve-de-recoltes-en-periode-de-secheresse-trust-16819\">Zimbabwe : L\u2019irrigation solaire permet de maintenir un niveau \u00e9lev\u00e9 de r\u00e9coltes en p\u00e9riode de s\u00e9cheresse (Trust)<\/a><\/li>\n<li><a href=\"http:\/\/wire.farmradio.fm\/fr\/farmer-stories\/2017\/10\/cote-divoire-de-grands-chocolatiers-contribuent-a-la-deforestation-en-achetant-du-cacao-provenant-daires-protegees-jeune-afrique-rfi-et-the-guardian-16691\">C\u00f4te d\u2019Ivoire : De grands chocolatiers contribuent \u00e0 la d\u00e9forestation en achetant du cacao provenant d\u2019aires prot\u00e9g\u00e9es (Jeune Afrique, RFI et The Guardian)<\/a><\/li>\n<li><a href=\"http:\/\/wire.farmradio.fm\/fr\/farmer-stories\/2017\/06\/ouganda-des-groupes-de-femmes-encouragent-la-recuperation-des-eaux-de-pluie-pour-lagriculture-et-lassainissement-the-monitor-16243\">Ouganda : Des groupes de femmes encouragent la r\u00e9cup\u00e9ration des eaux de pluie pour l\u2019agriculture et l\u2019assainissement (The Monitor)<\/a><\/li>\n<li><a href=\"http:\/\/wire.farmradio.fm\/fr\/farmer-stories\/2017\/05\/tanzanie-des-eleves-encourages-a-planter-des-arbres-pour-prevenir-la-desertification-method-charles-16166\">Tanzanie : Des \u00e9l\u00e8ves encourag\u00e9s \u00e0 planter des arbres pour pr\u00e9venir la d\u00e9sertification<\/a><\/li>\n<li><a href=\"http:\/\/wire.farmradio.fm\/fr\/farmer-stories\/2017\/05\/cameroun-du-charbon-ecologique-pour-reduire-la-deforestation-infocongo-16163\">Cameroun : Du charbon \u00e9cologique pour r\u00e9duire la d\u00e9forestation (InfoCongo)<\/a><\/li>\n<li><a href=\"http:\/\/wire.farmradio.fm\/fr\/farmer-stories\/2016\/11\/congo-brazzaville-la-deforestation-saccelere-alors-que-les-communautes-rurales-delaisse-les-activites-agricoles-15396\">Congo Brazzaville : la d\u00e9forestation s\u2019acc\u00e9l\u00e8re alors que les communaut\u00e9s rurales d\u00e9laissent les activit\u00e9s agricoles<\/a><\/li>\n<li><a href=\"http:\/\/wire.farmradio.fm\/fr\/farmer-stories\/2016\/11\/kenya-des-fourneaux-de-cuisine-ecoenergetiques-sauvent-les-arbres-et-les-poules-trust-15368\">Kenya : Des fourneaux de cuisine \u00e9co\u00e9nerg\u00e9tiques sauvent les arbres et les poules (Trust)<\/a><\/li>\n<li><a href=\"http:\/\/wire.farmradio.fm\/fr\/farmer-stories\/2016\/10\/tanzanie-les-producteurs-de-cafe-adoptent-des-pratiques-ecologiques-utiles-a-lenvironnement-daily-news-15227\">Tanzanie : Les producteurs de caf\u00e9 adoptent des pratiques \u00e9cologiques utiles \u00e0 l\u2019environnement (Daily News)<\/a><\/li>\n<li><a href=\"http:\/\/wire.farmradio.fm\/fr\/farmer-stories\/2016\/06\/rdc-les-acacias-transforment-des-vies-pnud-14422\">RDC : Les acacias transforment des vies (PNUD)<\/a><\/li>\n<li><a href=\"http:\/\/wire.farmradio.fm\/fr\/farmer-stories\/2016\/04\/afrique-de-lest-des-agriculteurs-dafrique-de-lest-satisfaits-davoir-laisse-lherbe-pousser-sous-leurs-pieds-guardian-13983\">Afrique de l\u2019Est : Des agriculteurs d\u2019Afrique de l\u2019Est satisfaits d\u2019avoir laiss\u00e9 l\u2019herbe pousser sous leurs pieds (Guardian)<\/a><\/li>\n<li><a href=\"http:\/\/wire.farmradio.fm\/fr\/farmer-stories\/2015\/06\/kenya-les-femmes-masai-menent-la-revolution-solaire-trust-12183\">Kenya : Les femmes masai m\u00e8nent la r\u00e9volution solaire (Trust)<\/a><\/li>\n<li><a href=\"http:\/\/wire.farmradio.fm\/fr\/farmer-stories\/2014\/06\/cote-divoire-la-sauvegarde-de-la-derniere-foret-tropicale-intacte-de-lafrique-de-louest-par-le-biais-de-lecotourisme-ips-7437\">C\u00f4te d\u2019Ivoire : La sauvegarde de la derni\u00e8re for\u00eat tropicale intacte de l\u2019Afrique de l\u2019Ouest par le biais de l\u2019\u00e9cotourisme (IPS)<\/a><\/li>\n<li><a href=\"http:\/\/wire.farmradio.fm\/fr\/farmer-stories\/2014\/06\/soudan-du-sud-les-animaux-delevage-sont-plus-nombreux-que-les-personnes-et-lenvironnement-en-souffre-ips-7377\">Soudan du Sud : Les animaux d\u2019\u00e9levage sont plus nombreux que les personnes et l\u2019environnement en souffre (IPS)<\/a><\/li>\n<li><a href=\"http:\/\/wire.farmradio.fm\/fr\/farmer-stories\/2013\/03\/cameroun-les-femmes-generent-des-revenus-grace-aux-denrees-forestieres-mais-sans-faire-de-deforestation-alertnet-5709\">Cameroun: Les femmes g\u00e9n\u00e8rent des revenus gr\u00e2ce aux denr\u00e9es foresti\u00e8res, mais sans faire de d\u00e9forestation (Alertnet)<\/a><\/li>\n<\/ul>\n<p>Les ressources suivantes sont disponibles en swahili :<\/p>\n<ul>\n<li><a href=\"https:\/\/scripts.farmradio.fm\/hau\/rubutun-rediyo\/manomar-niger-na-cin-moriyan-barin-bishiyoyi-su-tsira-akan-filayen-su\/\">Jumuiya zinazoishi karibu na misitu zinajipatia kipato huku zikitunza mazingira<\/a><\/li>\n<li><a href=\"http:\/\/wire.farmradio.fm\/en\/farmer-stories\/2017\/06\/tanzania-wanafunzi-wanapanda-miti-zaidi-kuepusha-jangwa-16282\">Tanzania: Wanafunzi wanapanda miti zaidi kuepusha jangwa<\/a><\/li>\n<\/ul>\n<p>Les ressources suivantes sont disponibles en haoussa : <\/p>\n<ul>\n<li><a href=\"https:\/\/scripts.farmradio.fm\/hau\/rubutun-rediyo\/manomar-niger-na-cin-moriyan-barin-bishiyoyi-su-tsira-akan-filayen-su\/\">Manomar Niger na cin moriyan barin bishiyoyi su tsira akan filayen su<\/a><\/li>\n<li><a href=\"https:\/\/scripts.farmradio.fm\/hau\/rubutun-rediyo\/unguwanin-gandun-daji-na-samun-kudin-shiga-yayin-da-suke-kare-mahalin-su\/\">Unguwanin gandun daji na samun kudin shiga a yayin da suke kare mahalin su<\/a><\/li>\n<\/ul>\n<p>Nous esp\u00e9rons que ce type d\u2019outil d\u2019information unique abordant des th\u00e8mes pr\u00e9cis vous est utile, et que vous pourrez vous servir des \u00e9l\u00e9ments propos\u00e9s dans l\u2019ensemble th\u00e9matique de ce mois pour r\u00e9aliser de bonnes \u00e9missions sur les questions environnementales. <\/p>\n<p>N\u2019h\u00e9sitez pas \u00e0 utiliser et profiter de ces ressources. Merci de nous faire savoir si elles vous sont utiles, et comment vous vous en servez exactement!<\/p>\n","protected":false},"excerpt":{"rendered":"<p>Voici notre nouvel ensemble th\u00e9matique mensuel des ressources de RRI, qui porte ce mois-ci sur les questions environnementales. Le pr\u00e9sent ensemble th\u00e9matique couvre toutes sortes de questions environnementales, dont la d\u00e9forestation, la d\u00e9sertification, la conservation de l\u2019eau, les \u00e9nergies renouvelables, la protection de la faune, \u00e0 l\u2019exception du changement climatique. L\u2019ensemble th\u00e9matique de ce mois&hellip;<\/p>\n","protected":false},"author":142,"featured_media":0,"parent":0,"menu_order":6,"template":"","meta":{"footnotes":"","beyondwords_generate_audio":"","beyondwords_integration_method":"","beyondwords_project_id":"","beyondwords_content_id":"","beyondwords_preview_token":"","beyondwords_player_content":"","beyondwords_player_style":"","beyondwords_language_code":"","beyondwords_language_id":"","beyondwords_title_voice_id":"","beyondwords_body_voice_id":"","beyondwords_summary_voice_id":"","beyondwords_error_message":"","beyondwords_disabled":"","beyondwords_delete_content":"","beyondwords_podcast_id":"","beyondwords_hash":"","publish_post_to_speechkit":"","speechkit_hash":"","speechkit_generate_audio":"","speechkit_project_id":"","speechkit_podcast_id":"","speechkit_error_message":"","speechkit_disabled":"","speechkit_access_key":"","speechkit_error":"","speechkit_info":"","speechkit_response":"","speechkit_retries":"","speechkit_status":"","speechkit_updated_at":"","_speechkit_link":"","_speechkit_text":""},"script-format":[544],"package":[],"script-category":[440],"class_list":["post-11761","radio-script","type-radio-script","status-publish","hentry","script-format-ensemble-thematique","script-category-environnement"],"acf":[],"yoast_head":"<!-- This site is optimized with the Yoast SEO plugin v27.5 - https:\/\/yoast.com\/product\/yoast-seo-wordpress\/ -->\n<title>Ressources au sujet des questions environnementales - Farm Radio Scripts<\/title>\n<meta name=\"robots\" content=\"index, follow, max-snippet:-1, max-image-preview:large, max-video-preview:-1\" \/>\n<link rel=\"canonical\" href=\"https:\/\/scripts.farmradio.fm\/fr\/texte-radiophonique\/ressources-au-sujet-des-questions-environnementales\/\" \/>\n<meta property=\"og:locale\" content=\"fr_CA\" \/>\n<meta property=\"og:type\" content=\"article\" \/>\n<meta property=\"og:title\" content=\"Ressources au sujet des questions environnementales - Farm Radio Scripts\" \/>\n<meta property=\"og:description\" content=\"Voici notre nouvel ensemble th\u00e9matique mensuel des ressources de RRI, qui porte ce mois-ci sur les questions environnementales. Le pr\u00e9sent ensemble th\u00e9matique couvre toutes sortes de questions environnementales, dont la d\u00e9forestation, la d\u00e9sertification, la conservation de l\u2019eau, les \u00e9nergies renouvelables, la protection de la faune, \u00e0 l\u2019exception du changement climatique. L\u2019ensemble th\u00e9matique de ce mois&hellip;\" \/>\n<meta property=\"og:url\" content=\"https:\/\/scripts.farmradio.fm\/fr\/texte-radiophonique\/ressources-au-sujet-des-questions-environnementales\/\" \/>\n<meta property=\"og:site_name\" content=\"Farm Radio Scripts\" \/>\n<meta property=\"article:publisher\" content=\"https:\/\/www.facebook.com\/farmradio\/\" \/>\n<meta property=\"article:modified_time\" content=\"2019-02-21T20:18:45+00:00\" \/>\n<meta name=\"twitter:card\" content=\"summary_large_image\" \/>\n<meta name=\"twitter:site\" content=\"@farmradio\" \/>\n<meta name=\"twitter:label1\" content=\"Estimation du temps de lecture\" \/>\n\t<meta name=\"twitter:data1\" content=\"4 minutes\" \/>\n<script type=\"application\/ld+json\" class=\"yoast-schema-graph\">{\"@context\":\"https:\\\/\\\/schema.org\",\"@graph\":[{\"@type\":\"Article\",\"@id\":\"https:\\\/\\\/scripts.farmradio.fm\\\/fr\\\/texte-radiophonique\\\/ressources-au-sujet-des-questions-environnementales\\\/#article\",\"isPartOf\":{\"@id\":\"https:\\\/\\\/scripts.farmradio.fm\\\/fr\\\/texte-radiophonique\\\/ressources-au-sujet-des-questions-environnementales\\\/\"},\"author\":{\"name\":\"Farm Radio International\",\"@id\":\"http:\\\/\\\/scripts.farmradio.fm\\\/fr\\\/#\\\/schema\\\/person\\\/69403b70932fd4f67bafd0d0da259786\"},\"headline\":\"Ressources au sujet des questions environnementales\",\"datePublished\":\"2018-06-18T20:19:28+00:00\",\"dateModified\":\"2019-02-21T20:18:45+00:00\",\"mainEntityOfPage\":{\"@id\":\"https:\\\/\\\/scripts.farmradio.fm\\\/fr\\\/texte-radiophonique\\\/ressources-au-sujet-des-questions-environnementales\\\/\"},\"wordCount\":706,\"publisher\":{\"@id\":\"http:\\\/\\\/scripts.farmradio.fm\\\/fr\\\/#organization\"},\"inLanguage\":\"fr-CA\"},{\"@type\":\"WebPage\",\"@id\":\"https:\\\/\\\/scripts.farmradio.fm\\\/fr\\\/texte-radiophonique\\\/ressources-au-sujet-des-questions-environnementales\\\/\",\"url\":\"https:\\\/\\\/scripts.farmradio.fm\\\/fr\\\/texte-radiophonique\\\/ressources-au-sujet-des-questions-environnementales\\\/\",\"name\":\"Ressources au sujet des questions environnementales - Farm Radio Scripts\",\"isPartOf\":{\"@id\":\"http:\\\/\\\/scripts.farmradio.fm\\\/fr\\\/#website\"},\"datePublished\":\"2018-06-18T20:19:28+00:00\",\"dateModified\":\"2019-02-21T20:18:45+00:00\",\"breadcrumb\":{\"@id\":\"https:\\\/\\\/scripts.farmradio.fm\\\/fr\\\/texte-radiophonique\\\/ressources-au-sujet-des-questions-environnementales\\\/#breadcrumb\"},\"inLanguage\":\"fr-CA\",\"potentialAction\":[{\"@type\":\"ReadAction\",\"target\":[\"https:\\\/\\\/scripts.farmradio.fm\\\/fr\\\/texte-radiophonique\\\/ressources-au-sujet-des-questions-environnementales\\\/\"]}]},{\"@type\":\"BreadcrumbList\",\"@id\":\"https:\\\/\\\/scripts.farmradio.fm\\\/fr\\\/texte-radiophonique\\\/ressources-au-sujet-des-questions-environnementales\\\/#breadcrumb\",\"itemListElement\":[{\"@type\":\"ListItem\",\"position\":1,\"name\":\"Accueil\",\"item\":\"https:\\\/\\\/scripts.farmradio.fm\\\/fr\\\/\"},{\"@type\":\"ListItem\",\"position\":2,\"name\":\"Ensemble th\u00e9matique\",\"item\":\"https:\\\/\\\/scripts.farmradio.fm\\\/fr\\\/format\\\/ensemble-thematique\\\/\"},{\"@type\":\"ListItem\",\"position\":3,\"name\":\"Ressources au sujet des questions environnementales\"}]},{\"@type\":\"WebSite\",\"@id\":\"http:\\\/\\\/scripts.farmradio.fm\\\/fr\\\/#website\",\"url\":\"http:\\\/\\\/scripts.farmradio.fm\\\/fr\\\/\",\"name\":\"Farm Radio Scripts\",\"description\":\"\",\"publisher\":{\"@id\":\"http:\\\/\\\/scripts.farmradio.fm\\\/fr\\\/#organization\"},\"potentialAction\":[{\"@type\":\"SearchAction\",\"target\":{\"@type\":\"EntryPoint\",\"urlTemplate\":\"http:\\\/\\\/scripts.farmradio.fm\\\/fr\\\/?s={search_term_string}\"},\"query-input\":{\"@type\":\"PropertyValueSpecification\",\"valueRequired\":true,\"valueName\":\"search_term_string\"}}],\"inLanguage\":\"fr-CA\"},{\"@type\":\"Organization\",\"@id\":\"http:\\\/\\\/scripts.farmradio.fm\\\/fr\\\/#organization\",\"name\":\"Farm Radio International\",\"url\":\"http:\\\/\\\/scripts.farmradio.fm\\\/fr\\\/\",\"logo\":{\"@type\":\"ImageObject\",\"inLanguage\":\"fr-CA\",\"@id\":\"http:\\\/\\\/scripts.farmradio.fm\\\/fr\\\/#\\\/schema\\\/logo\\\/image\\\/\",\"url\":\"https:\\\/\\\/scripts.farmradio.fm\\\/wp-content\\\/uploads\\\/farmRadioLogo.jpg\",\"contentUrl\":\"https:\\\/\\\/scripts.farmradio.fm\\\/wp-content\\\/uploads\\\/farmRadioLogo.jpg\",\"width\":200,\"height\":75,\"caption\":\"Farm Radio International\"},\"image\":{\"@id\":\"http:\\\/\\\/scripts.farmradio.fm\\\/fr\\\/#\\\/schema\\\/logo\\\/image\\\/\"},\"sameAs\":[\"https:\\\/\\\/www.facebook.com\\\/farmradio\\\/\",\"https:\\\/\\\/x.com\\\/farmradio\",\"https:\\\/\\\/www.instagram.com\\\/farmradio\\\/\",\"https:\\\/\\\/www.youtube.com\\\/user\\\/FarmRadioInt\"]},{\"@type\":\"Person\",\"@id\":\"http:\\\/\\\/scripts.farmradio.fm\\\/fr\\\/#\\\/schema\\\/person\\\/69403b70932fd4f67bafd0d0da259786\",\"name\":\"Farm Radio International\",\"image\":{\"@type\":\"ImageObject\",\"inLanguage\":\"fr-CA\",\"@id\":\"https:\\\/\\\/secure.gravatar.com\\\/avatar\\\/493231adf65be6b99ae1dc0dfb13ccca3d412c29f85aa9727be6190faa6293cd?s=96&d=mm&r=g\",\"url\":\"https:\\\/\\\/secure.gravatar.com\\\/avatar\\\/493231adf65be6b99ae1dc0dfb13ccca3d412c29f85aa9727be6190faa6293cd?s=96&d=mm&r=g\",\"contentUrl\":\"https:\\\/\\\/secure.gravatar.com\\\/avatar\\\/493231adf65be6b99ae1dc0dfb13ccca3d412c29f85aa9727be6190faa6293cd?s=96&d=mm&r=g\",\"caption\":\"Farm Radio International\"},\"sameAs\":[\"http:\\\/\\\/frrp.wpengine.com\"]}]}<\/script>\n<!-- \/ Yoast SEO plugin. -->","yoast_head_json":{"title":"Ressources au sujet des questions environnementales - Farm Radio Scripts","robots":{"index":"index","follow":"follow","max-snippet":"max-snippet:-1","max-image-preview":"max-image-preview:large","max-video-preview":"max-video-preview:-1"},"canonical":"https:\/\/scripts.farmradio.fm\/fr\/texte-radiophonique\/ressources-au-sujet-des-questions-environnementales\/","og_locale":"fr_CA","og_type":"article","og_title":"Ressources au sujet des questions environnementales - Farm Radio Scripts","og_description":"Voici notre nouvel ensemble th\u00e9matique mensuel des ressources de RRI, qui porte ce mois-ci sur les questions environnementales. Le pr\u00e9sent ensemble th\u00e9matique couvre toutes sortes de questions environnementales, dont la d\u00e9forestation, la d\u00e9sertification, la conservation de l\u2019eau, les \u00e9nergies renouvelables, la protection de la faune, \u00e0 l\u2019exception du changement climatique. L\u2019ensemble th\u00e9matique de ce mois&hellip;","og_url":"https:\/\/scripts.farmradio.fm\/fr\/texte-radiophonique\/ressources-au-sujet-des-questions-environnementales\/","og_site_name":"Farm Radio Scripts","article_publisher":"https:\/\/www.facebook.com\/farmradio\/","article_modified_time":"2019-02-21T20:18:45+00:00","twitter_card":"summary_large_image","twitter_site":"@farmradio","twitter_misc":{"Estimation du temps de lecture":"4 minutes"},"schema":{"@context":"https:\/\/schema.org","@graph":[{"@type":"Article","@id":"https:\/\/scripts.farmradio.fm\/fr\/texte-radiophonique\/ressources-au-sujet-des-questions-environnementales\/#article","isPartOf":{"@id":"https:\/\/scripts.farmradio.fm\/fr\/texte-radiophonique\/ressources-au-sujet-des-questions-environnementales\/"},"author":{"name":"Farm Radio International","@id":"http:\/\/scripts.farmradio.fm\/fr\/#\/schema\/person\/69403b70932fd4f67bafd0d0da259786"},"headline":"Ressources au sujet des questions environnementales","datePublished":"2018-06-18T20:19:28+00:00","dateModified":"2019-02-21T20:18:45+00:00","mainEntityOfPage":{"@id":"https:\/\/scripts.farmradio.fm\/fr\/texte-radiophonique\/ressources-au-sujet-des-questions-environnementales\/"},"wordCount":706,"publisher":{"@id":"http:\/\/scripts.farmradio.fm\/fr\/#organization"},"inLanguage":"fr-CA"},{"@type":"WebPage","@id":"https:\/\/scripts.farmradio.fm\/fr\/texte-radiophonique\/ressources-au-sujet-des-questions-environnementales\/","url":"https:\/\/scripts.farmradio.fm\/fr\/texte-radiophonique\/ressources-au-sujet-des-questions-environnementales\/","name":"Ressources au sujet des questions environnementales - Farm Radio Scripts","isPartOf":{"@id":"http:\/\/scripts.farmradio.fm\/fr\/#website"},"datePublished":"2018-06-18T20:19:28+00:00","dateModified":"2019-02-21T20:18:45+00:00","breadcrumb":{"@id":"https:\/\/scripts.farmradio.fm\/fr\/texte-radiophonique\/ressources-au-sujet-des-questions-environnementales\/#breadcrumb"},"inLanguage":"fr-CA","potentialAction":[{"@type":"ReadAction","target":["https:\/\/scripts.farmradio.fm\/fr\/texte-radiophonique\/ressources-au-sujet-des-questions-environnementales\/"]}]},{"@type":"BreadcrumbList","@id":"https:\/\/scripts.farmradio.fm\/fr\/texte-radiophonique\/ressources-au-sujet-des-questions-environnementales\/#breadcrumb","itemListElement":[{"@type":"ListItem","position":1,"name":"Accueil","item":"https:\/\/scripts.farmradio.fm\/fr\/"},{"@type":"ListItem","position":2,"name":"Ensemble th\u00e9matique","item":"https:\/\/scripts.farmradio.fm\/fr\/format\/ensemble-thematique\/"},{"@type":"ListItem","position":3,"name":"Ressources au sujet des questions environnementales"}]},{"@type":"WebSite","@id":"http:\/\/scripts.farmradio.fm\/fr\/#website","url":"http:\/\/scripts.farmradio.fm\/fr\/","name":"Farm Radio Scripts","description":"","publisher":{"@id":"http:\/\/scripts.farmradio.fm\/fr\/#organization"},"potentialAction":[{"@type":"SearchAction","target":{"@type":"EntryPoint","urlTemplate":"http:\/\/scripts.farmradio.fm\/fr\/?s={search_term_string}"},"query-input":{"@type":"PropertyValueSpecification","valueRequired":true,"valueName":"search_term_string"}}],"inLanguage":"fr-CA"},{"@type":"Organization","@id":"http:\/\/scripts.farmradio.fm\/fr\/#organization","name":"Farm Radio International","url":"http:\/\/scripts.farmradio.fm\/fr\/","logo":{"@type":"ImageObject","inLanguage":"fr-CA","@id":"http:\/\/scripts.farmradio.fm\/fr\/#\/schema\/logo\/image\/","url":"https:\/\/scripts.farmradio.fm\/wp-content\/uploads\/farmRadioLogo.jpg","contentUrl":"https:\/\/scripts.farmradio.fm\/wp-content\/uploads\/farmRadioLogo.jpg","width":200,"height":75,"caption":"Farm Radio International"},"image":{"@id":"http:\/\/scripts.farmradio.fm\/fr\/#\/schema\/logo\/image\/"},"sameAs":["https:\/\/www.facebook.com\/farmradio\/","https:\/\/x.com\/farmradio","https:\/\/www.instagram.com\/farmradio\/","https:\/\/www.youtube.com\/user\/FarmRadioInt"]},{"@type":"Person","@id":"http:\/\/scripts.farmradio.fm\/fr\/#\/schema\/person\/69403b70932fd4f67bafd0d0da259786","name":"Farm Radio International","image":{"@type":"ImageObject","inLanguage":"fr-CA","@id":"https:\/\/secure.gravatar.com\/avatar\/493231adf65be6b99ae1dc0dfb13ccca3d412c29f85aa9727be6190faa6293cd?s=96&d=mm&r=g","url":"https:\/\/secure.gravatar.com\/avatar\/493231adf65be6b99ae1dc0dfb13ccca3d412c29f85aa9727be6190faa6293cd?s=96&d=mm&r=g","contentUrl":"https:\/\/secure.gravatar.com\/avatar\/493231adf65be6b99ae1dc0dfb13ccca3d412c29f85aa9727be6190faa6293cd?s=96&d=mm&r=g","caption":"Farm Radio International"},"sameAs":["http:\/\/frrp.wpengine.com"]}]}},"_links":{"self":[{"href":"https:\/\/scripts.farmradio.fm\/fr\/wp-json\/wp\/v2\/radio-script\/11761","targetHints":{"allow":["GET"]}}],"collection":[{"href":"https:\/\/scripts.farmradio.fm\/fr\/wp-json\/wp\/v2\/radio-script"}],"about":[{"href":"https:\/\/scripts.farmradio.fm\/fr\/wp-json\/wp\/v2\/types\/radio-script"}],"author":[{"embeddable":true,"href":"https:\/\/scripts.farmradio.fm\/fr\/wp-json\/wp\/v2\/users\/142"}],"version-history":[{"count":0,"href":"https:\/\/scripts.farmradio.fm\/fr\/wp-json\/wp\/v2\/radio-script\/11761\/revisions"}],"wp:attachment":[{"href":"https:\/\/scripts.farmradio.fm\/fr\/wp-json\/wp\/v2\/media?parent=11761"}],"wp:term":[{"taxonomy":"script-format","embeddable":true,"href":"https:\/\/scripts.farmradio.fm\/fr\/wp-json\/wp\/v2\/script-format?post=11761"},{"taxonomy":"package","embeddable":true,"href":"https:\/\/scripts.farmradio.fm\/fr\/wp-json\/wp\/v2\/package?post=11761"},{"taxonomy":"script-category","embeddable":true,"href":"https:\/\/scripts.farmradio.fm\/fr\/wp-json\/wp\/v2\/script-category?post=11761"}],"curies":[{"name":"wp","href":"https:\/\/api.w.org\/{rel}","templated":true}]}}